{"id":39702,"date":"2021-02-12T16:09:02","date_gmt":"2021-02-12T16:09:02","guid":{"rendered":"https:\/\/moreholiday.es\/wellness-spa\/"},"modified":"2022-10-23T20:08:43","modified_gmt":"2022-10-23T20:08:43","slug":"wellness-spa","status":"publish","type":"page","link":"https:\/\/moreholiday.es\/es\/wellness-spa\/","title":{"rendered":"Experiencia Wellness &#038; Spa"},"content":{"rendered":"\t\t<div data-elementor-type=\"wp-page\" data-elementor-id=\"39702\" class=\"elementor elementor-39702\" data-elementor-post-type=\"page\">\n\t\t\t\t\t\t<section class=\"elementor-section elementor-top-section elementor-element elementor-element-9202b2e elementor-section-boxed elementor-section-height-default elementor-section-height-default\" data-id=\"9202b2e\" data-element_type=\"section\" data-e-type=\"section\" data-settings=\"{&quot;background_background&quot;:&quot;classic&quot;}\">\n\t\t\t\t\t\t<div class=\"elementor-container elementor-column-gap-default\">\n\t\t\t\t\t<div class=\"elementor-column elementor-col-50 elementor-top-column elementor-element elementor-element-9befb87\" data-id=\"9befb87\" data-element_type=\"column\" data-e-type=\"column\">\n\t\t\t<div class=\"elementor-widget-wrap\">\n\t\t\t\t\t\t\t<\/div>\n\t\t<\/div>\n\t\t\t\t<div class=\"elementor-column elementor-col-50 elementor-top-column elementor-element elementor-element-75411c7\" data-id=\"75411c7\" data-element_type=\"column\" data-e-type=\"column\">\n\t\t\t<div class=\"elementor-widget-wrap elementor-element-populated\">\n\t\t\t\t\t\t<div class=\"elementor-element elementor-element-c851df8 elementor-widget elementor-widget-heading\" data-id=\"c851df8\" data-element_type=\"widget\" data-e-type=\"widget\" data-widget_type=\"heading.default\">\n\t\t\t\t<div class=\"elementor-widget-container\">\n\t\t\t\t\t<h1 class=\"elementor-heading-title elementor-size-default\">Experi\u00e8ncia Wellness &amp; SPA<\/h1>\t\t\t\t<\/div>\n\t\t\t\t<\/div>\n\t\t\t\t<div class=\"elementor-element elementor-element-bb0e94c elementor-widget elementor-widget-text-editor\" data-id=\"bb0e94c\" data-element_type=\"widget\" data-e-type=\"widget\" data-widget_type=\"text-editor.default\">\n\t\t\t\t<div class=\"elementor-widget-container\">\n\t\t\t\t\t\t\t\t\t<p>Si t&#8217;allotges a Cal Parent per poder gaudir d&#8217;una zona Spa amb tota mena de serveis:<\/p>\n<ul>\n<li>Jacuzzi i dutxa hidromassatge<\/li>\n<li>Sauna Finlandesa<\/li>\n<li>Sauna Humida<\/li>\n<li>Sala de relaxaci\u00f3<\/li>\n<li>Extens jard\u00ed de 3.000 m\u00b2 amb piscina semi-climatitzada, gandules i para-sols<\/li>\n<\/ul>\n<p>* Disponible a partir del 01\/04 al 30\/10.<\/p>\t\t\t\t\t\t\t\t<\/div>\n\t\t\t\t<\/div>\n\t\t\t\t<div class=\"elementor-element elementor-element-c0456bf elementor-widget elementor-widget-text-editor\" data-id=\"c0456bf\" data-element_type=\"widget\" data-e-type=\"widget\" data-widget_type=\"text-editor.default\">\n\t\t\t\t<div class=\"elementor-widget-container\">\n\t\t\t\t\t\t\t\t\t<p><b>PREU:<\/b> 180 \u20ac (M\u00e0xim 6 persones)<\/p>\t\t\t\t\t\t\t\t<\/div>\n\t\t\t\t<\/div>\n\t\t\t\t<div class=\"elementor-element elementor-element-5772da8 elementor-widget elementor-widget-button\" data-id=\"5772da8\" data-element_type=\"widget\" data-e-type=\"widget\" data-widget_type=\"button.default\">\n\t\t\t\t<div class=\"elementor-widget-container\">\n\t\t\t\t\t\t\t\t\t<div class=\"elementor-button-wrapper\">\n\t\t\t\t\t<a class=\"elementor-button elementor-button-link elementor-size-md\" href=\"https:\/\/www.avaibook.com\/reservas\/nueva_reserva.php?idw=57637&#038;cod_alojamiento=186823&#038;cod_unidad_alojativa=252181&#038;lang=ca&#038;f_ini=&#038;f_fin=\">\n\t\t\t\t\t\t<span class=\"elementor-button-content-wrapper\">\n\t\t\t\t\t\t\t\t\t<span class=\"elementor-button-text\">Reservar experi\u00e8ncia + casa<\/span>\n\t\t\t\t\t<\/span>\n\t\t\t\t\t<\/a>\n\t\t\t\t<\/div>\n\t\t\t\t\t\t\t\t<\/div>\n\t\t\t\t<\/div>\n\t\t\t\t\t<\/div>\n\t\t<\/div>\n\t\t\t\t\t<\/div>\n\t\t<\/section>\n\t\t\t\t<section class=\"elementor-section elementor-top-section elementor-element elementor-element-82aa7ab elementor-section-boxed elementor-section-height-default elementor-section-height-default\" data-id=\"82aa7ab\" data-element_type=\"section\" data-e-type=\"section\">\n\t\t\t\t\t\t<div class=\"elementor-container elementor-column-gap-default\">\n\t\t\t\t\t<div class=\"elementor-column elementor-col-100 elementor-top-column elementor-element elementor-element-38ee74c\" data-id=\"38ee74c\" data-element_type=\"column\" data-e-type=\"column\">\n\t\t\t<div class=\"elementor-widget-wrap elementor-element-populated\">\n\t\t\t\t\t\t<div class=\"elementor-element elementor-element-8ec1259 elementor-widget elementor-widget-spacer\" data-id=\"8ec1259\" data-element_type=\"widget\" data-e-type=\"widget\" data-widget_type=\"spacer.default\">\n\t\t\t\t<div class=\"elementor-widget-container\">\n\t\t\t\t\t\t\t<div class=\"elementor-spacer\">\n\t\t\t<div class=\"elementor-spacer-inner\"><\/div>\n\t\t<\/div>\n\t\t\t\t\t\t<\/div>\n\t\t\t\t<\/div>\n\t\t\t\t<div class=\"elementor-element elementor-element-cb0e984 elementor-widget elementor-widget-heading\" data-id=\"cb0e984\" data-element_type=\"widget\" data-e-type=\"widget\" data-widget_type=\"heading.default\">\n\t\t\t\t<div class=\"elementor-widget-container\">\n\t\t\t\t\t<h2 class=\"elementor-heading-title elementor-size-medium\">Cal Parent - Casa rural<\/h2>\t\t\t\t<\/div>\n\t\t\t\t<\/div>\n\t\t\t\t<div class=\"elementor-element elementor-element-be900f7 elementor-widget elementor-widget-text-editor\" data-id=\"be900f7\" data-element_type=\"widget\" data-e-type=\"widget\" data-widget_type=\"text-editor.default\">\n\t\t\t\t<div class=\"elementor-widget-container\">\n\t\t\t\t\t\t\t\t\tCal Parent \u00e9s una casa ideal per desconnectar de la rutina, l&#8217;estr\u00e8s diari, connectar amb la naturalesa i amb un mateix. Viu una experi\u00e8ncia de relax i confort completa a la magn\u00edfica casa rural de Cal Parent, un espai on reviure els sentits i gaudir de la plenitud del benestar.<br>\t\t\t\t\t\t\t\t<\/div>\n\t\t\t\t<\/div>\n\t\t\t\t<div class=\"elementor-element elementor-element-682d677 elementor-widget elementor-widget-Wprentals_Featured_Listing\" data-id=\"682d677\" data-element_type=\"widget\" data-e-type=\"widget\" data-widget_type=\"Wprentals_Featured_Listing.default\">\n\t\t\t\t<div class=\"elementor-widget-container\">\n\t\t\t\t\t<div class=\"featured_property type_1_class\"><\/div>\t\t\t\t<\/div>\n\t\t\t\t<\/div>\n\t\t\t\t\t<\/div>\n\t\t<\/div>\n\t\t\t\t\t<\/div>\n\t\t<\/section>\n\t\t\t\t<\/div>\n\t\t","protected":false},"excerpt":{"rendered":"<p>Experi\u00e8ncia Wellness &amp; SPA Si t&#8217;allotges a Cal Parent per poder gaudir d&#8217;una zona Spa amb tota mena de serveis: Jacuzzi i dutxa hidromassatge Sauna Finlandesa Sauna Humida Sala de relaxaci\u00f3 Extens jard\u00ed de 3.000 m\u00b2 amb piscina semi-climatitzada, gandules i para-sols * Disponible a partir del 01\/04 al 30\/10. PREU: 180 \u20ac (M\u00e0xim 6 &#8230;<\/p>\n","protected":false},"author":2,"featured_media":0,"parent":0,"menu_order":0,"comment_status":"closed","ping_status":"closed","template":"elementor_theme","meta":{"_acf_changed":false,"footnotes":""},"class_list":["post-39702","page","type-page","status-publish","hentry"],"acf":[],"yoast_head":"<!-- This site is optimized with the Yoast SEO plugin v27.3 - https:\/\/yoast.com\/product\/yoast-seo-wordpress\/ -->\n<title>Experi\u00e8ncia Wellness I Costa Brava &amp; Pirineus I More Holiday<\/title>\n<meta name=\"description\" content=\"Viu una experi\u00e8ncia relaxant a la Costa Brava i als Pirineus I Can Grau t&#039;ofereix un espai relax amb jacuzzi i molt m\u00e9s. Descobreix-lo!\" \/>\n<meta name=\"robots\" content=\"index, follow, max-snippet:-1, max-image-preview:large, max-video-preview:-1\" \/>\n<link rel=\"canonical\" href=\"https:\/\/moreholiday.es\/es\/wellness-spa\/\" \/>\n<meta property=\"og:locale\" content=\"es_ES\" \/>\n<meta property=\"og:type\" content=\"article\" \/>\n<meta property=\"og:title\" content=\"Experi\u00e8ncia Wellness I Costa Brava &amp; Pirineus I More Holiday\" \/>\n<meta property=\"og:description\" content=\"Viu una experi\u00e8ncia relaxant a la Costa Brava i als Pirineus I Can Grau t&#039;ofereix un espai relax amb jacuzzi i molt m\u00e9s. Descobreix-lo!\" \/>\n<meta property=\"og:url\" content=\"https:\/\/moreholiday.es\/es\/wellness-spa\/\" \/>\n<meta property=\"og:site_name\" content=\"More Holiday\" \/>\n<meta property=\"article:modified_time\" content=\"2022-10-23T20:08:43+00:00\" \/>\n<meta name=\"twitter:card\" content=\"summary_large_image\" \/>\n<meta name=\"twitter:label1\" content=\"Tiempo de lectura\" \/>\n\t<meta name=\"twitter:data1\" content=\"1 minuto\" \/>\n<script type=\"application\/ld+json\" class=\"yoast-schema-graph\">{\"@context\":\"https:\\\/\\\/schema.org\",\"@graph\":[{\"@type\":\"WebPage\",\"@id\":\"https:\\\/\\\/moreholiday.es\\\/es\\\/wellness-spa\\\/\",\"url\":\"https:\\\/\\\/moreholiday.es\\\/es\\\/wellness-spa\\\/\",\"name\":\"Experi\u00e8ncia Wellness I Costa Brava & Pirineus I More Holiday\",\"isPartOf\":{\"@id\":\"https:\\\/\\\/moreholiday.es\\\/#website\"},\"datePublished\":\"2021-02-12T16:09:02+00:00\",\"dateModified\":\"2022-10-23T20:08:43+00:00\",\"description\":\"Viu una experi\u00e8ncia relaxant a la Costa Brava i als Pirineus I Can Grau t'ofereix un espai relax amb jacuzzi i molt m\u00e9s. Descobreix-lo!\",\"breadcrumb\":{\"@id\":\"https:\\\/\\\/moreholiday.es\\\/es\\\/wellness-spa\\\/#breadcrumb\"},\"inLanguage\":\"es\",\"potentialAction\":[{\"@type\":\"ReadAction\",\"target\":[\"https:\\\/\\\/moreholiday.es\\\/es\\\/wellness-spa\\\/\"]}]},{\"@type\":\"BreadcrumbList\",\"@id\":\"https:\\\/\\\/moreholiday.es\\\/es\\\/wellness-spa\\\/#breadcrumb\",\"itemListElement\":[{\"@type\":\"ListItem\",\"position\":1,\"name\":\"Home\",\"item\":\"https:\\\/\\\/moreholiday.es\\\/es\\\/\"},{\"@type\":\"ListItem\",\"position\":2,\"name\":\"Experiencia Wellness &#038; Spa\"}]},{\"@type\":\"WebSite\",\"@id\":\"https:\\\/\\\/moreholiday.es\\\/#website\",\"url\":\"https:\\\/\\\/moreholiday.es\\\/\",\"name\":\"More Holiday\",\"description\":\"Allotjaments per a les eves vacances\",\"publisher\":{\"@id\":\"https:\\\/\\\/moreholiday.es\\\/#organization\"},\"potentialAction\":[{\"@type\":\"SearchAction\",\"target\":{\"@type\":\"EntryPoint\",\"urlTemplate\":\"https:\\\/\\\/moreholiday.es\\\/?s={search_term_string}\"},\"query-input\":{\"@type\":\"PropertyValueSpecification\",\"valueRequired\":true,\"valueName\":\"search_term_string\"}}],\"inLanguage\":\"es\"},{\"@type\":\"Organization\",\"@id\":\"https:\\\/\\\/moreholiday.es\\\/#organization\",\"name\":\"More Holiday\",\"url\":\"https:\\\/\\\/moreholiday.es\\\/\",\"logo\":{\"@type\":\"ImageObject\",\"inLanguage\":\"es\",\"@id\":\"https:\\\/\\\/moreholiday.es\\\/#\\\/schema\\\/logo\\\/image\\\/\",\"url\":\"https:\\\/\\\/moreholiday.es\\\/wp-content\\\/uploads\\\/2021\\\/03\\\/MH-logo-2-linies_Mesa-de-trabajo-1-1.png\",\"contentUrl\":\"https:\\\/\\\/moreholiday.es\\\/wp-content\\\/uploads\\\/2021\\\/03\\\/MH-logo-2-linies_Mesa-de-trabajo-1-1.png\",\"width\":1576,\"height\":626,\"caption\":\"More Holiday\"},\"image\":{\"@id\":\"https:\\\/\\\/moreholiday.es\\\/#\\\/schema\\\/logo\\\/image\\\/\"}}]}<\/script>\n<!-- \/ Yoast SEO plugin. -->","yoast_head_json":{"title":"Experi\u00e8ncia Wellness I Costa Brava & Pirineus I More Holiday","description":"Viu una experi\u00e8ncia relaxant a la Costa Brava i als Pirineus I Can Grau t'ofereix un espai relax amb jacuzzi i molt m\u00e9s. Descobreix-lo!","robots":{"index":"index","follow":"follow","max-snippet":"max-snippet:-1","max-image-preview":"max-image-preview:large","max-video-preview":"max-video-preview:-1"},"canonical":"https:\/\/moreholiday.es\/es\/wellness-spa\/","og_locale":"es_ES","og_type":"article","og_title":"Experi\u00e8ncia Wellness I Costa Brava & Pirineus I More Holiday","og_description":"Viu una experi\u00e8ncia relaxant a la Costa Brava i als Pirineus I Can Grau t'ofereix un espai relax amb jacuzzi i molt m\u00e9s. Descobreix-lo!","og_url":"https:\/\/moreholiday.es\/es\/wellness-spa\/","og_site_name":"More Holiday","article_modified_time":"2022-10-23T20:08:43+00:00","twitter_card":"summary_large_image","twitter_misc":{"Tiempo de lectura":"1 minuto"},"schema":{"@context":"https:\/\/schema.org","@graph":[{"@type":"WebPage","@id":"https:\/\/moreholiday.es\/es\/wellness-spa\/","url":"https:\/\/moreholiday.es\/es\/wellness-spa\/","name":"Experi\u00e8ncia Wellness I Costa Brava & Pirineus I More Holiday","isPartOf":{"@id":"https:\/\/moreholiday.es\/#website"},"datePublished":"2021-02-12T16:09:02+00:00","dateModified":"2022-10-23T20:08:43+00:00","description":"Viu una experi\u00e8ncia relaxant a la Costa Brava i als Pirineus I Can Grau t'ofereix un espai relax amb jacuzzi i molt m\u00e9s. Descobreix-lo!","breadcrumb":{"@id":"https:\/\/moreholiday.es\/es\/wellness-spa\/#breadcrumb"},"inLanguage":"es","potentialAction":[{"@type":"ReadAction","target":["https:\/\/moreholiday.es\/es\/wellness-spa\/"]}]},{"@type":"BreadcrumbList","@id":"https:\/\/moreholiday.es\/es\/wellness-spa\/#breadcrumb","itemListElement":[{"@type":"ListItem","position":1,"name":"Home","item":"https:\/\/moreholiday.es\/es\/"},{"@type":"ListItem","position":2,"name":"Experiencia Wellness &#038; Spa"}]},{"@type":"WebSite","@id":"https:\/\/moreholiday.es\/#website","url":"https:\/\/moreholiday.es\/","name":"More Holiday","description":"Allotjaments per a les eves vacances","publisher":{"@id":"https:\/\/moreholiday.es\/#organization"},"potentialAction":[{"@type":"SearchAction","target":{"@type":"EntryPoint","urlTemplate":"https:\/\/moreholiday.es\/?s={search_term_string}"},"query-input":{"@type":"PropertyValueSpecification","valueRequired":true,"valueName":"search_term_string"}}],"inLanguage":"es"},{"@type":"Organization","@id":"https:\/\/moreholiday.es\/#organization","name":"More Holiday","url":"https:\/\/moreholiday.es\/","logo":{"@type":"ImageObject","inLanguage":"es","@id":"https:\/\/moreholiday.es\/#\/schema\/logo\/image\/","url":"https:\/\/moreholiday.es\/wp-content\/uploads\/2021\/03\/MH-logo-2-linies_Mesa-de-trabajo-1-1.png","contentUrl":"https:\/\/moreholiday.es\/wp-content\/uploads\/2021\/03\/MH-logo-2-linies_Mesa-de-trabajo-1-1.png","width":1576,"height":626,"caption":"More Holiday"},"image":{"@id":"https:\/\/moreholiday.es\/#\/schema\/logo\/image\/"}}]}},"_links":{"self":[{"href":"https:\/\/moreholiday.es\/es\/wp-json\/wp\/v2\/pages\/39702","targetHints":{"allow":["GET"]}}],"collection":[{"href":"https:\/\/moreholiday.es\/es\/wp-json\/wp\/v2\/pages"}],"about":[{"href":"https:\/\/moreholiday.es\/es\/wp-json\/wp\/v2\/types\/page"}],"author":[{"embeddable":true,"href":"https:\/\/moreholiday.es\/es\/wp-json\/wp\/v2\/users\/2"}],"replies":[{"embeddable":true,"href":"https:\/\/moreholiday.es\/es\/wp-json\/wp\/v2\/comments?post=39702"}],"version-history":[{"count":5,"href":"https:\/\/moreholiday.es\/es\/wp-json\/wp\/v2\/pages\/39702\/revisions"}],"predecessor-version":[{"id":54733,"href":"https:\/\/moreholiday.es\/es\/wp-json\/wp\/v2\/pages\/39702\/revisions\/54733"}],"wp:attachment":[{"href":"https:\/\/moreholiday.es\/es\/wp-json\/wp\/v2\/media?parent=39702"}],"curies":[{"name":"wp","href":"https:\/\/api.w.org\/{rel}","templated":true}]}}