{"id":41313,"date":"2019-08-07T09:58:39","date_gmt":"2019-08-07T09:58:39","guid":{"rendered":"https:\/\/moreholiday.es\/more-holiday\/"},"modified":"2023-05-02T13:38:07","modified_gmt":"2023-05-02T13:38:07","slug":"more-holiday","status":"publish","type":"page","link":"https:\/\/moreholiday.es\/en\/more-holiday\/","title":{"rendered":"MoreHoliday"},"content":{"rendered":"\t\t<div data-elementor-type=\"wp-post\" data-elementor-id=\"41313\" class=\"elementor elementor-41313 elementor-35157\" data-elementor-post-type=\"page\">\n\t\t\t\t\t\t<section class=\"elementor-section elementor-top-section elementor-element elementor-element-3ecf3e00 elementor-section-boxed elementor-section-height-default elementor-section-height-default\" data-id=\"3ecf3e00\" data-element_type=\"section\" data-e-type=\"section\">\n\t\t\t\t\t\t<div class=\"elementor-container elementor-column-gap-default\">\n\t\t\t\t\t<div class=\"elementor-column elementor-col-100 elementor-top-column elementor-element elementor-element-54885553\" data-id=\"54885553\" data-element_type=\"column\" data-e-type=\"column\">\n\t\t\t<div class=\"elementor-widget-wrap elementor-element-populated\">\n\t\t\t\t\t\t<div class=\"elementor-element elementor-element-77c0cd3 elementor-widget elementor-widget-heading\" data-id=\"77c0cd3\" data-element_type=\"widget\" data-e-type=\"widget\" data-widget_type=\"heading.default\">\n\t\t\t\t<div class=\"elementor-widget-container\">\n\t\t\t\t\t<h2 class=\"elementor-heading-title elementor-size-default\">Discover our holiday homes\n<\/h2>\t\t\t\t<\/div>\n\t\t\t\t<\/div>\n\t\t\t\t<div class=\"elementor-element elementor-element-36512d09 elementor-widget elementor-widget-heading\" data-id=\"36512d09\" data-element_type=\"widget\" data-e-type=\"widget\" data-widget_type=\"heading.default\">\n\t\t\t\t<div class=\"elementor-widget-container\">\n\t\t\t\t\t<p class=\"elementor-heading-title elementor-size-default\">Our story begins in the Pla de l\u2019Estany region. Today, we have holiday homes all over the Province of Girona. Each place has its own identity and at More Holiday we do our best to make sure you have a truly enjoyable stay. \n<\/p>\t\t\t\t<\/div>\n\t\t\t\t<\/div>\n\t\t\t\t<section class=\"elementor-section elementor-inner-section elementor-element elementor-element-e12ec88 elementor-section-boxed elementor-section-height-default elementor-section-height-default\" data-id=\"e12ec88\" data-element_type=\"section\" data-e-type=\"section\">\n\t\t\t\t\t\t<div class=\"elementor-container elementor-column-gap-default\">\n\t\t\t\t\t<div class=\"elementor-column elementor-col-100 elementor-inner-column elementor-element elementor-element-207d00b\" data-id=\"207d00b\" data-element_type=\"column\" data-e-type=\"column\">\n\t\t\t<div class=\"elementor-widget-wrap\">\n\t\t\t\t\t\t\t<\/div>\n\t\t<\/div>\n\t\t\t\t\t<\/div>\n\t\t<\/section>\n\t\t\t\t\t<\/div>\n\t\t<\/div>\n\t\t\t\t\t<\/div>\n\t\t<\/section>\n\t\t\t\t<section class=\"elementor-section elementor-top-section elementor-element elementor-element-68c6b11 elementor-hidden-phone elementor-section-boxed elementor-section-height-default elementor-section-height-default\" data-id=\"68c6b11\" data-element_type=\"section\" data-e-type=\"section\">\n\t\t\t\t\t\t<div class=\"elementor-container elementor-column-gap-default\">\n\t\t\t\t\t<div class=\"elementor-column elementor-col-25 elementor-top-column elementor-element elementor-element-5cc04b9\" data-id=\"5cc04b9\" data-element_type=\"column\" data-e-type=\"column\">\n\t\t\t<div class=\"elementor-widget-wrap elementor-element-populated\">\n\t\t\t\t\t\t<div class=\"elementor-element elementor-element-2b08b79 elementor-cta--skin-cover elementor-animated-content elementor-bg-transform elementor-bg-transform-zoom-in elementor-widget elementor-widget-call-to-action\" data-id=\"2b08b79\" data-element_type=\"widget\" data-e-type=\"widget\" data-widget_type=\"call-to-action.default\">\n\t\t\t\t<div class=\"elementor-widget-container\">\n\t\t\t\t\t\t\t<a class=\"elementor-cta\" href=\"https:\/\/moreholiday.es\/en\/villas-costa-brava\/\">\n\t\t\t\t\t<div class=\"elementor-cta__bg-wrapper\">\n\t\t\t\t<div class=\"elementor-cta__bg elementor-bg\" style=\"background-image: url(https:\/\/moreholiday.es\/wp-content\/uploads\/2021\/12\/06-Nov21Navata-23-1024x614.jpg);\" role=\"img\" aria-label=\"06-Nov21Navata--23\"><\/div>\n\t\t\t\t<div class=\"elementor-cta__bg-overlay\"><\/div>\n\t\t\t<\/div>\n\t\t\t\t\t\t\t<div class=\"elementor-cta__content\">\n\t\t\t\t\n\t\t\t\t\t\t\t\t\t<h2 class=\"elementor-cta__title elementor-cta__content-item elementor-content-item elementor-animated-item--grow\">\n\t\t\t\t\t\tVillas\t\t\t\t\t<\/h2>\n\t\t\t\t\n\t\t\t\t\n\t\t\t\t\t\t\t<\/div>\n\t\t\t\t\t\t<\/a>\n\t\t\t\t\t\t<\/div>\n\t\t\t\t<\/div>\n\t\t\t\t\t<\/div>\n\t\t<\/div>\n\t\t\t\t<div class=\"elementor-column elementor-col-25 elementor-top-column elementor-element elementor-element-61083f9\" data-id=\"61083f9\" data-element_type=\"column\" data-e-type=\"column\">\n\t\t\t<div class=\"elementor-widget-wrap elementor-element-populated\">\n\t\t\t\t\t\t<div class=\"elementor-element elementor-element-43423e9 elementor-cta--skin-cover elementor-animated-content elementor-bg-transform elementor-bg-transform-zoom-in elementor-widget elementor-widget-call-to-action\" data-id=\"43423e9\" data-element_type=\"widget\" data-e-type=\"widget\" data-widget_type=\"call-to-action.default\">\n\t\t\t\t<div class=\"elementor-widget-container\">\n\t\t\t\t\t\t\t<a class=\"elementor-cta\" href=\"https:\/\/moreholiday.es\/es\/apartaments-rurals\/\">\n\t\t\t\t\t<div class=\"elementor-cta__bg-wrapper\">\n\t\t\t\t<div class=\"elementor-cta__bg elementor-bg\" style=\"background-image: url(https:\/\/moreholiday.es\/wp-content\/uploads\/2021\/02\/01-Sep20MasVilaMonells-001-1024x682.jpg);\" role=\"img\" aria-label=\"01-Sep20MasVilaMonells-001\"><\/div>\n\t\t\t\t<div class=\"elementor-cta__bg-overlay\"><\/div>\n\t\t\t<\/div>\n\t\t\t\t\t\t\t<div class=\"elementor-cta__content\">\n\t\t\t\t\n\t\t\t\t\t\t\t\t\t<h2 class=\"elementor-cta__title elementor-cta__content-item elementor-content-item elementor-animated-item--grow\">\n\t\t\t\t\t\tRural houses &amp; apartments \t\t\t\t\t<\/h2>\n\t\t\t\t\n\t\t\t\t\n\t\t\t\t\t\t\t<\/div>\n\t\t\t\t\t\t<\/a>\n\t\t\t\t\t\t<\/div>\n\t\t\t\t<\/div>\n\t\t\t\t\t<\/div>\n\t\t<\/div>\n\t\t\t\t<div class=\"elementor-column elementor-col-25 elementor-top-column elementor-element elementor-element-f75ef18\" data-id=\"f75ef18\" data-element_type=\"column\" data-e-type=\"column\">\n\t\t\t<div class=\"elementor-widget-wrap elementor-element-populated\">\n\t\t\t\t\t\t<div class=\"elementor-element elementor-element-32b920a elementor-cta--skin-cover elementor-animated-content elementor-bg-transform elementor-bg-transform-zoom-in elementor-widget elementor-widget-call-to-action\" data-id=\"32b920a\" data-element_type=\"widget\" data-e-type=\"widget\" data-widget_type=\"call-to-action.default\">\n\t\t\t\t<div class=\"elementor-widget-container\">\n\t\t\t\t\t\t\t<a class=\"elementor-cta\" href=\"https:\/\/moreholiday.es\/en\/rural-rooms\/\">\n\t\t\t\t\t<div class=\"elementor-cta__bg-wrapper\">\n\t\t\t\t<div class=\"elementor-cta__bg elementor-bg\" style=\"background-image: url(https:\/\/moreholiday.es\/wp-content\/uploads\/2021\/02\/44-Jul20CanGrau-74-1024x682.jpg);\" role=\"img\" aria-label=\"44-Jul20CanGrau - 74\"><\/div>\n\t\t\t\t<div class=\"elementor-cta__bg-overlay\"><\/div>\n\t\t\t<\/div>\n\t\t\t\t\t\t\t<div class=\"elementor-cta__content\">\n\t\t\t\t\n\t\t\t\t\t\t\t\t\t<h2 class=\"elementor-cta__title elementor-cta__content-item elementor-content-item elementor-animated-item--grow\">\n\t\t\t\t\t\tRural<br> bedrooms\t\t\t\t\t<\/h2>\n\t\t\t\t\n\t\t\t\t\n\t\t\t\t\t\t\t<\/div>\n\t\t\t\t\t\t<\/a>\n\t\t\t\t\t\t<\/div>\n\t\t\t\t<\/div>\n\t\t\t\t\t<\/div>\n\t\t<\/div>\n\t\t\t\t<div class=\"elementor-column elementor-col-25 elementor-top-column elementor-element elementor-element-5f3a832\" data-id=\"5f3a832\" data-element_type=\"column\" data-e-type=\"column\">\n\t\t\t<div class=\"elementor-widget-wrap elementor-element-populated\">\n\t\t\t\t\t\t<div class=\"elementor-element elementor-element-2a7bcb4 elementor-cta--skin-cover elementor-animated-content elementor-bg-transform elementor-bg-transform-zoom-in elementor-widget elementor-widget-call-to-action\" data-id=\"2a7bcb4\" data-element_type=\"widget\" data-e-type=\"widget\" data-widget_type=\"call-to-action.default\">\n\t\t\t\t<div class=\"elementor-widget-container\">\n\t\t\t\t\t\t\t<a class=\"elementor-cta\" href=\"https:\/\/moreholiday.es\/es\/apartamentos-turisticos\/\">\n\t\t\t\t\t<div class=\"elementor-cta__bg-wrapper\">\n\t\t\t\t<div class=\"elementor-cta__bg elementor-bg\" style=\"background-image: url(https:\/\/moreholiday.es\/wp-content\/uploads\/2021\/02\/e0ca3ac1-4d74-46e6-8d52-158f9a02e6a8-1024x768.jpg);\" role=\"img\" aria-label=\"e0ca3ac1-4d74-46e6-8d52-158f9a02e6a8\"><\/div>\n\t\t\t\t<div class=\"elementor-cta__bg-overlay\"><\/div>\n\t\t\t<\/div>\n\t\t\t\t\t\t\t<div class=\"elementor-cta__content\">\n\t\t\t\t\n\t\t\t\t\t\t\t\t\t<h2 class=\"elementor-cta__title elementor-cta__content-item elementor-content-item elementor-animated-item--grow\">\n\t\t\t\t\t\tTourist apartments\t\t\t\t\t<\/h2>\n\t\t\t\t\n\t\t\t\t\n\t\t\t\t\t\t\t<\/div>\n\t\t\t\t\t\t<\/a>\n\t\t\t\t\t\t<\/div>\n\t\t\t\t<\/div>\n\t\t\t\t\t<\/div>\n\t\t<\/div>\n\t\t\t\t\t<\/div>\n\t\t<\/section>\n\t\t\t\t<section class=\"elementor-section elementor-top-section elementor-element elementor-element-5e6811dd elementor-section-boxed elementor-section-height-default elementor-section-height-default\" data-id=\"5e6811dd\" data-element_type=\"section\" data-e-type=\"section\" data-settings=\"{&quot;background_background&quot;:&quot;classic&quot;}\">\n\t\t\t\t\t\t<div class=\"elementor-container elementor-column-gap-default\">\n\t\t\t\t\t<div class=\"elementor-column elementor-col-100 elementor-top-column elementor-element elementor-element-6804fda8\" data-id=\"6804fda8\" data-element_type=\"column\" data-e-type=\"column\">\n\t\t\t<div class=\"elementor-widget-wrap elementor-element-populated\">\n\t\t\t\t\t\t<div class=\"elementor-element elementor-element-77c67254 elementor-widget elementor-widget-heading\" data-id=\"77c67254\" data-element_type=\"widget\" data-e-type=\"widget\" data-widget_type=\"heading.default\">\n\t\t\t\t<div class=\"elementor-widget-container\">\n\t\t\t\t\t<h2 class=\"elementor-heading-title elementor-size-default\">Featured properties\n<\/h2>\t\t\t\t<\/div>\n\t\t\t\t<\/div>\n\t\t\t\t<div class=\"elementor-element elementor-element-44cfeb83 elementor-widget elementor-widget-heading\" data-id=\"44cfeb83\" data-element_type=\"widget\" data-e-type=\"widget\" data-widget_type=\"heading.default\">\n\t\t\t\t<div class=\"elementor-widget-container\">\n\t\t\t\t\t<p class=\"elementor-heading-title elementor-size-default\">More Holiday presents a selection of holiday homes where the small details make them special and unique<\/p>\t\t\t\t<\/div>\n\t\t\t\t<\/div>\n\t\t\t\t<div class=\"elementor-element elementor-element-28cae67 elementor-widget elementor-widget-Wprentals_Recent_Items\" data-id=\"28cae67\" data-element_type=\"widget\" data-e-type=\"widget\" data-widget_type=\"Wprentals_Recent_Items.default\">\n\t\t\t\t<div class=\"elementor-widget-container\">\n\t\t\t\t\t<div class=\" bottom-estate_property nobutton \" ><div class=\"items_shortcode_wrapper  \">\n<div itemscope itemtype=\"http:\/\/schema.org\/Product\" class=\"listing_wrapper col-md-4 shortcode-col property_unit_v3  property_flex propety_unit_3\" data-org=\"4\" data-listid=\"42037\" >\n    \n    <div class=\"property_listing\" >\n        \n\n            <div class=\"listing-unit-img-wrapper\"><div class=\"property_unit_action\">\n    <span class=\"icon-fav icon-fav-off\" data-original-title=\"add to favorites\" data-postid=\"42037\">\n        <svg viewBox=\"0 0 32 32\" xmlns=\"http:\/\/www.w3.org\/2000\/svg\" aria-hidden=\"true\" role=\"presentation\" focusable=\"false\" \nstyle=\"display: block;  height: 24px; width: 24px; stroke: #fff; stroke-width: 2; overflow: visible;\">\n<path d=\"m16 28c7-4.733 14-10 14-17 0-1.792-.683-3.583-2.05-4.95-1.367-1.366-3.158-2.05-4.95-2.05-1.791 0-3.583.684-4.949 2.05l-2.051 2.051-2.05-2.051c-1.367-1.366-3.158-2.05-4.95-2.05-1.791 0-3.583.684-4.949 2.05-1.367 1.367-2.051 3.158-2.051 4.95 0 7 7 12.267 14 17z\"><\/path>\n<\/svg><\/span>\n    <\/div>\n                <div id=\"property_unit_carousel_69f5de121b4cc\" class=\"carousel property_unit_carousel slide  \" data-ride=\"carousel\" data-interval=\"false\">\n                    <div class=\"carousel-inner\">\n                        <div class=\"item active\">\n                            <a href=\"https:\/\/moreholiday.es\/en\/properties\/casa-prat-country-house-in-la-garrotxa\/\" target=\"_self\" ><img decoding=\"async\" itemprop=\"image\" src=\"https:\/\/moreholiday.es\/wp-content\/uploads\/2021\/03\/07-Jan21SantFel-18-1-400x314.jpg\"   class=\"b-lazy img-responsive wp-post-image lazy-hidden\" alt=\"CASA PRAT &#8211; Country house in La Garrotxa\" \/><\/a>\n                        <\/div>\n                        <div class=\"item lazy-load-item\">\n                                        <a href=\"https:\/\/moreholiday.es\/en\/properties\/casa-prat-country-house-in-la-garrotxa\/\" target=\"_self\">\n                                        <img  data-lazy-load-src=\"https:\/\/moreholiday.es\/wp-content\/uploads\/2021\/03\/02-Jan21SantFel-2577-400x314.jpg\" alt=\"property image\" class=\"img-responsive\" \/><\/a>\n                                    <\/div><div class=\"item lazy-load-item\">\n                                        <a href=\"https:\/\/moreholiday.es\/en\/properties\/casa-prat-country-house-in-la-garrotxa\/\" target=\"_self\">\n                                        <img  data-lazy-load-src=\"https:\/\/moreholiday.es\/wp-content\/uploads\/2021\/03\/13-Jan21SantFel-22-400x314.jpg\" alt=\"property image\" class=\"img-responsive\" \/><\/a>\n                                    <\/div><div class=\"item lazy-load-item\">\n                                        <a href=\"https:\/\/moreholiday.es\/en\/properties\/casa-prat-country-house-in-la-garrotxa\/\" target=\"_self\">\n                                        <img  data-lazy-load-src=\"https:\/\/moreholiday.es\/wp-content\/uploads\/2021\/03\/52-Jan21SantFel-93-400x314.jpg\" alt=\"property image\" class=\"img-responsive\" \/><\/a>\n                                    <\/div><div class=\"item lazy-load-item\">\n                                        <a href=\"https:\/\/moreholiday.es\/en\/properties\/casa-prat-country-house-in-la-garrotxa\/\" target=\"_self\">\n                                        <img  data-lazy-load-src=\"https:\/\/moreholiday.es\/wp-content\/uploads\/2021\/03\/32-Jan21SantFel-63-400x314.jpg\" alt=\"property image\" class=\"img-responsive\" \/><\/a>\n                                    <\/div><div class=\"item lazy-load-item\">\n                                        <a href=\"https:\/\/moreholiday.es\/en\/properties\/casa-prat-country-house-in-la-garrotxa\/\" target=\"_self\">\n                                        <img  data-lazy-load-src=\"https:\/\/moreholiday.es\/wp-content\/uploads\/2021\/03\/36-Jan21SantFel-108-400x314.jpg\" alt=\"property image\" class=\"img-responsive\" \/><\/a>\n                                    <\/div><div class=\"item lazy-load-item\">\n                                        <a href=\"https:\/\/moreholiday.es\/en\/properties\/casa-prat-country-house-in-la-garrotxa\/\" target=\"_self\">\n                                        <img  data-lazy-load-src=\"https:\/\/moreholiday.es\/wp-content\/uploads\/2021\/03\/08-Jan21SantFel-129-400x314.jpg\" alt=\"property image\" class=\"img-responsive\" \/><\/a>\n                                    <\/div><div class=\"item lazy-load-item\">\n                                        <a href=\"https:\/\/moreholiday.es\/en\/properties\/casa-prat-country-house-in-la-garrotxa\/\" target=\"_self\">\n                                        <img  data-lazy-load-src=\"https:\/\/moreholiday.es\/wp-content\/uploads\/2021\/03\/17-Jan21SantFel-28-400x314.jpg\" alt=\"property image\" class=\"img-responsive\" \/><\/a>\n                                    <\/div><div class=\"item lazy-load-item\">\n                                        <a href=\"https:\/\/moreholiday.es\/en\/properties\/casa-prat-country-house-in-la-garrotxa\/\" target=\"_self\">\n                                        <img  data-lazy-load-src=\"https:\/\/moreholiday.es\/wp-content\/uploads\/2021\/03\/12-Jan21SantFel-12-400x314.jpg\" alt=\"property image\" class=\"img-responsive\" \/><\/a>\n                                    <\/div><div class=\"item lazy-load-item\">\n                                        <a href=\"https:\/\/moreholiday.es\/en\/properties\/casa-prat-country-house-in-la-garrotxa\/\" target=\"_self\">\n                                        <img  data-lazy-load-src=\"https:\/\/moreholiday.es\/wp-content\/uploads\/2021\/03\/20-Jan21SantFel-31-400x314.jpg\" alt=\"property image\" class=\"img-responsive\" \/><\/a>\n                                    <\/div><div class=\"item lazy-load-item\">\n                                        <a href=\"https:\/\/moreholiday.es\/en\/properties\/casa-prat-country-house-in-la-garrotxa\/\" target=\"_self\">\n                                        <img  data-lazy-load-src=\"https:\/\/moreholiday.es\/wp-content\/uploads\/2021\/03\/21-Jan21SantFel-34-400x314.jpg\" alt=\"property image\" class=\"img-responsive\" \/><\/a>\n                                    <\/div><div class=\"item lazy-load-item\">\n                                        <a href=\"https:\/\/moreholiday.es\/en\/properties\/casa-prat-country-house-in-la-garrotxa\/\" target=\"_self\">\n                                        <img  data-lazy-load-src=\"https:\/\/moreholiday.es\/wp-content\/uploads\/2021\/03\/25-Jan21SantFel-46-400x314.jpg\" alt=\"property image\" class=\"img-responsive\" \/><\/a>\n                                    <\/div><div class=\"item lazy-load-item\">\n                                        <a href=\"https:\/\/moreholiday.es\/en\/properties\/casa-prat-country-house-in-la-garrotxa\/\" target=\"_self\">\n                                        <img  data-lazy-load-src=\"https:\/\/moreholiday.es\/wp-content\/uploads\/2021\/03\/24-Jan21SantFel-44-400x314.jpg\" alt=\"property image\" class=\"img-responsive\" \/><\/a>\n                                    <\/div><div class=\"item lazy-load-item\">\n                                        <a href=\"https:\/\/moreholiday.es\/en\/properties\/casa-prat-country-house-in-la-garrotxa\/\" target=\"_self\">\n                                        <img  data-lazy-load-src=\"https:\/\/moreholiday.es\/wp-content\/uploads\/2021\/03\/44-Jan21SantFel-78-400x314.jpg\" alt=\"property image\" class=\"img-responsive\" \/><\/a>\n                                    <\/div><div class=\"item lazy-load-item\">\n                                        <a href=\"https:\/\/moreholiday.es\/en\/properties\/casa-prat-country-house-in-la-garrotxa\/\" target=\"_self\">\n                                        <img  data-lazy-load-src=\"https:\/\/moreholiday.es\/wp-content\/uploads\/2021\/03\/40-Jan21SantFel-68-400x314.jpg\" alt=\"property image\" class=\"img-responsive\" \/><\/a>\n                                    <\/div><div class=\"item lazy-load-item\">\n                                        <a href=\"https:\/\/moreholiday.es\/en\/properties\/casa-prat-country-house-in-la-garrotxa\/\" target=\"_self\">\n                                        <img  data-lazy-load-src=\"https:\/\/moreholiday.es\/wp-content\/uploads\/2021\/03\/61-Jan21SantFel-125-400x314.jpg\" alt=\"property image\" class=\"img-responsive\" \/><\/a>\n                                    <\/div><div class=\"item lazy-load-item\">\n                                        <a href=\"https:\/\/moreholiday.es\/en\/properties\/casa-prat-country-house-in-la-garrotxa\/\" target=\"_self\">\n                                        <img  data-lazy-load-src=\"https:\/\/moreholiday.es\/wp-content\/uploads\/2021\/03\/57-Jan21SantFel-114-400x314.jpg\" alt=\"property image\" class=\"img-responsive\" \/><\/a>\n                                    <\/div><div class=\"item lazy-load-item\">\n                                        <a href=\"https:\/\/moreholiday.es\/en\/properties\/casa-prat-country-house-in-la-garrotxa\/\" target=\"_self\">\n                                        <img  data-lazy-load-src=\"https:\/\/moreholiday.es\/wp-content\/uploads\/2021\/03\/47-Jan21SantFel-82-400x314.jpg\" alt=\"property image\" class=\"img-responsive\" \/><\/a>\n                                    <\/div><div class=\"item lazy-load-item\">\n                                        <a href=\"https:\/\/moreholiday.es\/en\/properties\/casa-prat-country-house-in-la-garrotxa\/\" target=\"_self\">\n                                        <img  data-lazy-load-src=\"https:\/\/moreholiday.es\/wp-content\/uploads\/2021\/03\/45-Jan21SantFel-80-400x314.jpg\" alt=\"property image\" class=\"img-responsive\" \/><\/a>\n                                    <\/div><div class=\"item lazy-load-item\">\n                                        <a href=\"https:\/\/moreholiday.es\/en\/properties\/casa-prat-country-house-in-la-garrotxa\/\" target=\"_self\">\n                                        <img  data-lazy-load-src=\"https:\/\/moreholiday.es\/wp-content\/uploads\/2021\/03\/29-Jan21SantFel-54-400x314.jpg\" alt=\"property image\" class=\"img-responsive\" \/><\/a>\n                                    <\/div><div class=\"item lazy-load-item\">\n                                        <a href=\"https:\/\/moreholiday.es\/en\/properties\/casa-prat-country-house-in-la-garrotxa\/\" target=\"_self\">\n                                        <img  data-lazy-load-src=\"https:\/\/moreholiday.es\/wp-content\/uploads\/2021\/03\/37-Jan21SantFel-105-400x314.jpg\" alt=\"property image\" class=\"img-responsive\" \/><\/a>\n                                    <\/div><div class=\"item lazy-load-item\">\n                                        <a href=\"https:\/\/moreholiday.es\/en\/properties\/casa-prat-country-house-in-la-garrotxa\/\" target=\"_self\">\n                                        <img  data-lazy-load-src=\"https:\/\/moreholiday.es\/wp-content\/uploads\/2021\/03\/34-Jan21SantFel-103-400x314.jpg\" alt=\"property image\" class=\"img-responsive\" \/><\/a>\n                                    <\/div><div class=\"item lazy-load-item\">\n                                        <a href=\"https:\/\/moreholiday.es\/en\/properties\/casa-prat-country-house-in-la-garrotxa\/\" target=\"_self\">\n                                        <img  data-lazy-load-src=\"https:\/\/moreholiday.es\/wp-content\/uploads\/2021\/03\/27-Jan21SantFel-49-400x314.jpg\" alt=\"property image\" class=\"img-responsive\" \/><\/a>\n                                    <\/div><div class=\"item lazy-load-item\">\n                                        <a href=\"https:\/\/moreholiday.es\/en\/properties\/casa-prat-country-house-in-la-garrotxa\/\" target=\"_self\">\n                                        <img  data-lazy-load-src=\"https:\/\/moreholiday.es\/wp-content\/uploads\/2021\/03\/26-Jan21SantFel-42-400x314.jpg\" alt=\"property image\" class=\"img-responsive\" \/><\/a>\n                                    <\/div><div class=\"item lazy-load-item\">\n                                        <a href=\"https:\/\/moreholiday.es\/en\/properties\/casa-prat-country-house-in-la-garrotxa\/\" target=\"_self\">\n                                        <img  data-lazy-load-src=\"https:\/\/moreholiday.es\/wp-content\/uploads\/2021\/03\/card_garden-400x314.png\" alt=\"property image\" class=\"img-responsive\" \/><\/a>\n                                    <\/div><div class=\"item lazy-load-item\">\n                                        <a href=\"https:\/\/moreholiday.es\/en\/properties\/casa-prat-country-house-in-la-garrotxa\/\" target=\"_self\">\n                                        <img  data-lazy-load-src=\"https:\/\/moreholiday.es\/wp-content\/uploads\/2021\/03\/card_barbacue-400x314.png\" alt=\"property image\" class=\"img-responsive\" \/><\/a>\n                                    <\/div><div class=\"item lazy-load-item\">\n                                        <a href=\"https:\/\/moreholiday.es\/en\/properties\/casa-prat-country-house-in-la-garrotxa\/\" target=\"_self\">\n                                        <img  data-lazy-load-src=\"https:\/\/moreholiday.es\/wp-content\/uploads\/2021\/03\/card_wifi-400x314.png\" alt=\"property image\" class=\"img-responsive\" \/><\/a>\n                                    <\/div>\n                    <\/div><a href=\"https:\/\/moreholiday.es\/en\/properties\/casa-prat-country-house-in-la-garrotxa\/\"> <\/a><a class=\"left  carousel-control\" href=\"#property_unit_carousel_69f5de121b4cc\" data-slide=\"prev\">\n                        <i class=\"icon-left-open-big\"><\/i>\n                    <\/a>\n\n                    <a class=\"right  carousel-control\" href=\"#property_unit_carousel_69f5de121b4cc\" data-slide=\"next\">\n                        <i class=\"icon-right-open-big\"><\/i>\n                    <\/a><\/div><div class=\"price_unit_wrapper\"> <\/div><div class=\"\" itemprop=\"offers\" itemscope itemtype=\"http:\/\/schema.org\/Offer\"> <link itemprop=\"url\" href=\"https:\/\/moreholiday.es\/en\/properties\/casa-prat-country-house-in-la-garrotxa\/\"\/><meta itemprop=\"priceCurrency\" content=\"EU\" \/><div class=\"price_unit\"><span itemprop=\"price\" content=\"676\">676 \u20ac<span class=\"pernight\"> \/night<\/span><\/div><\/div><\/div>\n\n\n            <div class=\"property_status_wrapper\"><\/div>\n            <div class=\"title-container\">\n\n                <meta itemprop=\"ratingValue\" content=\"0\"\/><div class=rating_placeholder><\/div>\n                <div class=\"category_name\">\n                        <a  itemprop=\"url\"  href=\"https:\/\/moreholiday.es\/en\/properties\/casa-prat-country-house-in-la-garrotxa\/\"  class=\"listing_title_unit\" >\n    \n    \n   <span itemprop=\"name\">\n    CASA PRAT \u2013 Country house in La Garrotxa    <\/span>\n<\/a>\n                    <div class=\"category_tagline actions_icon\">\n                        <a href=\"https:\/\/moreholiday.es\/en\/listings\/cases-rurals-en\/\" rel=\"tag\">Cases rurals<\/a> \/ <a href=\"https:\/\/moreholiday.es\/en\/action\/entire-home-en\/\" rel=\"tag\">Casa sencera<\/a>                    <\/div>\n\n                    <div class=\"category_tagline custom_details\">\n                       <div class=\"custom_listing_data\"><span class=\"custom_listing_data_label\">Hostes:<\/span>15<\/div><div class=\"custom_listing_data\"><i class=\"fas fa-bed\"><\/i>7<\/div><div class=\"custom_listing_data\"><i class=\"fas fa-bath\"><\/i>8<\/div>                    <\/div>\n                <\/div>\n\n\n            <\/div>\n            <\/div>\n<\/div>\n\n<div itemscope itemtype=\"http:\/\/schema.org\/Product\" class=\"listing_wrapper col-md-4 shortcode-col property_unit_v3  property_flex propety_unit_3\" data-org=\"4\" data-listid=\"88716\" >\n    \n    <div class=\"property_listing\" >\n        \n\n            <div class=\"listing-unit-img-wrapper\"><div class=\"property_unit_action\">\n    <span class=\"icon-fav icon-fav-off\" data-original-title=\"add to favorites\" data-postid=\"88716\">\n        <svg viewBox=\"0 0 32 32\" xmlns=\"http:\/\/www.w3.org\/2000\/svg\" aria-hidden=\"true\" role=\"presentation\" focusable=\"false\" \nstyle=\"display: block;  height: 24px; width: 24px; stroke: #fff; stroke-width: 2; overflow: visible;\">\n<path d=\"m16 28c7-4.733 14-10 14-17 0-1.792-.683-3.583-2.05-4.95-1.367-1.366-3.158-2.05-4.95-2.05-1.791 0-3.583.684-4.949 2.05l-2.051 2.051-2.05-2.051c-1.367-1.366-3.158-2.05-4.95-2.05-1.791 0-3.583.684-4.949 2.05-1.367 1.367-2.051 3.158-2.051 4.95 0 7 7 12.267 14 17z\"><\/path>\n<\/svg><\/span>\n    <\/div>\n                <div id=\"property_unit_carousel_69f5de12229a9\" class=\"carousel property_unit_carousel slide  \" data-ride=\"carousel\" data-interval=\"false\">\n                    <div class=\"carousel-inner\">\n                        <div class=\"item active\">\n                            <a href=\"https:\/\/moreholiday.es\/en\/properties\/mas-toralles-autenticitat-calma-i-natura-a-la-vall-den-bas\/\" target=\"_self\" ><img decoding=\"async\" itemprop=\"image\" src=\"https:\/\/moreholiday.es\/wp-content\/uploads\/2026\/03\/01-Mas-Toralles-400x314.jpg\"   class=\"b-lazy img-responsive wp-post-image lazy-hidden\" alt=\"Mas Toralles \u2013 Authenticity, calm and nature in the Vall d\u2019en Bas\" \/><\/a>\n                        <\/div>\n                        <div class=\"item lazy-load-item\">\n                                        <a href=\"https:\/\/moreholiday.es\/en\/properties\/mas-toralles-autenticitat-calma-i-natura-a-la-vall-den-bas\/\" target=\"_self\">\n                                        <img  data-lazy-load-src=\"https:\/\/moreholiday.es\/wp-content\/uploads\/2026\/03\/05-Mas-Toralles-400x314.jpg\" alt=\"property image\" class=\"img-responsive\" \/><\/a>\n                                    <\/div><div class=\"item lazy-load-item\">\n                                        <a href=\"https:\/\/moreholiday.es\/en\/properties\/mas-toralles-autenticitat-calma-i-natura-a-la-vall-den-bas\/\" target=\"_self\">\n                                        <img  data-lazy-load-src=\"https:\/\/moreholiday.es\/wp-content\/uploads\/2026\/03\/06-Mas-Toralles-400x314.jpg\" alt=\"property image\" class=\"img-responsive\" \/><\/a>\n                                    <\/div><div class=\"item lazy-load-item\">\n                                        <a href=\"https:\/\/moreholiday.es\/en\/properties\/mas-toralles-autenticitat-calma-i-natura-a-la-vall-den-bas\/\" target=\"_self\">\n                                        <img  data-lazy-load-src=\"https:\/\/moreholiday.es\/wp-content\/uploads\/2026\/03\/07-Mas-Toralles-400x314.jpg\" alt=\"property image\" class=\"img-responsive\" \/><\/a>\n                                    <\/div><div class=\"item lazy-load-item\">\n                                        <a href=\"https:\/\/moreholiday.es\/en\/properties\/mas-toralles-autenticitat-calma-i-natura-a-la-vall-den-bas\/\" target=\"_self\">\n                                        <img  data-lazy-load-src=\"https:\/\/moreholiday.es\/wp-content\/uploads\/2026\/03\/15-Mas-Toralles-400x314.jpg\" alt=\"property image\" class=\"img-responsive\" \/><\/a>\n                                    <\/div><div class=\"item lazy-load-item\">\n                                        <a href=\"https:\/\/moreholiday.es\/en\/properties\/mas-toralles-autenticitat-calma-i-natura-a-la-vall-den-bas\/\" target=\"_self\">\n                                        <img  data-lazy-load-src=\"https:\/\/moreholiday.es\/wp-content\/uploads\/2026\/03\/09-Mas-Toralles-400x314.jpg\" alt=\"property image\" class=\"img-responsive\" \/><\/a>\n                                    <\/div><div class=\"item lazy-load-item\">\n                                        <a href=\"https:\/\/moreholiday.es\/en\/properties\/mas-toralles-autenticitat-calma-i-natura-a-la-vall-den-bas\/\" target=\"_self\">\n                                        <img  data-lazy-load-src=\"https:\/\/moreholiday.es\/wp-content\/uploads\/2026\/03\/08-Mas-Toralles-400x314.jpg\" alt=\"property image\" class=\"img-responsive\" \/><\/a>\n                                    <\/div><div class=\"item lazy-load-item\">\n                                        <a href=\"https:\/\/moreholiday.es\/en\/properties\/mas-toralles-autenticitat-calma-i-natura-a-la-vall-den-bas\/\" target=\"_self\">\n                                        <img  data-lazy-load-src=\"https:\/\/moreholiday.es\/wp-content\/uploads\/2026\/03\/14-Mas-Toralles-400x314.jpg\" alt=\"property image\" class=\"img-responsive\" \/><\/a>\n                                    <\/div><div class=\"item lazy-load-item\">\n                                        <a href=\"https:\/\/moreholiday.es\/en\/properties\/mas-toralles-autenticitat-calma-i-natura-a-la-vall-den-bas\/\" target=\"_self\">\n                                        <img  data-lazy-load-src=\"https:\/\/moreholiday.es\/wp-content\/uploads\/2026\/03\/12-Mas-Toralles-400x314.jpg\" alt=\"property image\" class=\"img-responsive\" \/><\/a>\n                                    <\/div><div class=\"item lazy-load-item\">\n                                        <a href=\"https:\/\/moreholiday.es\/en\/properties\/mas-toralles-autenticitat-calma-i-natura-a-la-vall-den-bas\/\" target=\"_self\">\n                                        <img  data-lazy-load-src=\"https:\/\/moreholiday.es\/wp-content\/uploads\/2026\/03\/13-Mas-Toralles-400x314.jpg\" alt=\"property image\" class=\"img-responsive\" \/><\/a>\n                                    <\/div><div class=\"item lazy-load-item\">\n                                        <a href=\"https:\/\/moreholiday.es\/en\/properties\/mas-toralles-autenticitat-calma-i-natura-a-la-vall-den-bas\/\" target=\"_self\">\n                                        <img  data-lazy-load-src=\"https:\/\/moreholiday.es\/wp-content\/uploads\/2026\/03\/24-Mas-Toralles-400x314.jpg\" alt=\"property image\" class=\"img-responsive\" \/><\/a>\n                                    <\/div><div class=\"item lazy-load-item\">\n                                        <a href=\"https:\/\/moreholiday.es\/en\/properties\/mas-toralles-autenticitat-calma-i-natura-a-la-vall-den-bas\/\" target=\"_self\">\n                                        <img  data-lazy-load-src=\"https:\/\/moreholiday.es\/wp-content\/uploads\/2026\/03\/23-Mas-Toralles-400x314.jpg\" alt=\"property image\" class=\"img-responsive\" \/><\/a>\n                                    <\/div><div class=\"item lazy-load-item\">\n                                        <a href=\"https:\/\/moreholiday.es\/en\/properties\/mas-toralles-autenticitat-calma-i-natura-a-la-vall-den-bas\/\" target=\"_self\">\n                                        <img  data-lazy-load-src=\"https:\/\/moreholiday.es\/wp-content\/uploads\/2026\/03\/20-Mas-Toralles-400x314.jpg\" alt=\"property image\" class=\"img-responsive\" \/><\/a>\n                                    <\/div><div class=\"item lazy-load-item\">\n                                        <a href=\"https:\/\/moreholiday.es\/en\/properties\/mas-toralles-autenticitat-calma-i-natura-a-la-vall-den-bas\/\" target=\"_self\">\n                                        <img  data-lazy-load-src=\"https:\/\/moreholiday.es\/wp-content\/uploads\/2026\/03\/21-Mas-Toralles-400x314.jpg\" alt=\"property image\" class=\"img-responsive\" \/><\/a>\n                                    <\/div><div class=\"item lazy-load-item\">\n                                        <a href=\"https:\/\/moreholiday.es\/en\/properties\/mas-toralles-autenticitat-calma-i-natura-a-la-vall-den-bas\/\" target=\"_self\">\n                                        <img  data-lazy-load-src=\"https:\/\/moreholiday.es\/wp-content\/uploads\/2026\/03\/30-Mas-Toralles-400x314.jpg\" alt=\"property image\" class=\"img-responsive\" \/><\/a>\n                                    <\/div><div class=\"item lazy-load-item\">\n                                        <a href=\"https:\/\/moreholiday.es\/en\/properties\/mas-toralles-autenticitat-calma-i-natura-a-la-vall-den-bas\/\" target=\"_self\">\n                                        <img  data-lazy-load-src=\"https:\/\/moreholiday.es\/wp-content\/uploads\/2026\/03\/28-Mas-Toralles-400x314.jpg\" alt=\"property image\" class=\"img-responsive\" \/><\/a>\n                                    <\/div><div class=\"item lazy-load-item\">\n                                        <a href=\"https:\/\/moreholiday.es\/en\/properties\/mas-toralles-autenticitat-calma-i-natura-a-la-vall-den-bas\/\" target=\"_self\">\n                                        <img  data-lazy-load-src=\"https:\/\/moreholiday.es\/wp-content\/uploads\/2026\/03\/29-Mas-Toralles-400x314.jpg\" alt=\"property image\" class=\"img-responsive\" \/><\/a>\n                                    <\/div><div class=\"item lazy-load-item\">\n                                        <a href=\"https:\/\/moreholiday.es\/en\/properties\/mas-toralles-autenticitat-calma-i-natura-a-la-vall-den-bas\/\" target=\"_self\">\n                                        <img  data-lazy-load-src=\"https:\/\/moreholiday.es\/wp-content\/uploads\/2026\/03\/26-Mas-Toralles-400x314.jpg\" alt=\"property image\" class=\"img-responsive\" \/><\/a>\n                                    <\/div><div class=\"item lazy-load-item\">\n                                        <a href=\"https:\/\/moreholiday.es\/en\/properties\/mas-toralles-autenticitat-calma-i-natura-a-la-vall-den-bas\/\" target=\"_self\">\n                                        <img  data-lazy-load-src=\"https:\/\/moreholiday.es\/wp-content\/uploads\/2026\/03\/31-Mas-Toralles-400x314.jpg\" alt=\"property image\" class=\"img-responsive\" \/><\/a>\n                                    <\/div><div class=\"item lazy-load-item\">\n                                        <a href=\"https:\/\/moreholiday.es\/en\/properties\/mas-toralles-autenticitat-calma-i-natura-a-la-vall-den-bas\/\" target=\"_self\">\n                                        <img  data-lazy-load-src=\"https:\/\/moreholiday.es\/wp-content\/uploads\/2026\/03\/32-Mas-Toralles-400x314.jpg\" alt=\"property image\" class=\"img-responsive\" \/><\/a>\n                                    <\/div><div class=\"item lazy-load-item\">\n                                        <a href=\"https:\/\/moreholiday.es\/en\/properties\/mas-toralles-autenticitat-calma-i-natura-a-la-vall-den-bas\/\" target=\"_self\">\n                                        <img  data-lazy-load-src=\"https:\/\/moreholiday.es\/wp-content\/uploads\/2026\/03\/33-Mas-Toralles-400x314.jpg\" alt=\"property image\" class=\"img-responsive\" \/><\/a>\n                                    <\/div><div class=\"item lazy-load-item\">\n                                        <a href=\"https:\/\/moreholiday.es\/en\/properties\/mas-toralles-autenticitat-calma-i-natura-a-la-vall-den-bas\/\" target=\"_self\">\n                                        <img  data-lazy-load-src=\"https:\/\/moreholiday.es\/wp-content\/uploads\/2026\/03\/17-Mas-Toralles-400x314.jpg\" alt=\"property image\" class=\"img-responsive\" \/><\/a>\n                                    <\/div><div class=\"item lazy-load-item\">\n                                        <a href=\"https:\/\/moreholiday.es\/en\/properties\/mas-toralles-autenticitat-calma-i-natura-a-la-vall-den-bas\/\" target=\"_self\">\n                                        <img  data-lazy-load-src=\"https:\/\/moreholiday.es\/wp-content\/uploads\/2026\/03\/18-Mas-Toralles-400x314.jpg\" alt=\"property image\" class=\"img-responsive\" \/><\/a>\n                                    <\/div><div class=\"item lazy-load-item\">\n                                        <a href=\"https:\/\/moreholiday.es\/en\/properties\/mas-toralles-autenticitat-calma-i-natura-a-la-vall-den-bas\/\" target=\"_self\">\n                                        <img  data-lazy-load-src=\"https:\/\/moreholiday.es\/wp-content\/uploads\/2026\/03\/19-Mas-Toralles-400x314.jpg\" alt=\"property image\" class=\"img-responsive\" \/><\/a>\n                                    <\/div><div class=\"item lazy-load-item\">\n                                        <a href=\"https:\/\/moreholiday.es\/en\/properties\/mas-toralles-autenticitat-calma-i-natura-a-la-vall-den-bas\/\" target=\"_self\">\n                                        <img  data-lazy-load-src=\"https:\/\/moreholiday.es\/wp-content\/uploads\/2026\/03\/10-Mas-Toralles-400x314.jpg\" alt=\"property image\" class=\"img-responsive\" \/><\/a>\n                                    <\/div><div class=\"item lazy-load-item\">\n                                        <a href=\"https:\/\/moreholiday.es\/en\/properties\/mas-toralles-autenticitat-calma-i-natura-a-la-vall-den-bas\/\" target=\"_self\">\n                                        <img  data-lazy-load-src=\"https:\/\/moreholiday.es\/wp-content\/uploads\/2026\/03\/11-Mas-Toralles-400x314.jpg\" alt=\"property image\" class=\"img-responsive\" \/><\/a>\n                                    <\/div><div class=\"item lazy-load-item\">\n                                        <a href=\"https:\/\/moreholiday.es\/en\/properties\/mas-toralles-autenticitat-calma-i-natura-a-la-vall-den-bas\/\" target=\"_self\">\n                                        <img  data-lazy-load-src=\"https:\/\/moreholiday.es\/wp-content\/uploads\/2026\/03\/03-Mas-Toralles-400x314.jpg\" alt=\"property image\" class=\"img-responsive\" \/><\/a>\n                                    <\/div><div class=\"item lazy-load-item\">\n                                        <a href=\"https:\/\/moreholiday.es\/en\/properties\/mas-toralles-autenticitat-calma-i-natura-a-la-vall-den-bas\/\" target=\"_self\">\n                                        <img  data-lazy-load-src=\"https:\/\/moreholiday.es\/wp-content\/uploads\/2026\/03\/34-Mas-Toralles-400x314.jpg\" alt=\"property image\" class=\"img-responsive\" \/><\/a>\n                                    <\/div><div class=\"item lazy-load-item\">\n                                        <a href=\"https:\/\/moreholiday.es\/en\/properties\/mas-toralles-autenticitat-calma-i-natura-a-la-vall-den-bas\/\" target=\"_self\">\n                                        <img  data-lazy-load-src=\"https:\/\/moreholiday.es\/wp-content\/uploads\/2026\/03\/35-Mas-Toralles-400x314.jpg\" alt=\"property image\" class=\"img-responsive\" \/><\/a>\n                                    <\/div><div class=\"item lazy-load-item\">\n                                        <a href=\"https:\/\/moreholiday.es\/en\/properties\/mas-toralles-autenticitat-calma-i-natura-a-la-vall-den-bas\/\" target=\"_self\">\n                                        <img  data-lazy-load-src=\"https:\/\/moreholiday.es\/wp-content\/uploads\/2026\/03\/16-Mas-Toralles-400x314.jpg\" alt=\"property image\" class=\"img-responsive\" \/><\/a>\n                                    <\/div><div class=\"item lazy-load-item\">\n                                        <a href=\"https:\/\/moreholiday.es\/en\/properties\/mas-toralles-autenticitat-calma-i-natura-a-la-vall-den-bas\/\" target=\"_self\">\n                                        <img  data-lazy-load-src=\"https:\/\/moreholiday.es\/wp-content\/uploads\/2026\/03\/04-Mas-Toralles-400x314.jpg\" alt=\"property image\" class=\"img-responsive\" \/><\/a>\n                                    <\/div><div class=\"item lazy-load-item\">\n                                        <a href=\"https:\/\/moreholiday.es\/en\/properties\/mas-toralles-autenticitat-calma-i-natura-a-la-vall-den-bas\/\" target=\"_self\">\n                                        <img  data-lazy-load-src=\"https:\/\/moreholiday.es\/wp-content\/uploads\/2026\/03\/36-Mas-Toralles-400x314.jpg\" alt=\"property image\" class=\"img-responsive\" \/><\/a>\n                                    <\/div><div class=\"item lazy-load-item\">\n                                        <a href=\"https:\/\/moreholiday.es\/en\/properties\/mas-toralles-autenticitat-calma-i-natura-a-la-vall-den-bas\/\" target=\"_self\">\n                                        <img  data-lazy-load-src=\"https:\/\/moreholiday.es\/wp-content\/uploads\/2026\/03\/02-Mas-Toralles-400x314.jpg\" alt=\"property image\" class=\"img-responsive\" \/><\/a>\n                                    <\/div><div class=\"item lazy-load-item\">\n                                        <a href=\"https:\/\/moreholiday.es\/en\/properties\/mas-toralles-autenticitat-calma-i-natura-a-la-vall-den-bas\/\" target=\"_self\">\n                                        <img  data-lazy-load-src=\"https:\/\/moreholiday.es\/wp-content\/uploads\/2026\/03\/37-Mas-Toralles-400x314.jpg\" alt=\"property image\" class=\"img-responsive\" \/><\/a>\n                                    <\/div><div class=\"item lazy-load-item\">\n                                        <a href=\"https:\/\/moreholiday.es\/en\/properties\/mas-toralles-autenticitat-calma-i-natura-a-la-vall-den-bas\/\" target=\"_self\">\n                                        <img  data-lazy-load-src=\"https:\/\/moreholiday.es\/wp-content\/uploads\/2026\/03\/38-Mas-Toralles-400x314.jpg\" alt=\"property image\" class=\"img-responsive\" \/><\/a>\n                                    <\/div><div class=\"item lazy-load-item\">\n                                        <a href=\"https:\/\/moreholiday.es\/en\/properties\/mas-toralles-autenticitat-calma-i-natura-a-la-vall-den-bas\/\" target=\"_self\">\n                                        <img  data-lazy-load-src=\"https:\/\/moreholiday.es\/wp-content\/uploads\/2026\/03\/40-Mas-Toralles-400x314.jpg\" alt=\"property image\" class=\"img-responsive\" \/><\/a>\n                                    <\/div><div class=\"item lazy-load-item\">\n                                        <a href=\"https:\/\/moreholiday.es\/en\/properties\/mas-toralles-autenticitat-calma-i-natura-a-la-vall-den-bas\/\" target=\"_self\">\n                                        <img  data-lazy-load-src=\"https:\/\/moreholiday.es\/wp-content\/uploads\/2026\/03\/39-Mas-Toralles-400x314.jpg\" alt=\"property image\" class=\"img-responsive\" \/><\/a>\n                                    <\/div><div class=\"item lazy-load-item\">\n                                        <a href=\"https:\/\/moreholiday.es\/en\/properties\/mas-toralles-autenticitat-calma-i-natura-a-la-vall-den-bas\/\" target=\"_self\">\n                                        <img  data-lazy-load-src=\"https:\/\/moreholiday.es\/wp-content\/uploads\/2026\/03\/42-Mas-Toralles-400x314.jpg\" alt=\"property image\" class=\"img-responsive\" \/><\/a>\n                                    <\/div><div class=\"item lazy-load-item\">\n                                        <a href=\"https:\/\/moreholiday.es\/en\/properties\/mas-toralles-autenticitat-calma-i-natura-a-la-vall-den-bas\/\" target=\"_self\">\n                                        <img  data-lazy-load-src=\"https:\/\/moreholiday.es\/wp-content\/uploads\/2026\/03\/41-Mas-Toralles-400x314.jpg\" alt=\"property image\" class=\"img-responsive\" \/><\/a>\n                                    <\/div><div class=\"item lazy-load-item\">\n                                        <a href=\"https:\/\/moreholiday.es\/en\/properties\/mas-toralles-autenticitat-calma-i-natura-a-la-vall-den-bas\/\" target=\"_self\">\n                                        <img  data-lazy-load-src=\"https:\/\/moreholiday.es\/wp-content\/uploads\/2026\/03\/43-Mas-Toralles-400x314.jpg\" alt=\"property image\" class=\"img-responsive\" \/><\/a>\n                                    <\/div><div class=\"item lazy-load-item\">\n                                        <a href=\"https:\/\/moreholiday.es\/en\/properties\/mas-toralles-autenticitat-calma-i-natura-a-la-vall-den-bas\/\" target=\"_self\">\n                                        <img  data-lazy-load-src=\"https:\/\/moreholiday.es\/wp-content\/uploads\/2026\/03\/44-Mas-Toralles-400x314.jpg\" alt=\"property image\" class=\"img-responsive\" \/><\/a>\n                                    <\/div><div class=\"item lazy-load-item\">\n                                        <a href=\"https:\/\/moreholiday.es\/en\/properties\/mas-toralles-autenticitat-calma-i-natura-a-la-vall-den-bas\/\" target=\"_self\">\n                                        <img  data-lazy-load-src=\"https:\/\/moreholiday.es\/wp-content\/uploads\/2026\/03\/45-Mas-Toralles-400x314.jpg\" alt=\"property image\" class=\"img-responsive\" \/><\/a>\n                                    <\/div><div class=\"item lazy-load-item\">\n                                        <a href=\"https:\/\/moreholiday.es\/en\/properties\/mas-toralles-autenticitat-calma-i-natura-a-la-vall-den-bas\/\" target=\"_self\">\n                                        <img  data-lazy-load-src=\"https:\/\/moreholiday.es\/wp-content\/uploads\/2026\/03\/46-Mas-Toralles-400x314.jpg\" alt=\"property image\" class=\"img-responsive\" \/><\/a>\n                                    <\/div><div class=\"item lazy-load-item\">\n                                        <a href=\"https:\/\/moreholiday.es\/en\/properties\/mas-toralles-autenticitat-calma-i-natura-a-la-vall-den-bas\/\" target=\"_self\">\n                                        <img  data-lazy-load-src=\"https:\/\/moreholiday.es\/wp-content\/uploads\/2026\/03\/47-Mas-Toralles-400x314.jpg\" alt=\"property image\" class=\"img-responsive\" \/><\/a>\n                                    <\/div><div class=\"item lazy-load-item\">\n                                        <a href=\"https:\/\/moreholiday.es\/en\/properties\/mas-toralles-autenticitat-calma-i-natura-a-la-vall-den-bas\/\" target=\"_self\">\n                                        <img  data-lazy-load-src=\"https:\/\/moreholiday.es\/wp-content\/uploads\/2026\/03\/49-Mas-Toralles-400x314.jpg\" alt=\"property image\" class=\"img-responsive\" \/><\/a>\n                                    <\/div>\n                    <\/div><a href=\"https:\/\/moreholiday.es\/en\/properties\/mas-toralles-autenticitat-calma-i-natura-a-la-vall-den-bas\/\"> <\/a><a class=\"left  carousel-control\" href=\"#property_unit_carousel_69f5de12229a9\" data-slide=\"prev\">\n                        <i class=\"icon-left-open-big\"><\/i>\n                    <\/a>\n\n                    <a class=\"right  carousel-control\" href=\"#property_unit_carousel_69f5de12229a9\" data-slide=\"next\">\n                        <i class=\"icon-right-open-big\"><\/i>\n                    <\/a><\/div><div class=\"price_unit_wrapper\"> <\/div><div class=\"\" itemprop=\"offers\" itemscope itemtype=\"http:\/\/schema.org\/Offer\"> <link itemprop=\"url\" href=\"https:\/\/moreholiday.es\/en\/properties\/mas-toralles-autenticitat-calma-i-natura-a-la-vall-den-bas\/\"\/><meta itemprop=\"priceCurrency\" content=\"EU\" \/><div class=\"price_unit\"><span itemprop=\"price\" content=\"941\">941 \u20ac<span class=\"pernight\"> \/night<\/span><\/div><\/div><\/div>\n\n\n            <div class=\"property_status_wrapper\"><\/div>\n            <div class=\"title-container\">\n\n                <meta itemprop=\"ratingValue\" content=\"0\"\/><div class=rating_placeholder><\/div>\n                <div class=\"category_name\">\n                        <a  itemprop=\"url\"  href=\"https:\/\/moreholiday.es\/en\/properties\/mas-toralles-autenticitat-calma-i-natura-a-la-vall-den-bas\/\"  class=\"listing_title_unit\" >\n    \n    \n   <span itemprop=\"name\">\n    Mas Toralles \u2013 Authenticity, calm and nature in the Vall d\u2019e    <\/span>\n<\/a>\n                    <div class=\"category_tagline actions_icon\">\n                        <a href=\"https:\/\/moreholiday.es\/en\/listings\/cases-rurals-en\/\" rel=\"tag\">Cases rurals<\/a>, <a href=\"https:\/\/moreholiday.es\/en\/listings\/villas-en\/\" rel=\"tag\">Villas<\/a> \/ <a href=\"https:\/\/moreholiday.es\/en\/action\/entire-home-en\/\" rel=\"tag\">Casa sencera<\/a>                    <\/div>\n\n                    <div class=\"category_tagline custom_details\">\n                       <div class=\"custom_listing_data\"><span class=\"custom_listing_data_label\">Hostes:<\/span>15<\/div><div class=\"custom_listing_data\"><i class=\"fas fa-bed\"><\/i>8<\/div><div class=\"custom_listing_data\"><i class=\"fas fa-bath\"><\/i>8<\/div>                    <\/div>\n                <\/div>\n\n\n            <\/div>\n            <\/div>\n<\/div>\n\n<div itemscope itemtype=\"http:\/\/schema.org\/Product\" class=\"listing_wrapper col-md-4 shortcode-col property_unit_v3  property_flex propety_unit_3\" data-org=\"4\" data-listid=\"52462\" >\n    \n    <div class=\"property_listing\" >\n        \n\n            <div class=\"listing-unit-img-wrapper\"><div class=\"property_unit_action\">\n    <span class=\"icon-fav icon-fav-off\" data-original-title=\"add to favorites\" data-postid=\"52462\">\n        <svg viewBox=\"0 0 32 32\" xmlns=\"http:\/\/www.w3.org\/2000\/svg\" aria-hidden=\"true\" role=\"presentation\" focusable=\"false\" \nstyle=\"display: block;  height: 24px; width: 24px; stroke: #fff; stroke-width: 2; overflow: visible;\">\n<path d=\"m16 28c7-4.733 14-10 14-17 0-1.792-.683-3.583-2.05-4.95-1.367-1.366-3.158-2.05-4.95-2.05-1.791 0-3.583.684-4.949 2.05l-2.051 2.051-2.05-2.051c-1.367-1.366-3.158-2.05-4.95-2.05-1.791 0-3.583.684-4.949 2.05-1.367 1.367-2.051 3.158-2.051 4.95 0 7 7 12.267 14 17z\"><\/path>\n<\/svg><\/span>\n    <\/div>\n                <div id=\"property_unit_carousel_69f5de12297b4\" class=\"carousel property_unit_carousel slide  \" data-ride=\"carousel\" data-interval=\"false\">\n                    <div class=\"carousel-inner\">\n                        <div class=\"item active\">\n                            <a href=\"https:\/\/moreholiday.es\/en\/properties\/m-de-puigsec-mas-rural-al-ripolles\/\" target=\"_self\" ><img decoding=\"async\" itemprop=\"image\" src=\"https:\/\/moreholiday.es\/wp-content\/uploads\/2022\/06\/01-01-M-de-Puigsec-min-400x314.jpg\"   class=\"b-lazy img-responsive wp-post-image lazy-hidden\" alt=\"M DE PUIGSEC  &#8211; Charming stone cottage in the Ripoll\u00e8s region\" \/><\/a>\n                        <\/div>\n                        <div class=\"item lazy-load-item\">\n                                        <a href=\"https:\/\/moreholiday.es\/en\/properties\/m-de-puigsec-mas-rural-al-ripolles\/\" target=\"_self\">\n                                        <img  data-lazy-load-src=\"https:\/\/moreholiday.es\/wp-content\/uploads\/2022\/06\/02-M-de-Puigsec-min-400x314.jpg\" alt=\"property image\" class=\"img-responsive\" \/><\/a>\n                                    <\/div><div class=\"item lazy-load-item\">\n                                        <a href=\"https:\/\/moreholiday.es\/en\/properties\/m-de-puigsec-mas-rural-al-ripolles\/\" target=\"_self\">\n                                        <img  data-lazy-load-src=\"https:\/\/moreholiday.es\/wp-content\/uploads\/2022\/06\/03-M-de-Puigsec-min-400x314.jpg\" alt=\"property image\" class=\"img-responsive\" \/><\/a>\n                                    <\/div><div class=\"item lazy-load-item\">\n                                        <a href=\"https:\/\/moreholiday.es\/en\/properties\/m-de-puigsec-mas-rural-al-ripolles\/\" target=\"_self\">\n                                        <img  data-lazy-load-src=\"https:\/\/moreholiday.es\/wp-content\/uploads\/2022\/06\/04-M-de-Pugisec-min-400x314.jpg\" alt=\"property image\" class=\"img-responsive\" \/><\/a>\n                                    <\/div><div class=\"item lazy-load-item\">\n                                        <a href=\"https:\/\/moreholiday.es\/en\/properties\/m-de-puigsec-mas-rural-al-ripolles\/\" target=\"_self\">\n                                        <img  data-lazy-load-src=\"https:\/\/moreholiday.es\/wp-content\/uploads\/2022\/06\/05-M-de-Puigsec-min-400x314.jpg\" alt=\"property image\" class=\"img-responsive\" \/><\/a>\n                                    <\/div><div class=\"item lazy-load-item\">\n                                        <a href=\"https:\/\/moreholiday.es\/en\/properties\/m-de-puigsec-mas-rural-al-ripolles\/\" target=\"_self\">\n                                        <img  data-lazy-load-src=\"https:\/\/moreholiday.es\/wp-content\/uploads\/2022\/06\/06-M-de-Puigsec-min-400x314.jpg\" alt=\"property image\" class=\"img-responsive\" \/><\/a>\n                                    <\/div><div class=\"item lazy-load-item\">\n                                        <a href=\"https:\/\/moreholiday.es\/en\/properties\/m-de-puigsec-mas-rural-al-ripolles\/\" target=\"_self\">\n                                        <img  data-lazy-load-src=\"https:\/\/moreholiday.es\/wp-content\/uploads\/2022\/06\/07-M-de-Puigsec-min-400x314.jpg\" alt=\"property image\" class=\"img-responsive\" \/><\/a>\n                                    <\/div><div class=\"item lazy-load-item\">\n                                        <a href=\"https:\/\/moreholiday.es\/en\/properties\/m-de-puigsec-mas-rural-al-ripolles\/\" target=\"_self\">\n                                        <img  data-lazy-load-src=\"https:\/\/moreholiday.es\/wp-content\/uploads\/2022\/06\/08-M-de-Puigsec-min-400x314.jpg\" alt=\"property image\" class=\"img-responsive\" \/><\/a>\n                                    <\/div><div class=\"item lazy-load-item\">\n                                        <a href=\"https:\/\/moreholiday.es\/en\/properties\/m-de-puigsec-mas-rural-al-ripolles\/\" target=\"_self\">\n                                        <img  data-lazy-load-src=\"https:\/\/moreholiday.es\/wp-content\/uploads\/2022\/06\/09-M-de-Puigsec-min-400x314.jpg\" alt=\"property image\" class=\"img-responsive\" \/><\/a>\n                                    <\/div><div class=\"item lazy-load-item\">\n                                        <a href=\"https:\/\/moreholiday.es\/en\/properties\/m-de-puigsec-mas-rural-al-ripolles\/\" target=\"_self\">\n                                        <img  data-lazy-load-src=\"https:\/\/moreholiday.es\/wp-content\/uploads\/2022\/06\/10-M-de-Puigsec-min-400x314.jpg\" alt=\"property image\" class=\"img-responsive\" \/><\/a>\n                                    <\/div><div class=\"item lazy-load-item\">\n                                        <a href=\"https:\/\/moreholiday.es\/en\/properties\/m-de-puigsec-mas-rural-al-ripolles\/\" target=\"_self\">\n                                        <img  data-lazy-load-src=\"https:\/\/moreholiday.es\/wp-content\/uploads\/2022\/06\/11-M-de-Puigsec-min-400x314.jpg\" alt=\"property image\" class=\"img-responsive\" \/><\/a>\n                                    <\/div><div class=\"item lazy-load-item\">\n                                        <a href=\"https:\/\/moreholiday.es\/en\/properties\/m-de-puigsec-mas-rural-al-ripolles\/\" target=\"_self\">\n                                        <img  data-lazy-load-src=\"https:\/\/moreholiday.es\/wp-content\/uploads\/2022\/06\/12-M-de-Puigsec-min-400x314.jpg\" alt=\"property image\" class=\"img-responsive\" \/><\/a>\n                                    <\/div><div class=\"item lazy-load-item\">\n                                        <a href=\"https:\/\/moreholiday.es\/en\/properties\/m-de-puigsec-mas-rural-al-ripolles\/\" target=\"_self\">\n                                        <img  data-lazy-load-src=\"https:\/\/moreholiday.es\/wp-content\/uploads\/2022\/06\/13-M-de-Puigsec-min-400x314.jpg\" alt=\"property image\" class=\"img-responsive\" \/><\/a>\n                                    <\/div><div class=\"item lazy-load-item\">\n                                        <a href=\"https:\/\/moreholiday.es\/en\/properties\/m-de-puigsec-mas-rural-al-ripolles\/\" target=\"_self\">\n                                        <img  data-lazy-load-src=\"https:\/\/moreholiday.es\/wp-content\/uploads\/2022\/06\/14-M-de-Puigsec-min-400x314.jpg\" alt=\"property image\" class=\"img-responsive\" \/><\/a>\n                                    <\/div><div class=\"item lazy-load-item\">\n                                        <a href=\"https:\/\/moreholiday.es\/en\/properties\/m-de-puigsec-mas-rural-al-ripolles\/\" target=\"_self\">\n                                        <img  data-lazy-load-src=\"https:\/\/moreholiday.es\/wp-content\/uploads\/2022\/06\/15-M-de-Puigsec-min-400x314.jpg\" alt=\"property image\" class=\"img-responsive\" \/><\/a>\n                                    <\/div><div class=\"item lazy-load-item\">\n                                        <a href=\"https:\/\/moreholiday.es\/en\/properties\/m-de-puigsec-mas-rural-al-ripolles\/\" target=\"_self\">\n                                        <img  data-lazy-load-src=\"https:\/\/moreholiday.es\/wp-content\/uploads\/2022\/06\/16-M-de-Puigsec-min-400x314.jpg\" alt=\"property image\" class=\"img-responsive\" \/><\/a>\n                                    <\/div><div class=\"item lazy-load-item\">\n                                        <a href=\"https:\/\/moreholiday.es\/en\/properties\/m-de-puigsec-mas-rural-al-ripolles\/\" target=\"_self\">\n                                        <img  data-lazy-load-src=\"https:\/\/moreholiday.es\/wp-content\/uploads\/2022\/06\/17-M-de-Puigsec-min-400x314.jpg\" alt=\"property image\" class=\"img-responsive\" \/><\/a>\n                                    <\/div><div class=\"item lazy-load-item\">\n                                        <a href=\"https:\/\/moreholiday.es\/en\/properties\/m-de-puigsec-mas-rural-al-ripolles\/\" target=\"_self\">\n                                        <img  data-lazy-load-src=\"https:\/\/moreholiday.es\/wp-content\/uploads\/2022\/06\/18-M-de-Puigsec-min-400x314.jpg\" alt=\"property image\" class=\"img-responsive\" \/><\/a>\n                                    <\/div><div class=\"item lazy-load-item\">\n                                        <a href=\"https:\/\/moreholiday.es\/en\/properties\/m-de-puigsec-mas-rural-al-ripolles\/\" target=\"_self\">\n                                        <img  data-lazy-load-src=\"https:\/\/moreholiday.es\/wp-content\/uploads\/2022\/06\/19-M-de-Puigsec-min-400x314.jpg\" alt=\"property image\" class=\"img-responsive\" \/><\/a>\n                                    <\/div><div class=\"item lazy-load-item\">\n                                        <a href=\"https:\/\/moreholiday.es\/en\/properties\/m-de-puigsec-mas-rural-al-ripolles\/\" target=\"_self\">\n                                        <img  data-lazy-load-src=\"https:\/\/moreholiday.es\/wp-content\/uploads\/2022\/06\/20-M-de-Puigsec-min-400x314.jpg\" alt=\"property image\" class=\"img-responsive\" \/><\/a>\n                                    <\/div><div class=\"item lazy-load-item\">\n                                        <a href=\"https:\/\/moreholiday.es\/en\/properties\/m-de-puigsec-mas-rural-al-ripolles\/\" target=\"_self\">\n                                        <img  data-lazy-load-src=\"https:\/\/moreholiday.es\/wp-content\/uploads\/2022\/06\/21-M-de-Puigsec-min-400x314.jpg\" alt=\"property image\" class=\"img-responsive\" \/><\/a>\n                                    <\/div><div class=\"item lazy-load-item\">\n                                        <a href=\"https:\/\/moreholiday.es\/en\/properties\/m-de-puigsec-mas-rural-al-ripolles\/\" target=\"_self\">\n                                        <img  data-lazy-load-src=\"https:\/\/moreholiday.es\/wp-content\/uploads\/2022\/06\/22-M-de-Puigsec-min-400x314.jpg\" alt=\"property image\" class=\"img-responsive\" \/><\/a>\n                                    <\/div><div class=\"item lazy-load-item\">\n                                        <a href=\"https:\/\/moreholiday.es\/en\/properties\/m-de-puigsec-mas-rural-al-ripolles\/\" target=\"_self\">\n                                        <img  data-lazy-load-src=\"https:\/\/moreholiday.es\/wp-content\/uploads\/2022\/06\/23-M-de-Puigsec-min-400x314.jpg\" alt=\"property image\" class=\"img-responsive\" \/><\/a>\n                                    <\/div><div class=\"item lazy-load-item\">\n                                        <a href=\"https:\/\/moreholiday.es\/en\/properties\/m-de-puigsec-mas-rural-al-ripolles\/\" target=\"_self\">\n                                        <img  data-lazy-load-src=\"https:\/\/moreholiday.es\/wp-content\/uploads\/2022\/06\/24-M-de-Puigsec-min-400x314.jpg\" alt=\"property image\" class=\"img-responsive\" \/><\/a>\n                                    <\/div><div class=\"item lazy-load-item\">\n                                        <a href=\"https:\/\/moreholiday.es\/en\/properties\/m-de-puigsec-mas-rural-al-ripolles\/\" target=\"_self\">\n                                        <img  data-lazy-load-src=\"https:\/\/moreholiday.es\/wp-content\/uploads\/2022\/06\/25-M-de-Puigsec-min-400x314.jpg\" alt=\"property image\" class=\"img-responsive\" \/><\/a>\n                                    <\/div><div class=\"item lazy-load-item\">\n                                        <a href=\"https:\/\/moreholiday.es\/en\/properties\/m-de-puigsec-mas-rural-al-ripolles\/\" target=\"_self\">\n                                        <img  data-lazy-load-src=\"https:\/\/moreholiday.es\/wp-content\/uploads\/2022\/06\/26-M-de-Puigsec-min-400x314.jpg\" alt=\"property image\" class=\"img-responsive\" \/><\/a>\n                                    <\/div><div class=\"item lazy-load-item\">\n                                        <a href=\"https:\/\/moreholiday.es\/en\/properties\/m-de-puigsec-mas-rural-al-ripolles\/\" target=\"_self\">\n                                        <img  data-lazy-load-src=\"https:\/\/moreholiday.es\/wp-content\/uploads\/2022\/06\/27-M-de-Puigsec-min-400x314.jpg\" alt=\"property image\" class=\"img-responsive\" \/><\/a>\n                                    <\/div><div class=\"item lazy-load-item\">\n                                        <a href=\"https:\/\/moreholiday.es\/en\/properties\/m-de-puigsec-mas-rural-al-ripolles\/\" target=\"_self\">\n                                        <img  data-lazy-load-src=\"https:\/\/moreholiday.es\/wp-content\/uploads\/2022\/06\/28-M-de-Puigsec-min-400x314.jpg\" alt=\"property image\" class=\"img-responsive\" \/><\/a>\n                                    <\/div><div class=\"item lazy-load-item\">\n                                        <a href=\"https:\/\/moreholiday.es\/en\/properties\/m-de-puigsec-mas-rural-al-ripolles\/\" target=\"_self\">\n                                        <img  data-lazy-load-src=\"https:\/\/moreholiday.es\/wp-content\/uploads\/2022\/06\/29-M-de-Puigsec-min-400x314.jpg\" alt=\"property image\" class=\"img-responsive\" \/><\/a>\n                                    <\/div><div class=\"item lazy-load-item\">\n                                        <a href=\"https:\/\/moreholiday.es\/en\/properties\/m-de-puigsec-mas-rural-al-ripolles\/\" target=\"_self\">\n                                        <img  data-lazy-load-src=\"https:\/\/moreholiday.es\/wp-content\/uploads\/2022\/06\/30-M-de-Puigsec-min-400x314.jpg\" alt=\"property image\" class=\"img-responsive\" \/><\/a>\n                                    <\/div><div class=\"item lazy-load-item\">\n                                        <a href=\"https:\/\/moreholiday.es\/en\/properties\/m-de-puigsec-mas-rural-al-ripolles\/\" target=\"_self\">\n                                        <img  data-lazy-load-src=\"https:\/\/moreholiday.es\/wp-content\/uploads\/2022\/06\/31-M-de-Puigsec-min-400x314.jpg\" alt=\"property image\" class=\"img-responsive\" \/><\/a>\n                                    <\/div><div class=\"item lazy-load-item\">\n                                        <a href=\"https:\/\/moreholiday.es\/en\/properties\/m-de-puigsec-mas-rural-al-ripolles\/\" target=\"_self\">\n                                        <img  data-lazy-load-src=\"https:\/\/moreholiday.es\/wp-content\/uploads\/2022\/06\/32-M-de-Puigsec-min-400x314.jpg\" alt=\"property image\" class=\"img-responsive\" \/><\/a>\n                                    <\/div><div class=\"item lazy-load-item\">\n                                        <a href=\"https:\/\/moreholiday.es\/en\/properties\/m-de-puigsec-mas-rural-al-ripolles\/\" target=\"_self\">\n                                        <img  data-lazy-load-src=\"https:\/\/moreholiday.es\/wp-content\/uploads\/2022\/06\/33-M-de-Puigsec-min-400x314.jpg\" alt=\"property image\" class=\"img-responsive\" \/><\/a>\n                                    <\/div><div class=\"item lazy-load-item\">\n                                        <a href=\"https:\/\/moreholiday.es\/en\/properties\/m-de-puigsec-mas-rural-al-ripolles\/\" target=\"_self\">\n                                        <img  data-lazy-load-src=\"https:\/\/moreholiday.es\/wp-content\/uploads\/2022\/06\/34-M-de-Puigsec-min-400x314.jpg\" alt=\"property image\" class=\"img-responsive\" \/><\/a>\n                                    <\/div><div class=\"item lazy-load-item\">\n                                        <a href=\"https:\/\/moreholiday.es\/en\/properties\/m-de-puigsec-mas-rural-al-ripolles\/\" target=\"_self\">\n                                        <img  data-lazy-load-src=\"https:\/\/moreholiday.es\/wp-content\/uploads\/2022\/06\/35-M-de-Puigsec-min-400x314.jpg\" alt=\"property image\" class=\"img-responsive\" \/><\/a>\n                                    <\/div><div class=\"item lazy-load-item\">\n                                        <a href=\"https:\/\/moreholiday.es\/en\/properties\/m-de-puigsec-mas-rural-al-ripolles\/\" target=\"_self\">\n                                        <img  data-lazy-load-src=\"https:\/\/moreholiday.es\/wp-content\/uploads\/2022\/06\/36-M-de-Puigsec-min-400x314.jpg\" alt=\"property image\" class=\"img-responsive\" \/><\/a>\n                                    <\/div><div class=\"item lazy-load-item\">\n                                        <a href=\"https:\/\/moreholiday.es\/en\/properties\/m-de-puigsec-mas-rural-al-ripolles\/\" target=\"_self\">\n                                        <img  data-lazy-load-src=\"https:\/\/moreholiday.es\/wp-content\/uploads\/2022\/06\/37-M-de-Puigsec-min-400x314.jpg\" alt=\"property image\" class=\"img-responsive\" \/><\/a>\n                                    <\/div><div class=\"item lazy-load-item\">\n                                        <a href=\"https:\/\/moreholiday.es\/en\/properties\/m-de-puigsec-mas-rural-al-ripolles\/\" target=\"_self\">\n                                        <img  data-lazy-load-src=\"https:\/\/moreholiday.es\/wp-content\/uploads\/2022\/06\/38-M-de-Puigsec-min-400x314.jpg\" alt=\"property image\" class=\"img-responsive\" \/><\/a>\n                                    <\/div><div class=\"item lazy-load-item\">\n                                        <a href=\"https:\/\/moreholiday.es\/en\/properties\/m-de-puigsec-mas-rural-al-ripolles\/\" target=\"_self\">\n                                        <img  data-lazy-load-src=\"https:\/\/moreholiday.es\/wp-content\/uploads\/2022\/06\/Jul22PuigsecVallfogona-4-400x314.jpg\" alt=\"property image\" class=\"img-responsive\" \/><\/a>\n                                    <\/div><div class=\"item lazy-load-item\">\n                                        <a href=\"https:\/\/moreholiday.es\/en\/properties\/m-de-puigsec-mas-rural-al-ripolles\/\" target=\"_self\">\n                                        <img  data-lazy-load-src=\"https:\/\/moreholiday.es\/wp-content\/uploads\/2022\/06\/39-M-de-Puigsec-min-400x314.jpg\" alt=\"property image\" class=\"img-responsive\" \/><\/a>\n                                    <\/div><div class=\"item lazy-load-item\">\n                                        <a href=\"https:\/\/moreholiday.es\/en\/properties\/m-de-puigsec-mas-rural-al-ripolles\/\" target=\"_self\">\n                                        <img  data-lazy-load-src=\"https:\/\/moreholiday.es\/wp-content\/uploads\/2022\/06\/40-M-de-Puigsec-min-400x314.jpg\" alt=\"property image\" class=\"img-responsive\" \/><\/a>\n                                    <\/div><div class=\"item lazy-load-item\">\n                                        <a href=\"https:\/\/moreholiday.es\/en\/properties\/m-de-puigsec-mas-rural-al-ripolles\/\" target=\"_self\">\n                                        <img  data-lazy-load-src=\"https:\/\/moreholiday.es\/wp-content\/uploads\/2022\/06\/41-M-de-Puigsec-min-400x314.jpg\" alt=\"property image\" class=\"img-responsive\" \/><\/a>\n                                    <\/div><div class=\"item lazy-load-item\">\n                                        <a href=\"https:\/\/moreholiday.es\/en\/properties\/m-de-puigsec-mas-rural-al-ripolles\/\" target=\"_self\">\n                                        <img  data-lazy-load-src=\"https:\/\/moreholiday.es\/wp-content\/uploads\/2022\/06\/42-M-de-Puigsec-min-400x314.jpg\" alt=\"property image\" class=\"img-responsive\" \/><\/a>\n                                    <\/div><div class=\"item lazy-load-item\">\n                                        <a href=\"https:\/\/moreholiday.es\/en\/properties\/m-de-puigsec-mas-rural-al-ripolles\/\" target=\"_self\">\n                                        <img  data-lazy-load-src=\"https:\/\/moreholiday.es\/wp-content\/uploads\/2022\/06\/targeta_terrassa-400x314.png\" alt=\"property image\" class=\"img-responsive\" \/><\/a>\n                                    <\/div><div class=\"item lazy-load-item\">\n                                        <a href=\"https:\/\/moreholiday.es\/en\/properties\/m-de-puigsec-mas-rural-al-ripolles\/\" target=\"_self\">\n                                        <img  data-lazy-load-src=\"https:\/\/moreholiday.es\/wp-content\/uploads\/2022\/06\/targeta_barbacoa-400x314.png\" alt=\"property image\" class=\"img-responsive\" \/><\/a>\n                                    <\/div><div class=\"item lazy-load-item\">\n                                        <a href=\"https:\/\/moreholiday.es\/en\/properties\/m-de-puigsec-mas-rural-al-ripolles\/\" target=\"_self\">\n                                        <img  data-lazy-load-src=\"https:\/\/moreholiday.es\/wp-content\/uploads\/2022\/06\/targeta_llar-de-foc-400x314.png\" alt=\"property image\" class=\"img-responsive\" \/><\/a>\n                                    <\/div><div class=\"item lazy-load-item\">\n                                        <a href=\"https:\/\/moreholiday.es\/en\/properties\/m-de-puigsec-mas-rural-al-ripolles\/\" target=\"_self\">\n                                        <img  data-lazy-load-src=\"https:\/\/moreholiday.es\/wp-content\/uploads\/2022\/06\/targeta_wifi-400x314.png\" alt=\"property image\" class=\"img-responsive\" \/><\/a>\n                                    <\/div><div class=\"item lazy-load-item\">\n                                        <a href=\"https:\/\/moreholiday.es\/en\/properties\/m-de-puigsec-mas-rural-al-ripolles\/\" target=\"_self\">\n                                        <img  data-lazy-load-src=\"https:\/\/moreholiday.es\/wp-content\/uploads\/2022\/06\/targeta_vistes-400x314.png\" alt=\"property image\" class=\"img-responsive\" \/><\/a>\n                                    <\/div><div class=\"item lazy-load-item\">\n                                        <a href=\"https:\/\/moreholiday.es\/en\/properties\/m-de-puigsec-mas-rural-al-ripolles\/\" target=\"_self\">\n                                        <img  data-lazy-load-src=\"https:\/\/moreholiday.es\/wp-content\/uploads\/2022\/06\/targeta_jardi-400x314.png\" alt=\"property image\" class=\"img-responsive\" \/><\/a>\n                                    <\/div><div class=\"item lazy-load-item\">\n                                        <a href=\"https:\/\/moreholiday.es\/en\/properties\/m-de-puigsec-mas-rural-al-ripolles\/\" target=\"_self\">\n                                        <img  data-lazy-load-src=\"https:\/\/moreholiday.es\/wp-content\/uploads\/2022\/06\/tarjeta_jardin-1-400x314.png\" alt=\"property image\" class=\"img-responsive\" \/><\/a>\n                                    <\/div>\n                    <\/div><a href=\"https:\/\/moreholiday.es\/en\/properties\/m-de-puigsec-mas-rural-al-ripolles\/\"> <\/a><a class=\"left  carousel-control\" href=\"#property_unit_carousel_69f5de12297b4\" data-slide=\"prev\">\n                        <i class=\"icon-left-open-big\"><\/i>\n                    <\/a>\n\n                    <a class=\"right  carousel-control\" href=\"#property_unit_carousel_69f5de12297b4\" data-slide=\"next\">\n                        <i class=\"icon-right-open-big\"><\/i>\n                    <\/a><\/div><div class=\"price_unit_wrapper\"> <\/div><div class=\"\" itemprop=\"offers\" itemscope itemtype=\"http:\/\/schema.org\/Offer\"> <link itemprop=\"url\" href=\"https:\/\/moreholiday.es\/en\/properties\/m-de-puigsec-mas-rural-al-ripolles\/\"\/><meta itemprop=\"priceCurrency\" content=\"EU\" \/><div class=\"price_unit\"><span itemprop=\"price\" content=\"175\">175 \u20ac<span class=\"pernight\"> \/night<\/span><\/div><\/div><\/div>\n\n\n            <div class=\"property_status_wrapper\"><\/div>\n            <div class=\"title-container\">\n\n                <meta itemprop=\"ratingValue\" content=\"0\"\/><div class=rating_placeholder><\/div>\n                <div class=\"category_name\">\n                        <a  itemprop=\"url\"  href=\"https:\/\/moreholiday.es\/en\/properties\/m-de-puigsec-mas-rural-al-ripolles\/\"  class=\"listing_title_unit\" >\n    \n    \n   <span itemprop=\"name\">\n    M DE PUIGSEC  \u2013 Charming stone cottage in the Ripoll\u00e8s regio    <\/span>\n<\/a>\n                    <div class=\"category_tagline actions_icon\">\n                        <a href=\"https:\/\/moreholiday.es\/en\/listings\/cases-rurals-en\/\" rel=\"tag\">Cases rurals<\/a> \/ <a href=\"https:\/\/moreholiday.es\/en\/action\/entire-home-en\/\" rel=\"tag\">Casa sencera<\/a>                    <\/div>\n\n                    <div class=\"category_tagline custom_details\">\n                       <div class=\"custom_listing_data\"><span class=\"custom_listing_data_label\">Hostes:<\/span>6<\/div><div class=\"custom_listing_data\"><i class=\"fas fa-bed\"><\/i>2<\/div><div class=\"custom_listing_data\"><i class=\"fas fa-bath\"><\/i>1<\/div>                    <\/div>\n                <\/div>\n\n\n            <\/div>\n            <\/div>\n<\/div>\n\n<div itemscope itemtype=\"http:\/\/schema.org\/Product\" class=\"listing_wrapper col-md-4 shortcode-col property_unit_v3  property_flex propety_unit_3\" data-org=\"4\" data-listid=\"84648\" >\n    \n    <div class=\"property_listing\" >\n        \n\n            <div class=\"listing-unit-img-wrapper\"><div class=\"property_unit_action\">\n    <span class=\"icon-fav icon-fav-off\" data-original-title=\"add to favorites\" data-postid=\"84648\">\n        <svg viewBox=\"0 0 32 32\" xmlns=\"http:\/\/www.w3.org\/2000\/svg\" aria-hidden=\"true\" role=\"presentation\" focusable=\"false\" \nstyle=\"display: block;  height: 24px; width: 24px; stroke: #fff; stroke-width: 2; overflow: visible;\">\n<path d=\"m16 28c7-4.733 14-10 14-17 0-1.792-.683-3.583-2.05-4.95-1.367-1.366-3.158-2.05-4.95-2.05-1.791 0-3.583.684-4.949 2.05l-2.051 2.051-2.05-2.051c-1.367-1.366-3.158-2.05-4.95-2.05-1.791 0-3.583.684-4.949 2.05-1.367 1.367-2.051 3.158-2.051 4.95 0 7 7 12.267 14 17z\"><\/path>\n<\/svg><\/span>\n    <\/div>\n                <div id=\"property_unit_carousel_69f5de12343a6\" class=\"carousel property_unit_carousel slide  \" data-ride=\"carousel\" data-interval=\"false\">\n                    <div class=\"carousel-inner\">\n                        <div class=\"item active\">\n                            <a href=\"https:\/\/moreholiday.es\/en\/properties\/el-puig-del-fonollet-country-house-with-swimming-pool-and-sports-facilities\/\" target=\"_self\" ><img decoding=\"async\" itemprop=\"image\" src=\"https:\/\/moreholiday.es\/wp-content\/uploads\/2026\/04\/01-Puig-de-Fonollet-400x314.jpg\"   class=\"b-lazy img-responsive wp-post-image lazy-hidden\" alt=\"EL PUIG DEL FONOLLET \u2013 Country house with swimming pool and sports facilities\" \/><\/a>\n                        <\/div>\n                        <div class=\"item lazy-load-item\">\n                                        <a href=\"https:\/\/moreholiday.es\/en\/properties\/el-puig-del-fonollet-country-house-with-swimming-pool-and-sports-facilities\/\" target=\"_self\">\n                                        <img  data-lazy-load-src=\"https:\/\/moreholiday.es\/wp-content\/uploads\/2026\/04\/10-Puig-de-Fonollet-400x314.jpg\" alt=\"property image\" class=\"img-responsive\" \/><\/a>\n                                    <\/div><div class=\"item lazy-load-item\">\n                                        <a href=\"https:\/\/moreholiday.es\/en\/properties\/el-puig-del-fonollet-country-house-with-swimming-pool-and-sports-facilities\/\" target=\"_self\">\n                                        <img  data-lazy-load-src=\"https:\/\/moreholiday.es\/wp-content\/uploads\/2026\/04\/11-Puig-de-Fonollet-400x314.jpg\" alt=\"property image\" class=\"img-responsive\" \/><\/a>\n                                    <\/div><div class=\"item lazy-load-item\">\n                                        <a href=\"https:\/\/moreholiday.es\/en\/properties\/el-puig-del-fonollet-country-house-with-swimming-pool-and-sports-facilities\/\" target=\"_self\">\n                                        <img  data-lazy-load-src=\"https:\/\/moreholiday.es\/wp-content\/uploads\/2026\/04\/12-Puig-de-Fonollet-400x314.jpg\" alt=\"property image\" class=\"img-responsive\" \/><\/a>\n                                    <\/div><div class=\"item lazy-load-item\">\n                                        <a href=\"https:\/\/moreholiday.es\/en\/properties\/el-puig-del-fonollet-country-house-with-swimming-pool-and-sports-facilities\/\" target=\"_self\">\n                                        <img  data-lazy-load-src=\"https:\/\/moreholiday.es\/wp-content\/uploads\/2026\/04\/13-Puig-de-Fonollet-400x314.jpg\" alt=\"property image\" class=\"img-responsive\" \/><\/a>\n                                    <\/div><div class=\"item lazy-load-item\">\n                                        <a href=\"https:\/\/moreholiday.es\/en\/properties\/el-puig-del-fonollet-country-house-with-swimming-pool-and-sports-facilities\/\" target=\"_self\">\n                                        <img  data-lazy-load-src=\"https:\/\/moreholiday.es\/wp-content\/uploads\/2026\/04\/16-Puig-de-Fonollet-400x314.jpg\" alt=\"property image\" class=\"img-responsive\" \/><\/a>\n                                    <\/div><div class=\"item lazy-load-item\">\n                                        <a href=\"https:\/\/moreholiday.es\/en\/properties\/el-puig-del-fonollet-country-house-with-swimming-pool-and-sports-facilities\/\" target=\"_self\">\n                                        <img  data-lazy-load-src=\"https:\/\/moreholiday.es\/wp-content\/uploads\/2026\/04\/18-Puig-de-Fonollet-400x314.jpg\" alt=\"property image\" class=\"img-responsive\" \/><\/a>\n                                    <\/div><div class=\"item lazy-load-item\">\n                                        <a href=\"https:\/\/moreholiday.es\/en\/properties\/el-puig-del-fonollet-country-house-with-swimming-pool-and-sports-facilities\/\" target=\"_self\">\n                                        <img  data-lazy-load-src=\"https:\/\/moreholiday.es\/wp-content\/uploads\/2026\/04\/21-Puig-de-Fonollet-400x314.jpg\" alt=\"property image\" class=\"img-responsive\" \/><\/a>\n                                    <\/div><div class=\"item lazy-load-item\">\n                                        <a href=\"https:\/\/moreholiday.es\/en\/properties\/el-puig-del-fonollet-country-house-with-swimming-pool-and-sports-facilities\/\" target=\"_self\">\n                                        <img  data-lazy-load-src=\"https:\/\/moreholiday.es\/wp-content\/uploads\/2026\/04\/20-Puig-de-Fonollet-400x314.jpg\" alt=\"property image\" class=\"img-responsive\" \/><\/a>\n                                    <\/div><div class=\"item lazy-load-item\">\n                                        <a href=\"https:\/\/moreholiday.es\/en\/properties\/el-puig-del-fonollet-country-house-with-swimming-pool-and-sports-facilities\/\" target=\"_self\">\n                                        <img  data-lazy-load-src=\"https:\/\/moreholiday.es\/wp-content\/uploads\/2026\/04\/24-Puig-de-Fonollet-400x314.jpg\" alt=\"property image\" class=\"img-responsive\" \/><\/a>\n                                    <\/div><div class=\"item lazy-load-item\">\n                                        <a href=\"https:\/\/moreholiday.es\/en\/properties\/el-puig-del-fonollet-country-house-with-swimming-pool-and-sports-facilities\/\" target=\"_self\">\n                                        <img  data-lazy-load-src=\"https:\/\/moreholiday.es\/wp-content\/uploads\/2026\/04\/25-Puig-de-Fonollet-400x314.jpg\" alt=\"property image\" class=\"img-responsive\" \/><\/a>\n                                    <\/div><div class=\"item lazy-load-item\">\n                                        <a href=\"https:\/\/moreholiday.es\/en\/properties\/el-puig-del-fonollet-country-house-with-swimming-pool-and-sports-facilities\/\" target=\"_self\">\n                                        <img  data-lazy-load-src=\"https:\/\/moreholiday.es\/wp-content\/uploads\/2026\/04\/26-Puig-de-Fonollet-400x314.jpg\" alt=\"property image\" class=\"img-responsive\" \/><\/a>\n                                    <\/div><div class=\"item lazy-load-item\">\n                                        <a href=\"https:\/\/moreholiday.es\/en\/properties\/el-puig-del-fonollet-country-house-with-swimming-pool-and-sports-facilities\/\" target=\"_self\">\n                                        <img  data-lazy-load-src=\"https:\/\/moreholiday.es\/wp-content\/uploads\/2026\/04\/27-Puig-de-Fonollet-400x314.jpg\" alt=\"property image\" class=\"img-responsive\" \/><\/a>\n                                    <\/div><div class=\"item lazy-load-item\">\n                                        <a href=\"https:\/\/moreholiday.es\/en\/properties\/el-puig-del-fonollet-country-house-with-swimming-pool-and-sports-facilities\/\" target=\"_self\">\n                                        <img  data-lazy-load-src=\"https:\/\/moreholiday.es\/wp-content\/uploads\/2026\/04\/29-Puig-de-Fonollet-400x314.jpg\" alt=\"property image\" class=\"img-responsive\" \/><\/a>\n                                    <\/div><div class=\"item lazy-load-item\">\n                                        <a href=\"https:\/\/moreholiday.es\/en\/properties\/el-puig-del-fonollet-country-house-with-swimming-pool-and-sports-facilities\/\" target=\"_self\">\n                                        <img  data-lazy-load-src=\"https:\/\/moreholiday.es\/wp-content\/uploads\/2026\/04\/30-Puig-de-Fonollet-400x314.jpg\" alt=\"property image\" class=\"img-responsive\" \/><\/a>\n                                    <\/div><div class=\"item lazy-load-item\">\n                                        <a href=\"https:\/\/moreholiday.es\/en\/properties\/el-puig-del-fonollet-country-house-with-swimming-pool-and-sports-facilities\/\" target=\"_self\">\n                                        <img  data-lazy-load-src=\"https:\/\/moreholiday.es\/wp-content\/uploads\/2026\/04\/32-Puig-de-Fonollet-400x314.jpg\" alt=\"property image\" class=\"img-responsive\" \/><\/a>\n                                    <\/div><div class=\"item lazy-load-item\">\n                                        <a href=\"https:\/\/moreholiday.es\/en\/properties\/el-puig-del-fonollet-country-house-with-swimming-pool-and-sports-facilities\/\" target=\"_self\">\n                                        <img  data-lazy-load-src=\"https:\/\/moreholiday.es\/wp-content\/uploads\/2026\/04\/33-Puig-de-Fonollet-400x314.jpg\" alt=\"property image\" class=\"img-responsive\" \/><\/a>\n                                    <\/div><div class=\"item lazy-load-item\">\n                                        <a href=\"https:\/\/moreholiday.es\/en\/properties\/el-puig-del-fonollet-country-house-with-swimming-pool-and-sports-facilities\/\" target=\"_self\">\n                                        <img  data-lazy-load-src=\"https:\/\/moreholiday.es\/wp-content\/uploads\/2026\/04\/34-Puig-de-Fonollet-400x314.jpg\" alt=\"property image\" class=\"img-responsive\" \/><\/a>\n                                    <\/div><div class=\"item lazy-load-item\">\n                                        <a href=\"https:\/\/moreholiday.es\/en\/properties\/el-puig-del-fonollet-country-house-with-swimming-pool-and-sports-facilities\/\" target=\"_self\">\n                                        <img  data-lazy-load-src=\"https:\/\/moreholiday.es\/wp-content\/uploads\/2026\/04\/35-Puig-de-Fonollet-400x314.jpg\" alt=\"property image\" class=\"img-responsive\" \/><\/a>\n                                    <\/div><div class=\"item lazy-load-item\">\n                                        <a href=\"https:\/\/moreholiday.es\/en\/properties\/el-puig-del-fonollet-country-house-with-swimming-pool-and-sports-facilities\/\" target=\"_self\">\n                                        <img  data-lazy-load-src=\"https:\/\/moreholiday.es\/wp-content\/uploads\/2026\/04\/37-Puig-de-Fonollet-400x314.jpg\" alt=\"property image\" class=\"img-responsive\" \/><\/a>\n                                    <\/div><div class=\"item lazy-load-item\">\n                                        <a href=\"https:\/\/moreholiday.es\/en\/properties\/el-puig-del-fonollet-country-house-with-swimming-pool-and-sports-facilities\/\" target=\"_self\">\n                                        <img  data-lazy-load-src=\"https:\/\/moreholiday.es\/wp-content\/uploads\/2026\/04\/39-Puig-de-Fonollet-400x314.jpg\" alt=\"property image\" class=\"img-responsive\" \/><\/a>\n                                    <\/div><div class=\"item lazy-load-item\">\n                                        <a href=\"https:\/\/moreholiday.es\/en\/properties\/el-puig-del-fonollet-country-house-with-swimming-pool-and-sports-facilities\/\" target=\"_self\">\n                                        <img  data-lazy-load-src=\"https:\/\/moreholiday.es\/wp-content\/uploads\/2026\/04\/41-Puig-de-Fonollet-400x314.jpg\" alt=\"property image\" class=\"img-responsive\" \/><\/a>\n                                    <\/div><div class=\"item lazy-load-item\">\n                                        <a href=\"https:\/\/moreholiday.es\/en\/properties\/el-puig-del-fonollet-country-house-with-swimming-pool-and-sports-facilities\/\" target=\"_self\">\n                                        <img  data-lazy-load-src=\"https:\/\/moreholiday.es\/wp-content\/uploads\/2026\/04\/42-Puig-de-Fonollet-400x314.jpg\" alt=\"property image\" class=\"img-responsive\" \/><\/a>\n                                    <\/div><div class=\"item lazy-load-item\">\n                                        <a href=\"https:\/\/moreholiday.es\/en\/properties\/el-puig-del-fonollet-country-house-with-swimming-pool-and-sports-facilities\/\" target=\"_self\">\n                                        <img  data-lazy-load-src=\"https:\/\/moreholiday.es\/wp-content\/uploads\/2026\/04\/43-Puig-de-Fonollet-400x314.jpg\" alt=\"property image\" class=\"img-responsive\" \/><\/a>\n                                    <\/div><div class=\"item lazy-load-item\">\n                                        <a href=\"https:\/\/moreholiday.es\/en\/properties\/el-puig-del-fonollet-country-house-with-swimming-pool-and-sports-facilities\/\" target=\"_self\">\n                                        <img  data-lazy-load-src=\"https:\/\/moreholiday.es\/wp-content\/uploads\/2026\/04\/45-Puig-de-Fonollet-400x314.jpg\" alt=\"property image\" class=\"img-responsive\" \/><\/a>\n                                    <\/div><div class=\"item lazy-load-item\">\n                                        <a href=\"https:\/\/moreholiday.es\/en\/properties\/el-puig-del-fonollet-country-house-with-swimming-pool-and-sports-facilities\/\" target=\"_self\">\n                                        <img  data-lazy-load-src=\"https:\/\/moreholiday.es\/wp-content\/uploads\/2026\/04\/47-Puig-de-Fonollet-400x314.jpg\" alt=\"property image\" class=\"img-responsive\" \/><\/a>\n                                    <\/div><div class=\"item lazy-load-item\">\n                                        <a href=\"https:\/\/moreholiday.es\/en\/properties\/el-puig-del-fonollet-country-house-with-swimming-pool-and-sports-facilities\/\" target=\"_self\">\n                                        <img  data-lazy-load-src=\"https:\/\/moreholiday.es\/wp-content\/uploads\/2026\/04\/49-Puig-de-Fonollet-400x314.jpg\" alt=\"property image\" class=\"img-responsive\" \/><\/a>\n                                    <\/div><div class=\"item lazy-load-item\">\n                                        <a href=\"https:\/\/moreholiday.es\/en\/properties\/el-puig-del-fonollet-country-house-with-swimming-pool-and-sports-facilities\/\" target=\"_self\">\n                                        <img  data-lazy-load-src=\"https:\/\/moreholiday.es\/wp-content\/uploads\/2026\/04\/51-Puig-de-Fonollet-400x314.jpg\" alt=\"property image\" class=\"img-responsive\" \/><\/a>\n                                    <\/div><div class=\"item lazy-load-item\">\n                                        <a href=\"https:\/\/moreholiday.es\/en\/properties\/el-puig-del-fonollet-country-house-with-swimming-pool-and-sports-facilities\/\" target=\"_self\">\n                                        <img  data-lazy-load-src=\"https:\/\/moreholiday.es\/wp-content\/uploads\/2026\/04\/52-Puig-de-Fonollet-400x314.jpg\" alt=\"property image\" class=\"img-responsive\" \/><\/a>\n                                    <\/div><div class=\"item lazy-load-item\">\n                                        <a href=\"https:\/\/moreholiday.es\/en\/properties\/el-puig-del-fonollet-country-house-with-swimming-pool-and-sports-facilities\/\" target=\"_self\">\n                                        <img  data-lazy-load-src=\"https:\/\/moreholiday.es\/wp-content\/uploads\/2026\/04\/54-Puig-de-Fonollet-400x314.jpg\" alt=\"property image\" class=\"img-responsive\" \/><\/a>\n                                    <\/div><div class=\"item lazy-load-item\">\n                                        <a href=\"https:\/\/moreholiday.es\/en\/properties\/el-puig-del-fonollet-country-house-with-swimming-pool-and-sports-facilities\/\" target=\"_self\">\n                                        <img  data-lazy-load-src=\"https:\/\/moreholiday.es\/wp-content\/uploads\/2026\/04\/55-Puig-de-Fonollet-400x314.jpg\" alt=\"property image\" class=\"img-responsive\" \/><\/a>\n                                    <\/div><div class=\"item lazy-load-item\">\n                                        <a href=\"https:\/\/moreholiday.es\/en\/properties\/el-puig-del-fonollet-country-house-with-swimming-pool-and-sports-facilities\/\" target=\"_self\">\n                                        <img  data-lazy-load-src=\"https:\/\/moreholiday.es\/wp-content\/uploads\/2026\/04\/56-Puig-de-Fonollet-400x314.jpg\" alt=\"property image\" class=\"img-responsive\" \/><\/a>\n                                    <\/div><div class=\"item lazy-load-item\">\n                                        <a href=\"https:\/\/moreholiday.es\/en\/properties\/el-puig-del-fonollet-country-house-with-swimming-pool-and-sports-facilities\/\" target=\"_self\">\n                                        <img  data-lazy-load-src=\"https:\/\/moreholiday.es\/wp-content\/uploads\/2026\/04\/57-Puig-de-Fonollet-400x314.jpg\" alt=\"property image\" class=\"img-responsive\" \/><\/a>\n                                    <\/div><div class=\"item lazy-load-item\">\n                                        <a href=\"https:\/\/moreholiday.es\/en\/properties\/el-puig-del-fonollet-country-house-with-swimming-pool-and-sports-facilities\/\" target=\"_self\">\n                                        <img  data-lazy-load-src=\"https:\/\/moreholiday.es\/wp-content\/uploads\/2026\/04\/59-Puig-de-Fonollet-400x314.jpg\" alt=\"property image\" class=\"img-responsive\" \/><\/a>\n                                    <\/div><div class=\"item lazy-load-item\">\n                                        <a href=\"https:\/\/moreholiday.es\/en\/properties\/el-puig-del-fonollet-country-house-with-swimming-pool-and-sports-facilities\/\" target=\"_self\">\n                                        <img  data-lazy-load-src=\"https:\/\/moreholiday.es\/wp-content\/uploads\/2026\/04\/61-Puig-de-Fonollet-400x314.jpg\" alt=\"property image\" class=\"img-responsive\" \/><\/a>\n                                    <\/div><div class=\"item lazy-load-item\">\n                                        <a href=\"https:\/\/moreholiday.es\/en\/properties\/el-puig-del-fonollet-country-house-with-swimming-pool-and-sports-facilities\/\" target=\"_self\">\n                                        <img  data-lazy-load-src=\"https:\/\/moreholiday.es\/wp-content\/uploads\/2026\/04\/62-Puig-de-Fonollet-400x314.jpg\" alt=\"property image\" class=\"img-responsive\" \/><\/a>\n                                    <\/div><div class=\"item lazy-load-item\">\n                                        <a href=\"https:\/\/moreholiday.es\/en\/properties\/el-puig-del-fonollet-country-house-with-swimming-pool-and-sports-facilities\/\" target=\"_self\">\n                                        <img  data-lazy-load-src=\"https:\/\/moreholiday.es\/wp-content\/uploads\/2026\/04\/63-Puig-de-Fonollet-400x314.jpg\" alt=\"property image\" class=\"img-responsive\" \/><\/a>\n                                    <\/div><div class=\"item lazy-load-item\">\n                                        <a href=\"https:\/\/moreholiday.es\/en\/properties\/el-puig-del-fonollet-country-house-with-swimming-pool-and-sports-facilities\/\" target=\"_self\">\n                                        <img  data-lazy-load-src=\"https:\/\/moreholiday.es\/wp-content\/uploads\/2026\/04\/64-Puig-de-Fonellet-C-400x314.jpg\" alt=\"property image\" class=\"img-responsive\" \/><\/a>\n                                    <\/div>\n                    <\/div><a href=\"https:\/\/moreholiday.es\/en\/properties\/el-puig-del-fonollet-country-house-with-swimming-pool-and-sports-facilities\/\"> <\/a><a class=\"left  carousel-control\" href=\"#property_unit_carousel_69f5de12343a6\" data-slide=\"prev\">\n                        <i class=\"icon-left-open-big\"><\/i>\n                    <\/a>\n\n                    <a class=\"right  carousel-control\" href=\"#property_unit_carousel_69f5de12343a6\" data-slide=\"next\">\n                        <i class=\"icon-right-open-big\"><\/i>\n                    <\/a><\/div><div class=\"price_unit_wrapper\"> <\/div><div class=\"\" itemprop=\"offers\" itemscope itemtype=\"http:\/\/schema.org\/Offer\"> <link itemprop=\"url\" href=\"https:\/\/moreholiday.es\/en\/properties\/el-puig-del-fonollet-country-house-with-swimming-pool-and-sports-facilities\/\"\/><meta itemprop=\"priceCurrency\" content=\"EU\" \/><div class=\"price_unit\"><span itemprop=\"price\" content=\"830\">830 \u20ac<span class=\"pernight\"> \/night<\/span><\/div><\/div><\/div>\n\n\n            <div class=\"property_status_wrapper\"><\/div>\n            <div class=\"title-container\">\n\n                <meta itemprop=\"ratingValue\" content=\"0\"\/><div class=rating_placeholder><\/div>\n                <div class=\"category_name\">\n                        <a  itemprop=\"url\"  href=\"https:\/\/moreholiday.es\/en\/properties\/el-puig-del-fonollet-country-house-with-swimming-pool-and-sports-facilities\/\"  class=\"listing_title_unit\" >\n    \n    \n   <span itemprop=\"name\">\n    EL PUIG DEL FONOLLET \u2013 Country house with swimming pool and     <\/span>\n<\/a>\n                    <div class=\"category_tagline actions_icon\">\n                        <a href=\"https:\/\/moreholiday.es\/en\/listings\/cases-rurals-en\/\" rel=\"tag\">Cases rurals<\/a> \/ <a href=\"https:\/\/moreholiday.es\/en\/action\/entire-home-en\/\" rel=\"tag\">Casa sencera<\/a>                    <\/div>\n\n                    <div class=\"category_tagline custom_details\">\n                       <div class=\"custom_listing_data\"><span class=\"custom_listing_data_label\">Hostes:<\/span>22<\/div><div class=\"custom_listing_data\"><i class=\"fas fa-bed\"><\/i>7<\/div><div class=\"custom_listing_data\"><i class=\"fas fa-bath\"><\/i>7<\/div>                    <\/div>\n                <\/div>\n\n\n            <\/div>\n            <\/div>\n<\/div>\n\n<div itemscope itemtype=\"http:\/\/schema.org\/Product\" class=\"listing_wrapper col-md-4 shortcode-col property_unit_v3  property_flex propety_unit_3\" data-org=\"4\" data-listid=\"90565\" >\n    \n    <div class=\"property_listing\" >\n        \n\n            <div class=\"listing-unit-img-wrapper\"><div class=\"property_unit_action\">\n    <span class=\"icon-fav icon-fav-off\" data-original-title=\"add to favorites\" data-postid=\"90565\">\n        <svg viewBox=\"0 0 32 32\" xmlns=\"http:\/\/www.w3.org\/2000\/svg\" aria-hidden=\"true\" role=\"presentation\" focusable=\"false\" \nstyle=\"display: block;  height: 24px; width: 24px; stroke: #fff; stroke-width: 2; overflow: visible;\">\n<path d=\"m16 28c7-4.733 14-10 14-17 0-1.792-.683-3.583-2.05-4.95-1.367-1.366-3.158-2.05-4.95-2.05-1.791 0-3.583.684-4.949 2.05l-2.051 2.051-2.05-2.051c-1.367-1.366-3.158-2.05-4.95-2.05-1.791 0-3.583.684-4.949 2.05-1.367 1.367-2.051 3.158-2.051 4.95 0 7 7 12.267 14 17z\"><\/path>\n<\/svg><\/span>\n    <\/div>\n                <div id=\"property_unit_carousel_69f5de123d749\" class=\"carousel property_unit_carousel slide  \" data-ride=\"carousel\" data-interval=\"false\">\n                    <div class=\"carousel-inner\">\n                        <div class=\"item active\">\n                            <a href=\"https:\/\/moreholiday.es\/en\/properties\/can-mas-space-authenticity-and-nature-close-to-lake-banyoles\/\" target=\"_self\" ><img decoding=\"async\" itemprop=\"image\" src=\"https:\/\/moreholiday.es\/wp-content\/uploads\/2026\/04\/02-Can-Mas-Fontcoberta-400x314.jpg\"   class=\"b-lazy img-responsive wp-post-image lazy-hidden\" alt=\"Can Mas \u2013 Space, authenticity and nature close to Lake Banyoles\" \/><\/a>\n                        <\/div>\n                        <div class=\"item lazy-load-item\">\n                                        <a href=\"https:\/\/moreholiday.es\/en\/properties\/can-mas-space-authenticity-and-nature-close-to-lake-banyoles\/\" target=\"_self\">\n                                        <img  data-lazy-load-src=\"https:\/\/moreholiday.es\/wp-content\/uploads\/2026\/04\/01-Can-Mas-Fontcoberta-400x314.jpg\" alt=\"property image\" class=\"img-responsive\" \/><\/a>\n                                    <\/div><div class=\"item lazy-load-item\">\n                                        <a href=\"https:\/\/moreholiday.es\/en\/properties\/can-mas-space-authenticity-and-nature-close-to-lake-banyoles\/\" target=\"_self\">\n                                        <img  data-lazy-load-src=\"https:\/\/moreholiday.es\/wp-content\/uploads\/2026\/04\/03-Can-Mas-Fontcoberta-400x314.jpg\" alt=\"property image\" class=\"img-responsive\" \/><\/a>\n                                    <\/div><div class=\"item lazy-load-item\">\n                                        <a href=\"https:\/\/moreholiday.es\/en\/properties\/can-mas-space-authenticity-and-nature-close-to-lake-banyoles\/\" target=\"_self\">\n                                        <img  data-lazy-load-src=\"https:\/\/moreholiday.es\/wp-content\/uploads\/2026\/04\/04-Can-Mas-Fontcoberta-400x314.jpg\" alt=\"property image\" class=\"img-responsive\" \/><\/a>\n                                    <\/div><div class=\"item lazy-load-item\">\n                                        <a href=\"https:\/\/moreholiday.es\/en\/properties\/can-mas-space-authenticity-and-nature-close-to-lake-banyoles\/\" target=\"_self\">\n                                        <img  data-lazy-load-src=\"https:\/\/moreholiday.es\/wp-content\/uploads\/2026\/04\/05-Can-Mas-Fontcoberta-400x314.jpg\" alt=\"property image\" class=\"img-responsive\" \/><\/a>\n                                    <\/div><div class=\"item lazy-load-item\">\n                                        <a href=\"https:\/\/moreholiday.es\/en\/properties\/can-mas-space-authenticity-and-nature-close-to-lake-banyoles\/\" target=\"_self\">\n                                        <img  data-lazy-load-src=\"https:\/\/moreholiday.es\/wp-content\/uploads\/2026\/04\/06-Can-Mas-Fontcoberta-400x314.jpg\" alt=\"property image\" class=\"img-responsive\" \/><\/a>\n                                    <\/div><div class=\"item lazy-load-item\">\n                                        <a href=\"https:\/\/moreholiday.es\/en\/properties\/can-mas-space-authenticity-and-nature-close-to-lake-banyoles\/\" target=\"_self\">\n                                        <img  data-lazy-load-src=\"https:\/\/moreholiday.es\/wp-content\/uploads\/2026\/04\/07-Can-Mas-Fontcoberta-400x314.jpg\" alt=\"property image\" class=\"img-responsive\" \/><\/a>\n                                    <\/div><div class=\"item lazy-load-item\">\n                                        <a href=\"https:\/\/moreholiday.es\/en\/properties\/can-mas-space-authenticity-and-nature-close-to-lake-banyoles\/\" target=\"_self\">\n                                        <img  data-lazy-load-src=\"https:\/\/moreholiday.es\/wp-content\/uploads\/2026\/04\/08-Can-Mas-Fontcoberta-400x314.jpg\" alt=\"property image\" class=\"img-responsive\" \/><\/a>\n                                    <\/div><div class=\"item lazy-load-item\">\n                                        <a href=\"https:\/\/moreholiday.es\/en\/properties\/can-mas-space-authenticity-and-nature-close-to-lake-banyoles\/\" target=\"_self\">\n                                        <img  data-lazy-load-src=\"https:\/\/moreholiday.es\/wp-content\/uploads\/2026\/04\/09-Can-Mas-Fontcoberta-400x314.jpg\" alt=\"property image\" class=\"img-responsive\" \/><\/a>\n                                    <\/div><div class=\"item lazy-load-item\">\n                                        <a href=\"https:\/\/moreholiday.es\/en\/properties\/can-mas-space-authenticity-and-nature-close-to-lake-banyoles\/\" target=\"_self\">\n                                        <img  data-lazy-load-src=\"https:\/\/moreholiday.es\/wp-content\/uploads\/2026\/04\/10-Can-Mas-Fontcoberta-400x314.jpg\" alt=\"property image\" class=\"img-responsive\" \/><\/a>\n                                    <\/div><div class=\"item lazy-load-item\">\n                                        <a href=\"https:\/\/moreholiday.es\/en\/properties\/can-mas-space-authenticity-and-nature-close-to-lake-banyoles\/\" target=\"_self\">\n                                        <img  data-lazy-load-src=\"https:\/\/moreholiday.es\/wp-content\/uploads\/2026\/04\/11-Can-Mas-Fontcoberta-400x314.jpg\" alt=\"property image\" class=\"img-responsive\" \/><\/a>\n                                    <\/div><div class=\"item lazy-load-item\">\n                                        <a href=\"https:\/\/moreholiday.es\/en\/properties\/can-mas-space-authenticity-and-nature-close-to-lake-banyoles\/\" target=\"_self\">\n                                        <img  data-lazy-load-src=\"https:\/\/moreholiday.es\/wp-content\/uploads\/2026\/04\/12-Can-Mas-Fontcoberta-400x314.jpg\" alt=\"property image\" class=\"img-responsive\" \/><\/a>\n                                    <\/div><div class=\"item lazy-load-item\">\n                                        <a href=\"https:\/\/moreholiday.es\/en\/properties\/can-mas-space-authenticity-and-nature-close-to-lake-banyoles\/\" target=\"_self\">\n                                        <img  data-lazy-load-src=\"https:\/\/moreholiday.es\/wp-content\/uploads\/2026\/04\/14-Can-Mas-Fontcoberta-400x314.jpg\" alt=\"property image\" class=\"img-responsive\" \/><\/a>\n                                    <\/div><div class=\"item lazy-load-item\">\n                                        <a href=\"https:\/\/moreholiday.es\/en\/properties\/can-mas-space-authenticity-and-nature-close-to-lake-banyoles\/\" target=\"_self\">\n                                        <img  data-lazy-load-src=\"https:\/\/moreholiday.es\/wp-content\/uploads\/2026\/04\/16-Can-Mas-Fontcoberta-400x314.jpg\" alt=\"property image\" class=\"img-responsive\" \/><\/a>\n                                    <\/div><div class=\"item lazy-load-item\">\n                                        <a href=\"https:\/\/moreholiday.es\/en\/properties\/can-mas-space-authenticity-and-nature-close-to-lake-banyoles\/\" target=\"_self\">\n                                        <img  data-lazy-load-src=\"https:\/\/moreholiday.es\/wp-content\/uploads\/2026\/04\/17-Can-Mas-Fontcoberta-400x314.jpg\" alt=\"property image\" class=\"img-responsive\" \/><\/a>\n                                    <\/div><div class=\"item lazy-load-item\">\n                                        <a href=\"https:\/\/moreholiday.es\/en\/properties\/can-mas-space-authenticity-and-nature-close-to-lake-banyoles\/\" target=\"_self\">\n                                        <img  data-lazy-load-src=\"https:\/\/moreholiday.es\/wp-content\/uploads\/2026\/04\/18-Can-Mas-Fontcoberta-400x314.jpg\" alt=\"property image\" class=\"img-responsive\" \/><\/a>\n                                    <\/div><div class=\"item lazy-load-item\">\n                                        <a href=\"https:\/\/moreholiday.es\/en\/properties\/can-mas-space-authenticity-and-nature-close-to-lake-banyoles\/\" target=\"_self\">\n                                        <img  data-lazy-load-src=\"https:\/\/moreholiday.es\/wp-content\/uploads\/2026\/04\/21-Can-Mas-Fontcoberta-400x314.jpg\" alt=\"property image\" class=\"img-responsive\" \/><\/a>\n                                    <\/div><div class=\"item lazy-load-item\">\n                                        <a href=\"https:\/\/moreholiday.es\/en\/properties\/can-mas-space-authenticity-and-nature-close-to-lake-banyoles\/\" target=\"_self\">\n                                        <img  data-lazy-load-src=\"https:\/\/moreholiday.es\/wp-content\/uploads\/2026\/04\/22-Can-Mas-Fontcoberta-400x314.jpg\" alt=\"property image\" class=\"img-responsive\" \/><\/a>\n                                    <\/div><div class=\"item lazy-load-item\">\n                                        <a href=\"https:\/\/moreholiday.es\/en\/properties\/can-mas-space-authenticity-and-nature-close-to-lake-banyoles\/\" target=\"_self\">\n                                        <img  data-lazy-load-src=\"https:\/\/moreholiday.es\/wp-content\/uploads\/2026\/04\/23-Can-Mas-Fontcoberta-400x314.jpg\" alt=\"property image\" class=\"img-responsive\" \/><\/a>\n                                    <\/div><div class=\"item lazy-load-item\">\n                                        <a href=\"https:\/\/moreholiday.es\/en\/properties\/can-mas-space-authenticity-and-nature-close-to-lake-banyoles\/\" target=\"_self\">\n                                        <img  data-lazy-load-src=\"https:\/\/moreholiday.es\/wp-content\/uploads\/2026\/04\/24-Can-Mas-Fontcoberta-400x314.jpg\" alt=\"property image\" class=\"img-responsive\" \/><\/a>\n                                    <\/div><div class=\"item lazy-load-item\">\n                                        <a href=\"https:\/\/moreholiday.es\/en\/properties\/can-mas-space-authenticity-and-nature-close-to-lake-banyoles\/\" target=\"_self\">\n                                        <img  data-lazy-load-src=\"https:\/\/moreholiday.es\/wp-content\/uploads\/2026\/04\/25-Can-Mas-Fontcoberta-400x314.jpg\" alt=\"property image\" class=\"img-responsive\" \/><\/a>\n                                    <\/div><div class=\"item lazy-load-item\">\n                                        <a href=\"https:\/\/moreholiday.es\/en\/properties\/can-mas-space-authenticity-and-nature-close-to-lake-banyoles\/\" target=\"_self\">\n                                        <img  data-lazy-load-src=\"https:\/\/moreholiday.es\/wp-content\/uploads\/2026\/04\/26-Can-Mas-Fontcoberta-400x314.jpg\" alt=\"property image\" class=\"img-responsive\" \/><\/a>\n                                    <\/div><div class=\"item lazy-load-item\">\n                                        <a href=\"https:\/\/moreholiday.es\/en\/properties\/can-mas-space-authenticity-and-nature-close-to-lake-banyoles\/\" target=\"_self\">\n                                        <img  data-lazy-load-src=\"https:\/\/moreholiday.es\/wp-content\/uploads\/2026\/04\/28-Can-Mas-Fontcoberta-400x314.jpg\" alt=\"property image\" class=\"img-responsive\" \/><\/a>\n                                    <\/div><div class=\"item lazy-load-item\">\n                                        <a href=\"https:\/\/moreholiday.es\/en\/properties\/can-mas-space-authenticity-and-nature-close-to-lake-banyoles\/\" target=\"_self\">\n                                        <img  data-lazy-load-src=\"https:\/\/moreholiday.es\/wp-content\/uploads\/2026\/04\/29-Can-Mas-Fontcoberta-400x314.jpg\" alt=\"property image\" class=\"img-responsive\" \/><\/a>\n                                    <\/div><div class=\"item lazy-load-item\">\n                                        <a href=\"https:\/\/moreholiday.es\/en\/properties\/can-mas-space-authenticity-and-nature-close-to-lake-banyoles\/\" target=\"_self\">\n                                        <img  data-lazy-load-src=\"https:\/\/moreholiday.es\/wp-content\/uploads\/2026\/04\/31-Can-Mas-Fontcoberta-400x314.jpg\" alt=\"property image\" class=\"img-responsive\" \/><\/a>\n                                    <\/div><div class=\"item lazy-load-item\">\n                                        <a href=\"https:\/\/moreholiday.es\/en\/properties\/can-mas-space-authenticity-and-nature-close-to-lake-banyoles\/\" target=\"_self\">\n                                        <img  data-lazy-load-src=\"https:\/\/moreholiday.es\/wp-content\/uploads\/2026\/04\/32-Can-Mas-Fontcoberta-400x314.jpg\" alt=\"property image\" class=\"img-responsive\" \/><\/a>\n                                    <\/div><div class=\"item lazy-load-item\">\n                                        <a href=\"https:\/\/moreholiday.es\/en\/properties\/can-mas-space-authenticity-and-nature-close-to-lake-banyoles\/\" target=\"_self\">\n                                        <img  data-lazy-load-src=\"https:\/\/moreholiday.es\/wp-content\/uploads\/2026\/04\/33-Can-Mas-Fontcoberta-400x314.jpg\" alt=\"property image\" class=\"img-responsive\" \/><\/a>\n                                    <\/div><div class=\"item lazy-load-item\">\n                                        <a href=\"https:\/\/moreholiday.es\/en\/properties\/can-mas-space-authenticity-and-nature-close-to-lake-banyoles\/\" target=\"_self\">\n                                        <img  data-lazy-load-src=\"https:\/\/moreholiday.es\/wp-content\/uploads\/2026\/04\/34-Can-Mas-Fontcoberta-400x314.jpg\" alt=\"property image\" class=\"img-responsive\" \/><\/a>\n                                    <\/div><div class=\"item lazy-load-item\">\n                                        <a href=\"https:\/\/moreholiday.es\/en\/properties\/can-mas-space-authenticity-and-nature-close-to-lake-banyoles\/\" target=\"_self\">\n                                        <img  data-lazy-load-src=\"https:\/\/moreholiday.es\/wp-content\/uploads\/2026\/04\/35-Can-Mas-Fontcoberta-400x314.jpg\" alt=\"property image\" class=\"img-responsive\" \/><\/a>\n                                    <\/div><div class=\"item lazy-load-item\">\n                                        <a href=\"https:\/\/moreholiday.es\/en\/properties\/can-mas-space-authenticity-and-nature-close-to-lake-banyoles\/\" target=\"_self\">\n                                        <img  data-lazy-load-src=\"https:\/\/moreholiday.es\/wp-content\/uploads\/2026\/04\/36-Can-Mas-Fontcoberta-400x314.jpg\" alt=\"property image\" class=\"img-responsive\" \/><\/a>\n                                    <\/div><div class=\"item lazy-load-item\">\n                                        <a href=\"https:\/\/moreholiday.es\/en\/properties\/can-mas-space-authenticity-and-nature-close-to-lake-banyoles\/\" target=\"_self\">\n                                        <img  data-lazy-load-src=\"https:\/\/moreholiday.es\/wp-content\/uploads\/2026\/04\/37-Can-Mas-Fontcoberta-400x314.jpg\" alt=\"property image\" class=\"img-responsive\" \/><\/a>\n                                    <\/div><div class=\"item lazy-load-item\">\n                                        <a href=\"https:\/\/moreholiday.es\/en\/properties\/can-mas-space-authenticity-and-nature-close-to-lake-banyoles\/\" target=\"_self\">\n                                        <img  data-lazy-load-src=\"https:\/\/moreholiday.es\/wp-content\/uploads\/2026\/04\/39-Can-Mas-Fontcoberta-400x314.jpg\" alt=\"property image\" class=\"img-responsive\" \/><\/a>\n                                    <\/div><div class=\"item lazy-load-item\">\n                                        <a href=\"https:\/\/moreholiday.es\/en\/properties\/can-mas-space-authenticity-and-nature-close-to-lake-banyoles\/\" target=\"_self\">\n                                        <img  data-lazy-load-src=\"https:\/\/moreholiday.es\/wp-content\/uploads\/2026\/04\/40-Can-Mas-Fontcoberta-400x314.jpg\" alt=\"property image\" class=\"img-responsive\" \/><\/a>\n                                    <\/div><div class=\"item lazy-load-item\">\n                                        <a href=\"https:\/\/moreholiday.es\/en\/properties\/can-mas-space-authenticity-and-nature-close-to-lake-banyoles\/\" target=\"_self\">\n                                        <img  data-lazy-load-src=\"https:\/\/moreholiday.es\/wp-content\/uploads\/2026\/04\/41-Can-Mas-Fontcoberta-400x314.jpg\" alt=\"property image\" class=\"img-responsive\" \/><\/a>\n                                    <\/div><div class=\"item lazy-load-item\">\n                                        <a href=\"https:\/\/moreholiday.es\/en\/properties\/can-mas-space-authenticity-and-nature-close-to-lake-banyoles\/\" target=\"_self\">\n                                        <img  data-lazy-load-src=\"https:\/\/moreholiday.es\/wp-content\/uploads\/2026\/04\/42-Can-Mas-Fontcoberta-400x314.jpg\" alt=\"property image\" class=\"img-responsive\" \/><\/a>\n                                    <\/div><div class=\"item lazy-load-item\">\n                                        <a href=\"https:\/\/moreholiday.es\/en\/properties\/can-mas-space-authenticity-and-nature-close-to-lake-banyoles\/\" target=\"_self\">\n                                        <img  data-lazy-load-src=\"https:\/\/moreholiday.es\/wp-content\/uploads\/2026\/04\/43-Can-Mas-Fontcoberta-400x314.jpg\" alt=\"property image\" class=\"img-responsive\" \/><\/a>\n                                    <\/div><div class=\"item lazy-load-item\">\n                                        <a href=\"https:\/\/moreholiday.es\/en\/properties\/can-mas-space-authenticity-and-nature-close-to-lake-banyoles\/\" target=\"_self\">\n                                        <img  data-lazy-load-src=\"https:\/\/moreholiday.es\/wp-content\/uploads\/2026\/04\/46-Can-Mas-Fontcoberta-400x314.jpg\" alt=\"property image\" class=\"img-responsive\" \/><\/a>\n                                    <\/div><div class=\"item lazy-load-item\">\n                                        <a href=\"https:\/\/moreholiday.es\/en\/properties\/can-mas-space-authenticity-and-nature-close-to-lake-banyoles\/\" target=\"_self\">\n                                        <img  data-lazy-load-src=\"https:\/\/moreholiday.es\/wp-content\/uploads\/2026\/04\/48-Can-Mas-Fontcoberta-400x314.jpg\" alt=\"property image\" class=\"img-responsive\" \/><\/a>\n                                    <\/div><div class=\"item lazy-load-item\">\n                                        <a href=\"https:\/\/moreholiday.es\/en\/properties\/can-mas-space-authenticity-and-nature-close-to-lake-banyoles\/\" target=\"_self\">\n                                        <img  data-lazy-load-src=\"https:\/\/moreholiday.es\/wp-content\/uploads\/2026\/04\/50-Can-Mas-Fontcoberta-400x314.jpg\" alt=\"property image\" class=\"img-responsive\" \/><\/a>\n                                    <\/div><div class=\"item lazy-load-item\">\n                                        <a href=\"https:\/\/moreholiday.es\/en\/properties\/can-mas-space-authenticity-and-nature-close-to-lake-banyoles\/\" target=\"_self\">\n                                        <img  data-lazy-load-src=\"https:\/\/moreholiday.es\/wp-content\/uploads\/2026\/04\/51-Can-Mas-Fontcoberta-400x314.jpg\" alt=\"property image\" class=\"img-responsive\" \/><\/a>\n                                    <\/div><div class=\"item lazy-load-item\">\n                                        <a href=\"https:\/\/moreholiday.es\/en\/properties\/can-mas-space-authenticity-and-nature-close-to-lake-banyoles\/\" target=\"_self\">\n                                        <img  data-lazy-load-src=\"https:\/\/moreholiday.es\/wp-content\/uploads\/2026\/04\/52-Can-Mas-Fontcoberta-400x314.jpg\" alt=\"property image\" class=\"img-responsive\" \/><\/a>\n                                    <\/div><div class=\"item lazy-load-item\">\n                                        <a href=\"https:\/\/moreholiday.es\/en\/properties\/can-mas-space-authenticity-and-nature-close-to-lake-banyoles\/\" target=\"_self\">\n                                        <img  data-lazy-load-src=\"https:\/\/moreholiday.es\/wp-content\/uploads\/2026\/04\/53-Can-Mas-Fontcoberta-400x314.jpg\" alt=\"property image\" class=\"img-responsive\" \/><\/a>\n                                    <\/div><div class=\"item lazy-load-item\">\n                                        <a href=\"https:\/\/moreholiday.es\/en\/properties\/can-mas-space-authenticity-and-nature-close-to-lake-banyoles\/\" target=\"_self\">\n                                        <img  data-lazy-load-src=\"https:\/\/moreholiday.es\/wp-content\/uploads\/2026\/04\/54-Can-Mas-Fontcoberta-400x314.jpg\" alt=\"property image\" class=\"img-responsive\" \/><\/a>\n                                    <\/div><div class=\"item lazy-load-item\">\n                                        <a href=\"https:\/\/moreholiday.es\/en\/properties\/can-mas-space-authenticity-and-nature-close-to-lake-banyoles\/\" target=\"_self\">\n                                        <img  data-lazy-load-src=\"https:\/\/moreholiday.es\/wp-content\/uploads\/2026\/04\/56-Can-Mas-Fontcoberta-400x314.jpg\" alt=\"property image\" class=\"img-responsive\" \/><\/a>\n                                    <\/div><div class=\"item lazy-load-item\">\n                                        <a href=\"https:\/\/moreholiday.es\/en\/properties\/can-mas-space-authenticity-and-nature-close-to-lake-banyoles\/\" target=\"_self\">\n                                        <img  data-lazy-load-src=\"https:\/\/moreholiday.es\/wp-content\/uploads\/2026\/04\/57-Can-Mas-Fontcoberta-400x314.jpg\" alt=\"property image\" class=\"img-responsive\" \/><\/a>\n                                    <\/div><div class=\"item lazy-load-item\">\n                                        <a href=\"https:\/\/moreholiday.es\/en\/properties\/can-mas-space-authenticity-and-nature-close-to-lake-banyoles\/\" target=\"_self\">\n                                        <img  data-lazy-load-src=\"https:\/\/moreholiday.es\/wp-content\/uploads\/2026\/04\/59-Can-Mas-Fontcoberta-400x314.jpg\" alt=\"property image\" class=\"img-responsive\" \/><\/a>\n                                    <\/div><div class=\"item lazy-load-item\">\n                                        <a href=\"https:\/\/moreholiday.es\/en\/properties\/can-mas-space-authenticity-and-nature-close-to-lake-banyoles\/\" target=\"_self\">\n                                        <img  data-lazy-load-src=\"https:\/\/moreholiday.es\/wp-content\/uploads\/2026\/04\/62-Can-Mas-Fontcoberta-400x314.jpg\" alt=\"property image\" class=\"img-responsive\" \/><\/a>\n                                    <\/div><div class=\"item lazy-load-item\">\n                                        <a href=\"https:\/\/moreholiday.es\/en\/properties\/can-mas-space-authenticity-and-nature-close-to-lake-banyoles\/\" target=\"_self\">\n                                        <img  data-lazy-load-src=\"https:\/\/moreholiday.es\/wp-content\/uploads\/2026\/04\/63-Can-Mas-Fontcoberta-400x314.jpg\" alt=\"property image\" class=\"img-responsive\" \/><\/a>\n                                    <\/div><div class=\"item lazy-load-item\">\n                                        <a href=\"https:\/\/moreholiday.es\/en\/properties\/can-mas-space-authenticity-and-nature-close-to-lake-banyoles\/\" target=\"_self\">\n                                        <img  data-lazy-load-src=\"https:\/\/moreholiday.es\/wp-content\/uploads\/2026\/04\/65-Can-Mas-Fontcoberta-400x314.jpg\" alt=\"property image\" class=\"img-responsive\" \/><\/a>\n                                    <\/div><div class=\"item lazy-load-item\">\n                                        <a href=\"https:\/\/moreholiday.es\/en\/properties\/can-mas-space-authenticity-and-nature-close-to-lake-banyoles\/\" target=\"_self\">\n                                        <img  data-lazy-load-src=\"https:\/\/moreholiday.es\/wp-content\/uploads\/2026\/04\/67-Can-Mas-Fontcoberta-400x314.jpg\" alt=\"property image\" class=\"img-responsive\" \/><\/a>\n                                    <\/div>\n                    <\/div><a href=\"https:\/\/moreholiday.es\/en\/properties\/can-mas-space-authenticity-and-nature-close-to-lake-banyoles\/\"> <\/a><a class=\"left  carousel-control\" href=\"#property_unit_carousel_69f5de123d749\" data-slide=\"prev\">\n                        <i class=\"icon-left-open-big\"><\/i>\n                    <\/a>\n\n                    <a class=\"right  carousel-control\" href=\"#property_unit_carousel_69f5de123d749\" data-slide=\"next\">\n                        <i class=\"icon-right-open-big\"><\/i>\n                    <\/a><\/div><div class=\"price_unit_wrapper\"> <\/div><div class=\"\" itemprop=\"offers\" itemscope itemtype=\"http:\/\/schema.org\/Offer\"> <link itemprop=\"url\" href=\"https:\/\/moreholiday.es\/en\/properties\/can-mas-space-authenticity-and-nature-close-to-lake-banyoles\/\"\/><meta itemprop=\"priceCurrency\" content=\"EU\" \/><div class=\"price_unit\"><span itemprop=\"price\" content=\"726\">726 \u20ac<span class=\"pernight\"> \/night<\/span><\/div><\/div><\/div>\n\n\n            <div class=\"property_status_wrapper\"><\/div>\n            <div class=\"title-container\">\n\n                <meta itemprop=\"ratingValue\" content=\"0\"\/><div class=rating_placeholder><\/div>\n                <div class=\"category_name\">\n                        <a  itemprop=\"url\"  href=\"https:\/\/moreholiday.es\/en\/properties\/can-mas-space-authenticity-and-nature-close-to-lake-banyoles\/\"  class=\"listing_title_unit\" >\n    \n    \n   <span itemprop=\"name\">\n    Can Mas \u2013 Space, authenticity and nature close to Lake Banyo    <\/span>\n<\/a>\n                    <div class=\"category_tagline actions_icon\">\n                        <a href=\"https:\/\/moreholiday.es\/en\/listings\/cases-rurals-en\/\" rel=\"tag\">Cases rurals<\/a> \/ <a href=\"https:\/\/moreholiday.es\/en\/action\/entire-home-en\/\" rel=\"tag\">Casa sencera<\/a>                    <\/div>\n\n                    <div class=\"category_tagline custom_details\">\n                       <div class=\"custom_listing_data\"><span class=\"custom_listing_data_label\">Hostes:<\/span>20<\/div><div class=\"custom_listing_data\"><i class=\"fas fa-bed\"><\/i>9<\/div><div class=\"custom_listing_data\"><i class=\"fas fa-bath\"><\/i>7<\/div>                    <\/div>\n                <\/div>\n\n\n            <\/div>\n            <\/div>\n<\/div>\n\n<div itemscope itemtype=\"http:\/\/schema.org\/Product\" class=\"listing_wrapper col-md-4 shortcode-col property_unit_v3  property_flex propety_unit_3\" data-org=\"4\" data-listid=\"77890\" >\n    \n    <div class=\"property_listing\" >\n        \n\n            <div class=\"listing-unit-img-wrapper\"><div class=\"property_unit_action\">\n    <span class=\"icon-fav icon-fav-off\" data-original-title=\"add to favorites\" data-postid=\"77890\">\n        <svg viewBox=\"0 0 32 32\" xmlns=\"http:\/\/www.w3.org\/2000\/svg\" aria-hidden=\"true\" role=\"presentation\" focusable=\"false\" \nstyle=\"display: block;  height: 24px; width: 24px; stroke: #fff; stroke-width: 2; overflow: visible;\">\n<path d=\"m16 28c7-4.733 14-10 14-17 0-1.792-.683-3.583-2.05-4.95-1.367-1.366-3.158-2.05-4.95-2.05-1.791 0-3.583.684-4.949 2.05l-2.051 2.051-2.05-2.051c-1.367-1.366-3.158-2.05-4.95-2.05-1.791 0-3.583.684-4.949 2.05-1.367 1.367-2.051 3.158-2.051 4.95 0 7 7 12.267 14 17z\"><\/path>\n<\/svg><\/span>\n    <\/div>\n                <div id=\"property_unit_carousel_69f5de1244fc4\" class=\"carousel property_unit_carousel slide  \" data-ride=\"carousel\" data-interval=\"false\">\n                    <div class=\"carousel-inner\">\n                        <div class=\"item active\">\n                            <a href=\"https:\/\/moreholiday.es\/en\/properties\/can-cardina-detached-house-with-garden-close-to-france\/\" target=\"_self\" ><img decoding=\"async\" itemprop=\"image\" src=\"https:\/\/moreholiday.es\/wp-content\/uploads\/2025\/06\/02-Can-Cardina-Macanet-de-Cabrenys-min-400x314.jpg\"   class=\"b-lazy img-responsive wp-post-image lazy-hidden\" alt=\"CAN CARDINA &#8211; Detached house with garden close to France\" \/><\/a>\n                        <\/div>\n                        <div class=\"item lazy-load-item\">\n                                        <a href=\"https:\/\/moreholiday.es\/en\/properties\/can-cardina-detached-house-with-garden-close-to-france\/\" target=\"_self\">\n                                        <img  data-lazy-load-src=\"https:\/\/moreholiday.es\/wp-content\/uploads\/2025\/06\/01-Can-Cardina-Macanet-de-Cabrenys-min-400x314.jpg\" alt=\"property image\" class=\"img-responsive\" \/><\/a>\n                                    <\/div><div class=\"item lazy-load-item\">\n                                        <a href=\"https:\/\/moreholiday.es\/en\/properties\/can-cardina-detached-house-with-garden-close-to-france\/\" target=\"_self\">\n                                        <img  data-lazy-load-src=\"https:\/\/moreholiday.es\/wp-content\/uploads\/2025\/06\/03-Can-Cardina-Macanet-de-Cabrenys-min-400x314.jpg\" alt=\"property image\" class=\"img-responsive\" \/><\/a>\n                                    <\/div><div class=\"item lazy-load-item\">\n                                        <a href=\"https:\/\/moreholiday.es\/en\/properties\/can-cardina-detached-house-with-garden-close-to-france\/\" target=\"_self\">\n                                        <img  data-lazy-load-src=\"https:\/\/moreholiday.es\/wp-content\/uploads\/2025\/06\/04-Can-Cardina-Macanet-de-Cabrenys-min-400x314.jpg\" alt=\"property image\" class=\"img-responsive\" \/><\/a>\n                                    <\/div><div class=\"item lazy-load-item\">\n                                        <a href=\"https:\/\/moreholiday.es\/en\/properties\/can-cardina-detached-house-with-garden-close-to-france\/\" target=\"_self\">\n                                        <img  data-lazy-load-src=\"https:\/\/moreholiday.es\/wp-content\/uploads\/2025\/06\/05-Can-Cardina-Macanet-de-Cabrenys-min-400x314.jpg\" alt=\"property image\" class=\"img-responsive\" \/><\/a>\n                                    <\/div><div class=\"item lazy-load-item\">\n                                        <a href=\"https:\/\/moreholiday.es\/en\/properties\/can-cardina-detached-house-with-garden-close-to-france\/\" target=\"_self\">\n                                        <img  data-lazy-load-src=\"https:\/\/moreholiday.es\/wp-content\/uploads\/2025\/06\/06-Can-Cardina-Macanet-de-Cabrenys-min-400x314.jpg\" alt=\"property image\" class=\"img-responsive\" \/><\/a>\n                                    <\/div><div class=\"item lazy-load-item\">\n                                        <a href=\"https:\/\/moreholiday.es\/en\/properties\/can-cardina-detached-house-with-garden-close-to-france\/\" target=\"_self\">\n                                        <img  data-lazy-load-src=\"https:\/\/moreholiday.es\/wp-content\/uploads\/2025\/06\/07-Can-Cardina-Macanet-de-Cabrenys-min-400x314.jpg\" alt=\"property image\" class=\"img-responsive\" \/><\/a>\n                                    <\/div><div class=\"item lazy-load-item\">\n                                        <a href=\"https:\/\/moreholiday.es\/en\/properties\/can-cardina-detached-house-with-garden-close-to-france\/\" target=\"_self\">\n                                        <img  data-lazy-load-src=\"https:\/\/moreholiday.es\/wp-content\/uploads\/2025\/06\/08-Can-Cardina-Macanet-de-Cabrenys-min-400x314.jpg\" alt=\"property image\" class=\"img-responsive\" \/><\/a>\n                                    <\/div><div class=\"item lazy-load-item\">\n                                        <a href=\"https:\/\/moreholiday.es\/en\/properties\/can-cardina-detached-house-with-garden-close-to-france\/\" target=\"_self\">\n                                        <img  data-lazy-load-src=\"https:\/\/moreholiday.es\/wp-content\/uploads\/2025\/06\/09-Can-Cardina-Macanet-de-Cabrenys-min-400x314.jpg\" alt=\"property image\" class=\"img-responsive\" \/><\/a>\n                                    <\/div><div class=\"item lazy-load-item\">\n                                        <a href=\"https:\/\/moreholiday.es\/en\/properties\/can-cardina-detached-house-with-garden-close-to-france\/\" target=\"_self\">\n                                        <img  data-lazy-load-src=\"https:\/\/moreholiday.es\/wp-content\/uploads\/2025\/06\/10-Can-Cardina-Macanet-de-Cabrenys-min-400x314.jpg\" alt=\"property image\" class=\"img-responsive\" \/><\/a>\n                                    <\/div><div class=\"item lazy-load-item\">\n                                        <a href=\"https:\/\/moreholiday.es\/en\/properties\/can-cardina-detached-house-with-garden-close-to-france\/\" target=\"_self\">\n                                        <img  data-lazy-load-src=\"https:\/\/moreholiday.es\/wp-content\/uploads\/2025\/06\/11-Can-Cardina-Macanet-de-Cabrenys-min-400x314.jpg\" alt=\"property image\" class=\"img-responsive\" \/><\/a>\n                                    <\/div><div class=\"item lazy-load-item\">\n                                        <a href=\"https:\/\/moreholiday.es\/en\/properties\/can-cardina-detached-house-with-garden-close-to-france\/\" target=\"_self\">\n                                        <img  data-lazy-load-src=\"https:\/\/moreholiday.es\/wp-content\/uploads\/2025\/06\/12-Can-Cardina-Macanet-de-Cabrenys-min-400x314.jpg\" alt=\"property image\" class=\"img-responsive\" \/><\/a>\n                                    <\/div><div class=\"item lazy-load-item\">\n                                        <a href=\"https:\/\/moreholiday.es\/en\/properties\/can-cardina-detached-house-with-garden-close-to-france\/\" target=\"_self\">\n                                        <img  data-lazy-load-src=\"https:\/\/moreholiday.es\/wp-content\/uploads\/2025\/06\/13-Can-Cardina-Macanet-de-Cabrenys-min-400x314.jpg\" alt=\"property image\" class=\"img-responsive\" \/><\/a>\n                                    <\/div><div class=\"item lazy-load-item\">\n                                        <a href=\"https:\/\/moreholiday.es\/en\/properties\/can-cardina-detached-house-with-garden-close-to-france\/\" target=\"_self\">\n                                        <img  data-lazy-load-src=\"https:\/\/moreholiday.es\/wp-content\/uploads\/2025\/06\/14-Can-Cardina-Macanet-de-Cabrenys-min-400x314.jpg\" alt=\"property image\" class=\"img-responsive\" \/><\/a>\n                                    <\/div><div class=\"item lazy-load-item\">\n                                        <a href=\"https:\/\/moreholiday.es\/en\/properties\/can-cardina-detached-house-with-garden-close-to-france\/\" target=\"_self\">\n                                        <img  data-lazy-load-src=\"https:\/\/moreholiday.es\/wp-content\/uploads\/2025\/06\/15-Can-Cardina-Macanet-de-Cabrenys-min-400x314.jpg\" alt=\"property image\" class=\"img-responsive\" \/><\/a>\n                                    <\/div><div class=\"item lazy-load-item\">\n                                        <a href=\"https:\/\/moreholiday.es\/en\/properties\/can-cardina-detached-house-with-garden-close-to-france\/\" target=\"_self\">\n                                        <img  data-lazy-load-src=\"https:\/\/moreholiday.es\/wp-content\/uploads\/2025\/06\/16-Can-Cardina-Macanet-de-Cabrenys-min-400x314.jpg\" alt=\"property image\" class=\"img-responsive\" \/><\/a>\n                                    <\/div><div class=\"item lazy-load-item\">\n                                        <a href=\"https:\/\/moreholiday.es\/en\/properties\/can-cardina-detached-house-with-garden-close-to-france\/\" target=\"_self\">\n                                        <img  data-lazy-load-src=\"https:\/\/moreholiday.es\/wp-content\/uploads\/2025\/06\/17-Can-Cardina-Macanet-de-Cabrenys-min-400x314.jpg\" alt=\"property image\" class=\"img-responsive\" \/><\/a>\n                                    <\/div><div class=\"item lazy-load-item\">\n                                        <a href=\"https:\/\/moreholiday.es\/en\/properties\/can-cardina-detached-house-with-garden-close-to-france\/\" target=\"_self\">\n                                        <img  data-lazy-load-src=\"https:\/\/moreholiday.es\/wp-content\/uploads\/2025\/06\/18-Can-Cardina-Macanet-de-Cabrenys-min-400x314.jpg\" alt=\"property image\" class=\"img-responsive\" \/><\/a>\n                                    <\/div><div class=\"item lazy-load-item\">\n                                        <a href=\"https:\/\/moreholiday.es\/en\/properties\/can-cardina-detached-house-with-garden-close-to-france\/\" target=\"_self\">\n                                        <img  data-lazy-load-src=\"https:\/\/moreholiday.es\/wp-content\/uploads\/2025\/06\/20-Can-Cardina-Macanet-de-Cabrenys-min-400x314.jpg\" alt=\"property image\" class=\"img-responsive\" \/><\/a>\n                                    <\/div><div class=\"item lazy-load-item\">\n                                        <a href=\"https:\/\/moreholiday.es\/en\/properties\/can-cardina-detached-house-with-garden-close-to-france\/\" target=\"_self\">\n                                        <img  data-lazy-load-src=\"https:\/\/moreholiday.es\/wp-content\/uploads\/2025\/06\/21-Can-Cardina-Macanet-de-Cabrenys-min-400x314.jpg\" alt=\"property image\" class=\"img-responsive\" \/><\/a>\n                                    <\/div><div class=\"item lazy-load-item\">\n                                        <a href=\"https:\/\/moreholiday.es\/en\/properties\/can-cardina-detached-house-with-garden-close-to-france\/\" target=\"_self\">\n                                        <img  data-lazy-load-src=\"https:\/\/moreholiday.es\/wp-content\/uploads\/2025\/06\/22-Can-Cardina-Macanet-de-Cabrenys-min-400x314.jpg\" alt=\"property image\" class=\"img-responsive\" \/><\/a>\n                                    <\/div><div class=\"item lazy-load-item\">\n                                        <a href=\"https:\/\/moreholiday.es\/en\/properties\/can-cardina-detached-house-with-garden-close-to-france\/\" target=\"_self\">\n                                        <img  data-lazy-load-src=\"https:\/\/moreholiday.es\/wp-content\/uploads\/2025\/06\/23-Can-Cardina-Macanet-de-Cabrenys-min-400x314.jpg\" alt=\"property image\" class=\"img-responsive\" \/><\/a>\n                                    <\/div><div class=\"item lazy-load-item\">\n                                        <a href=\"https:\/\/moreholiday.es\/en\/properties\/can-cardina-detached-house-with-garden-close-to-france\/\" target=\"_self\">\n                                        <img  data-lazy-load-src=\"https:\/\/moreholiday.es\/wp-content\/uploads\/2025\/06\/24-Can-Cardina-Macanet-de-Cabrenys-min-400x314.jpg\" alt=\"property image\" class=\"img-responsive\" \/><\/a>\n                                    <\/div><div class=\"item lazy-load-item\">\n                                        <a href=\"https:\/\/moreholiday.es\/en\/properties\/can-cardina-detached-house-with-garden-close-to-france\/\" target=\"_self\">\n                                        <img  data-lazy-load-src=\"https:\/\/moreholiday.es\/wp-content\/uploads\/2025\/06\/25-Can-Cardina-Macanet-de-Cabrenys-min-400x314.jpg\" alt=\"property image\" class=\"img-responsive\" \/><\/a>\n                                    <\/div><div class=\"item lazy-load-item\">\n                                        <a href=\"https:\/\/moreholiday.es\/en\/properties\/can-cardina-detached-house-with-garden-close-to-france\/\" target=\"_self\">\n                                        <img  data-lazy-load-src=\"https:\/\/moreholiday.es\/wp-content\/uploads\/2025\/06\/26-Can-Cardina-Macanet-de-Cabrenys-min-400x314.jpg\" alt=\"property image\" class=\"img-responsive\" \/><\/a>\n                                    <\/div><div class=\"item lazy-load-item\">\n                                        <a href=\"https:\/\/moreholiday.es\/en\/properties\/can-cardina-detached-house-with-garden-close-to-france\/\" target=\"_self\">\n                                        <img  data-lazy-load-src=\"https:\/\/moreholiday.es\/wp-content\/uploads\/2025\/06\/27-Can-Cardina-Macanet-de-Cabrenys-min-400x314.jpg\" alt=\"property image\" class=\"img-responsive\" \/><\/a>\n                                    <\/div><div class=\"item lazy-load-item\">\n                                        <a href=\"https:\/\/moreholiday.es\/en\/properties\/can-cardina-detached-house-with-garden-close-to-france\/\" target=\"_self\">\n                                        <img  data-lazy-load-src=\"https:\/\/moreholiday.es\/wp-content\/uploads\/2025\/06\/28-Can-Cardina-Macanet-de-Cabrenys-min-400x314.jpg\" alt=\"property image\" class=\"img-responsive\" \/><\/a>\n                                    <\/div><div class=\"item lazy-load-item\">\n                                        <a href=\"https:\/\/moreholiday.es\/en\/properties\/can-cardina-detached-house-with-garden-close-to-france\/\" target=\"_self\">\n                                        <img  data-lazy-load-src=\"https:\/\/moreholiday.es\/wp-content\/uploads\/2025\/06\/29-Can-Cardina-Macanet-de-Cabrenys-min-400x314.jpg\" alt=\"property image\" class=\"img-responsive\" \/><\/a>\n                                    <\/div><div class=\"item lazy-load-item\">\n                                        <a href=\"https:\/\/moreholiday.es\/en\/properties\/can-cardina-detached-house-with-garden-close-to-france\/\" target=\"_self\">\n                                        <img  data-lazy-load-src=\"https:\/\/moreholiday.es\/wp-content\/uploads\/2025\/06\/30-Can-Cardina-Macanet-de-Cabrenys-min-400x314.jpg\" alt=\"property image\" class=\"img-responsive\" \/><\/a>\n                                    <\/div><div class=\"item lazy-load-item\">\n                                        <a href=\"https:\/\/moreholiday.es\/en\/properties\/can-cardina-detached-house-with-garden-close-to-france\/\" target=\"_self\">\n                                        <img  data-lazy-load-src=\"https:\/\/moreholiday.es\/wp-content\/uploads\/2025\/06\/31-Can-Cardina-Macanet-de-Cabrenys-min-400x314.jpg\" alt=\"property image\" class=\"img-responsive\" \/><\/a>\n                                    <\/div><div class=\"item lazy-load-item\">\n                                        <a href=\"https:\/\/moreholiday.es\/en\/properties\/can-cardina-detached-house-with-garden-close-to-france\/\" target=\"_self\">\n                                        <img  data-lazy-load-src=\"https:\/\/moreholiday.es\/wp-content\/uploads\/2025\/06\/32-Can-Cardina-Macanet-de-Cabrenys-min-400x314.jpg\" alt=\"property image\" class=\"img-responsive\" \/><\/a>\n                                    <\/div><div class=\"item lazy-load-item\">\n                                        <a href=\"https:\/\/moreholiday.es\/en\/properties\/can-cardina-detached-house-with-garden-close-to-france\/\" target=\"_self\">\n                                        <img  data-lazy-load-src=\"https:\/\/moreholiday.es\/wp-content\/uploads\/2025\/06\/33-Can-Cardina-Macanet-de-Cabrenys-min-400x314.jpg\" alt=\"property image\" class=\"img-responsive\" \/><\/a>\n                                    <\/div><div class=\"item lazy-load-item\">\n                                        <a href=\"https:\/\/moreholiday.es\/en\/properties\/can-cardina-detached-house-with-garden-close-to-france\/\" target=\"_self\">\n                                        <img  data-lazy-load-src=\"https:\/\/moreholiday.es\/wp-content\/uploads\/2025\/06\/34-Can-Cardina-Macanet-de-Cabrenys-min-400x314.jpg\" alt=\"property image\" class=\"img-responsive\" \/><\/a>\n                                    <\/div><div class=\"item lazy-load-item\">\n                                        <a href=\"https:\/\/moreholiday.es\/en\/properties\/can-cardina-detached-house-with-garden-close-to-france\/\" target=\"_self\">\n                                        <img  data-lazy-load-src=\"https:\/\/moreholiday.es\/wp-content\/uploads\/2025\/06\/35-Can-Cardina-Macanet-de-Cabrenys-min-400x314.jpg\" alt=\"property image\" class=\"img-responsive\" \/><\/a>\n                                    <\/div><div class=\"item lazy-load-item\">\n                                        <a href=\"https:\/\/moreholiday.es\/en\/properties\/can-cardina-detached-house-with-garden-close-to-france\/\" target=\"_self\">\n                                        <img  data-lazy-load-src=\"https:\/\/moreholiday.es\/wp-content\/uploads\/2025\/06\/36-Can-Cardina-Macanet-de-Cabrenys-min-400x314.jpg\" alt=\"property image\" class=\"img-responsive\" \/><\/a>\n                                    <\/div><div class=\"item lazy-load-item\">\n                                        <a href=\"https:\/\/moreholiday.es\/en\/properties\/can-cardina-detached-house-with-garden-close-to-france\/\" target=\"_self\">\n                                        <img  data-lazy-load-src=\"https:\/\/moreholiday.es\/wp-content\/uploads\/2025\/06\/37-Can-Cardina-Macanet-de-Cabrenys-min-400x314.jpg\" alt=\"property image\" class=\"img-responsive\" \/><\/a>\n                                    <\/div><div class=\"item lazy-load-item\">\n                                        <a href=\"https:\/\/moreholiday.es\/en\/properties\/can-cardina-detached-house-with-garden-close-to-france\/\" target=\"_self\">\n                                        <img  data-lazy-load-src=\"https:\/\/moreholiday.es\/wp-content\/uploads\/2025\/06\/38-Can-Cardina-Macanet-de-Cabrenys-min-400x314.jpg\" alt=\"property image\" class=\"img-responsive\" \/><\/a>\n                                    <\/div><div class=\"item lazy-load-item\">\n                                        <a href=\"https:\/\/moreholiday.es\/en\/properties\/can-cardina-detached-house-with-garden-close-to-france\/\" target=\"_self\">\n                                        <img  data-lazy-load-src=\"https:\/\/moreholiday.es\/wp-content\/uploads\/2025\/06\/39-Can-Cardina-Macanet-de-Cabrenys-min-400x314.jpg\" alt=\"property image\" class=\"img-responsive\" \/><\/a>\n                                    <\/div><div class=\"item lazy-load-item\">\n                                        <a href=\"https:\/\/moreholiday.es\/en\/properties\/can-cardina-detached-house-with-garden-close-to-france\/\" target=\"_self\">\n                                        <img  data-lazy-load-src=\"https:\/\/moreholiday.es\/wp-content\/uploads\/2025\/06\/40-Can-Cardina-Macanet-de-Cabrenys-min-400x314.jpg\" alt=\"property image\" class=\"img-responsive\" \/><\/a>\n                                    <\/div><div class=\"item lazy-load-item\">\n                                        <a href=\"https:\/\/moreholiday.es\/en\/properties\/can-cardina-detached-house-with-garden-close-to-france\/\" target=\"_self\">\n                                        <img  data-lazy-load-src=\"https:\/\/moreholiday.es\/wp-content\/uploads\/2025\/06\/41-Can-Cardina-Macanet-de-Cabrenys-min-400x314.jpg\" alt=\"property image\" class=\"img-responsive\" \/><\/a>\n                                    <\/div><div class=\"item lazy-load-item\">\n                                        <a href=\"https:\/\/moreholiday.es\/en\/properties\/can-cardina-detached-house-with-garden-close-to-france\/\" target=\"_self\">\n                                        <img  data-lazy-load-src=\"https:\/\/moreholiday.es\/wp-content\/uploads\/2025\/06\/42-Can-Cardina-Macanet-de-Cabrenys-min-400x314.jpg\" alt=\"property image\" class=\"img-responsive\" \/><\/a>\n                                    <\/div><div class=\"item lazy-load-item\">\n                                        <a href=\"https:\/\/moreholiday.es\/en\/properties\/can-cardina-detached-house-with-garden-close-to-france\/\" target=\"_self\">\n                                        <img  data-lazy-load-src=\"https:\/\/moreholiday.es\/wp-content\/uploads\/2025\/06\/43-Can-Cardina-Macmet-de-Cabrenys-min-400x314.jpg\" alt=\"property image\" class=\"img-responsive\" \/><\/a>\n                                    <\/div><div class=\"item lazy-load-item\">\n                                        <a href=\"https:\/\/moreholiday.es\/en\/properties\/can-cardina-detached-house-with-garden-close-to-france\/\" target=\"_self\">\n                                        <img  data-lazy-load-src=\"https:\/\/moreholiday.es\/wp-content\/uploads\/2025\/06\/44-Can-Cardina-Macanet-de-Cabrenys-min-400x314.jpg\" alt=\"property image\" class=\"img-responsive\" \/><\/a>\n                                    <\/div><div class=\"item lazy-load-item\">\n                                        <a href=\"https:\/\/moreholiday.es\/en\/properties\/can-cardina-detached-house-with-garden-close-to-france\/\" target=\"_self\">\n                                        <img  data-lazy-load-src=\"https:\/\/moreholiday.es\/wp-content\/uploads\/2025\/06\/Can-Cardina-191229052-400x314.jpg\" alt=\"property image\" class=\"img-responsive\" \/><\/a>\n                                    <\/div>\n                    <\/div><a href=\"https:\/\/moreholiday.es\/en\/properties\/can-cardina-detached-house-with-garden-close-to-france\/\"> <\/a><a class=\"left  carousel-control\" href=\"#property_unit_carousel_69f5de1244fc4\" data-slide=\"prev\">\n                        <i class=\"icon-left-open-big\"><\/i>\n                    <\/a>\n\n                    <a class=\"right  carousel-control\" href=\"#property_unit_carousel_69f5de1244fc4\" data-slide=\"next\">\n                        <i class=\"icon-right-open-big\"><\/i>\n                    <\/a><\/div><div class=\"price_unit_wrapper\"> <\/div><div class=\"\" itemprop=\"offers\" itemscope itemtype=\"http:\/\/schema.org\/Offer\"> <link itemprop=\"url\" href=\"https:\/\/moreholiday.es\/en\/properties\/can-cardina-detached-house-with-garden-close-to-france\/\"\/><meta itemprop=\"priceCurrency\" content=\"EU\" \/><div class=\"price_unit\"><span itemprop=\"price\" content=\"172\">172 \u20ac<span class=\"pernight\"> \/night<\/span><\/div><\/div><\/div>\n\n\n            <div class=\"property_status_wrapper\"><\/div>\n            <div class=\"title-container\">\n\n                <meta itemprop=\"ratingValue\" content=\"0\"\/><div class=rating_placeholder><\/div>\n                <div class=\"category_name\">\n                        <a  itemprop=\"url\"  href=\"https:\/\/moreholiday.es\/en\/properties\/can-cardina-detached-house-with-garden-close-to-france\/\"  class=\"listing_title_unit\" >\n    \n    \n   <span itemprop=\"name\">\n    CAN CARDINA \u2013 Detached house with garden close to France    <\/span>\n<\/a>\n                    <div class=\"category_tagline actions_icon\">\n                        <a href=\"https:\/\/moreholiday.es\/en\/listings\/cases-rurals-en\/\" rel=\"tag\">Cases rurals<\/a> \/ <a href=\"https:\/\/moreholiday.es\/en\/action\/entire-home-en\/\" rel=\"tag\">Casa sencera<\/a>                    <\/div>\n\n                    <div class=\"category_tagline custom_details\">\n                       <div class=\"custom_listing_data\"><span class=\"custom_listing_data_label\">Hostes:<\/span>6<\/div><div class=\"custom_listing_data\"><i class=\"fas fa-bed\"><\/i>3<\/div><div class=\"custom_listing_data\"><i class=\"fas fa-bath\"><\/i>1<\/div>                    <\/div>\n                <\/div>\n\n\n            <\/div>\n            <\/div>\n<\/div>\n<\/div><\/div>\t\t\t\t<\/div>\n\t\t\t\t<\/div>\n\t\t\t\t\t<\/div>\n\t\t<\/div>\n\t\t\t\t\t<\/div>\n\t\t<\/section>\n\t\t\t\t<section class=\"elementor-section elementor-top-section elementor-element elementor-element-4086eb55 elementor-section-stretched elementor-section-boxed elementor-section-height-default elementor-section-height-default\" data-id=\"4086eb55\" data-element_type=\"section\" data-e-type=\"section\" data-settings=\"{&quot;stretch_section&quot;:&quot;section-stretched&quot;,&quot;background_background&quot;:&quot;video&quot;,&quot;background_video_link&quot;:&quot;https:\\\/\\\/www.youtube.com\\\/watch?v=wmqpGCU_K5I&quot;,&quot;background_play_on_mobile&quot;:&quot;yes&quot;,&quot;background_video_end&quot;:0,&quot;background_video_start&quot;:0}\">\n\t\t\t\t\t\t\t\t<div class=\"elementor-background-video-container\">\n\t\t\t\t\t\t\t\t\t\t\t\t\t<div class=\"elementor-background-video-embed\" role=\"presentation\"><\/div>\n\t\t\t\t\t\t\t\t\t\t\t\t<\/div>\n\t\t\t\t\t\t\t\t\t<div class=\"elementor-background-overlay\"><\/div>\n\t\t\t\t\t\t\t<div class=\"elementor-container elementor-column-gap-default\">\n\t\t\t\t\t<div class=\"elementor-column elementor-col-100 elementor-top-column elementor-element elementor-element-5c76a0a\" data-id=\"5c76a0a\" data-element_type=\"column\" data-e-type=\"column\">\n\t\t\t<div class=\"elementor-widget-wrap elementor-element-populated\">\n\t\t\t\t\t\t<div class=\"elementor-element elementor-element-218e092e elementor-invisible elementor-widget elementor-widget-heading\" data-id=\"218e092e\" data-element_type=\"widget\" data-e-type=\"widget\" data-settings=\"{&quot;_animation&quot;:&quot;fadeInUp&quot;,&quot;_animation_delay&quot;:200}\" data-widget_type=\"heading.default\">\n\t\t\t\t<div class=\"elementor-widget-container\">\n\t\t\t\t\t<h2 class=\"elementor-heading-title elementor-size-default\">MH Experience<\/h2>\t\t\t\t<\/div>\n\t\t\t\t<\/div>\n\t\t\t\t<div class=\"elementor-element elementor-element-4d947c0b elementor-invisible elementor-widget elementor-widget-heading\" data-id=\"4d947c0b\" data-element_type=\"widget\" data-e-type=\"widget\" data-settings=\"{&quot;_animation&quot;:&quot;fadeInUp&quot;,&quot;_animation_delay&quot;:200}\" data-widget_type=\"heading.default\">\n\t\t\t\t<div class=\"elementor-widget-container\">\n\t\t\t\t\t<h2 class=\"elementor-heading-title elementor-size-default\">Experience the Costa Brava and Pyrenees with all five senses\n<\/h2>\t\t\t\t<\/div>\n\t\t\t\t<\/div>\n\t\t\t\t<div class=\"elementor-element elementor-element-789916ce elementor-align-center elementor-invisible elementor-widget elementor-widget-button\" data-id=\"789916ce\" data-element_type=\"widget\" data-e-type=\"widget\" data-settings=\"{&quot;_animation&quot;:&quot;fadeInUp&quot;,&quot;_animation_delay&quot;:200}\" data-widget_type=\"button.default\">\n\t\t\t\t<div class=\"elementor-widget-container\">\n\t\t\t\t\t\t\t\t\t<div class=\"elementor-button-wrapper\">\n\t\t\t\t\t<a class=\"elementor-button elementor-button-link elementor-size-md\" href=\"https:\/\/moreholiday.es\/en\/experiencies\/\">\n\t\t\t\t\t\t<span class=\"elementor-button-content-wrapper\">\n\t\t\t\t\t\t\t\t\t<span class=\"elementor-button-text\">Let\u2019s go!<\/span>\n\t\t\t\t\t<\/span>\n\t\t\t\t\t<\/a>\n\t\t\t\t<\/div>\n\t\t\t\t\t\t\t\t<\/div>\n\t\t\t\t<\/div>\n\t\t\t\t\t<\/div>\n\t\t<\/div>\n\t\t\t\t\t<\/div>\n\t\t<\/section>\n\t\t\t\t<section class=\"elementor-section elementor-top-section elementor-element elementor-element-e4026c8 elementor-section-boxed elementor-section-height-default elementor-section-height-default\" data-id=\"e4026c8\" data-element_type=\"section\" data-e-type=\"section\" data-settings=\"{&quot;background_background&quot;:&quot;classic&quot;}\">\n\t\t\t\t\t\t<div class=\"elementor-container elementor-column-gap-default\">\n\t\t\t\t\t<div class=\"elementor-column elementor-col-50 elementor-top-column elementor-element elementor-element-1bdcb13\" data-id=\"1bdcb13\" data-element_type=\"column\" data-e-type=\"column\">\n\t\t\t<div class=\"elementor-widget-wrap elementor-element-populated\">\n\t\t\t\t\t\t<div class=\"elementor-element elementor-element-e5c7431 elementor-widget elementor-widget-heading\" data-id=\"e5c7431\" data-element_type=\"widget\" data-e-type=\"widget\" data-widget_type=\"heading.default\">\n\t\t\t\t<div class=\"elementor-widget-container\">\n\t\t\t\t\t<h2 class=\"elementor-heading-title elementor-size-default\">100% customer satisfaction<\/h2>\t\t\t\t<\/div>\n\t\t\t\t<\/div>\n\t\t\t\t<div class=\"elementor-element elementor-element-7a7666a elementor-widget elementor-widget-text-editor\" data-id=\"7a7666a\" data-element_type=\"widget\" data-e-type=\"widget\" data-widget_type=\"text-editor.default\">\n\t\t\t\t<div class=\"elementor-widget-container\">\n\t\t\t\t\t\t\t\t\t<p>We want you to feel at home<\/p><p>Holidays are for taking a break and having a good time. That\u2019s why at More Holiday we work hard to offer you stays that are 100% satisfactory.<\/p>\t\t\t\t\t\t\t\t<\/div>\n\t\t\t\t<\/div>\n\t\t\t\t\t<\/div>\n\t\t<\/div>\n\t\t\t\t<div class=\"elementor-column elementor-col-50 elementor-top-column elementor-element elementor-element-2ec59e1\" data-id=\"2ec59e1\" data-element_type=\"column\" data-e-type=\"column\">\n\t\t\t<div class=\"elementor-widget-wrap elementor-element-populated\">\n\t\t\t\t\t\t<div class=\"elementor-element elementor-element-a50eedc elementor-arrows-yes elementor-pagination-type-bullets elementor--star-style-star_fontawesome elementor-widget elementor-widget-reviews\" data-id=\"a50eedc\" data-element_type=\"widget\" data-e-type=\"widget\" data-settings=\"{&quot;slides_per_view&quot;:&quot;1&quot;,&quot;show_arrows&quot;:&quot;yes&quot;,&quot;pagination&quot;:&quot;bullets&quot;,&quot;speed&quot;:500,&quot;autoplay&quot;:&quot;yes&quot;,&quot;autoplay_speed&quot;:5000,&quot;loop&quot;:&quot;yes&quot;,&quot;pause_on_hover&quot;:&quot;yes&quot;,&quot;pause_on_interaction&quot;:&quot;yes&quot;,&quot;space_between&quot;:{&quot;unit&quot;:&quot;px&quot;,&quot;size&quot;:10,&quot;sizes&quot;:[]},&quot;space_between_tablet&quot;:{&quot;unit&quot;:&quot;px&quot;,&quot;size&quot;:10,&quot;sizes&quot;:[]},&quot;space_between_mobile&quot;:{&quot;unit&quot;:&quot;px&quot;,&quot;size&quot;:10,&quot;sizes&quot;:[]}}\" data-widget_type=\"reviews.default\">\n\t\t\t\t<div class=\"elementor-widget-container\">\n\t\t\t\t\t\t\t\t\t<div class=\"elementor-swiper\">\n\t\t\t\t\t<div class=\"elementor-main-swiper swiper\" role=\"region\" aria-roledescription=\"carousel\" aria-label=\"Slides\">\n\t\t\t\t<div class=\"swiper-wrapper\">\n\t\t\t\t\t\t\t\t\t\t\t<div class=\"swiper-slide\" role=\"group\" aria-roledescription=\"slide\">\n\t\t\t\t\t\t\t\t\t<div class=\"elementor-testimonial elementor-repeater-item-bdc58c7\">\n\t\t\t\t\t\t\t<div class=\"elementor-testimonial__header\">\n\t\t\t\t\t\t\t\t\t\t<cite class=\"elementor-testimonial__cite\"><span class=\"elementor-testimonial__name\">Laura<\/span><div class=\"elementor-star-rating\"><i class=\"elementor-star-full\">&#xE934;<\/i><i class=\"elementor-star-full\">&#xE934;<\/i><i class=\"elementor-star-full\">&#xE934;<\/i><i class=\"elementor-star-full\">&#xE934;<\/i><i class=\"elementor-star-full\">&#xE934;<\/i><\/div><span class=\"elementor-testimonial__title\">CAL PARENT - Casa \"Nova\" <\/span><\/cite>\t\t\t\t\t<div class=\"elementor-testimonial__icon elementor-icon elementor-icon-\" aria-label=\"Read More\"><\/div>\t\t\t\t<\/div>\n\t\t\t\t\t\t\t\t\t\t<div class=\"elementor-testimonial__content\">\n\t\t\t\t\t<div class=\"elementor-testimonial__text\">\n\t\t\t\t\t\tGran casa per passar un cap de setmana de relax. L'atenci\u00f3 va ser perfecte. Repetirem!\t\t\t\t\t<\/div>\n\t\t\t\t<\/div>\n\t\t\t\t\t<\/div>\n\t\t\t\t\t\t\t\t<\/div>\n\t\t\t\t\t\t\t\t\t\t\t<div class=\"swiper-slide\" role=\"group\" aria-roledescription=\"slide\">\n\t\t\t\t\t\t\t\t\t<div class=\"elementor-testimonial elementor-repeater-item-7c45d9f\">\n\t\t\t\t\t\t\t<div class=\"elementor-testimonial__header\">\n\t\t\t\t\t\t\t\t\t\t<cite class=\"elementor-testimonial__cite\"><span class=\"elementor-testimonial__name\">Toni<\/span><div class=\"elementor-star-rating\"><i class=\"elementor-star-full\">&#xE934;<\/i><i class=\"elementor-star-full\">&#xE934;<\/i><i class=\"elementor-star-full\">&#xE934;<\/i><i class=\"elementor-star-full\">&#xE934;<\/i><i class=\"elementor-star-full\">&#xE934;<\/i><\/div><span class=\"elementor-testimonial__title\">MAS\u00cdA CAN GRAU<\/span><\/cite>\t\t\t\t\t<div class=\"elementor-testimonial__icon elementor-icon elementor-icon-\" aria-label=\"Read More\"><\/div>\t\t\t\t<\/div>\n\t\t\t\t\t\t\t\t\t\t<div class=\"elementor-testimonial__content\">\n\t\t\t\t\t<div class=\"elementor-testimonial__text\">\n\t\t\t\t\t\tLa bonica casa rural de l'Anna i el Ramon es perfecte per passar un cap de setmana relaxat i\nen contacte amb la natura. El tracte amb els amfitrions completa una estada molt agradable.\nL'Anna \u00e9s una bona cuinera i tenen cavalls per fer passejades per la comarca.\t\t\t\t\t<\/div>\n\t\t\t\t<\/div>\n\t\t\t\t\t<\/div>\n\t\t\t\t\t\t\t\t<\/div>\n\t\t\t\t\t\t\t\t\t\t\t<div class=\"swiper-slide\" role=\"group\" aria-roledescription=\"slide\">\n\t\t\t\t\t\t\t\t\t<div class=\"elementor-testimonial elementor-repeater-item-9589238\">\n\t\t\t\t\t\t\t<div class=\"elementor-testimonial__header\">\n\t\t\t\t\t\t\t\t\t\t<cite class=\"elementor-testimonial__cite\"><span class=\"elementor-testimonial__name\">HANA<\/span><div class=\"elementor-star-rating\"><i class=\"elementor-star-full\">&#xE934;<\/i><i class=\"elementor-star-full\">&#xE934;<\/i><i class=\"elementor-star-full\">&#xE934;<\/i><i class=\"elementor-star-full\">&#xE934;<\/i><i class=\"elementor-star-empty\">&#xE934;<\/i><\/div><span class=\"elementor-testimonial__title\">MASIA CAN GRAU<\/span><\/cite>\t\t\t\t\t<div class=\"elementor-testimonial__icon elementor-icon elementor-icon-\" aria-label=\"Read More\"><\/div>\t\t\t\t<\/div>\n\t\t\t\t\t\t\t\t\t\t<div class=\"elementor-testimonial__content\">\n\t\t\t\t\t<div class=\"elementor-testimonial__text\">\n\t\t\t\t\t\tLovely villa close to Girona, Banyoles and Figueres. The room was clean and comfortable, and\nthe other guests were very respectful so we had a quiet and pleasant stay. They\naccommodated our dietary needs and provided useful tips and information when requested.\nThe views were beautiful and the swimming pool helped get refreshed during those hot days.\nWould totally recommend.\t\t\t\t\t<\/div>\n\t\t\t\t<\/div>\n\t\t\t\t\t<\/div>\n\t\t\t\t\t\t\t\t<\/div>\n\t\t\t\t\t\t\t\t\t\t\t<div class=\"swiper-slide\" role=\"group\" aria-roledescription=\"slide\">\n\t\t\t\t\t\t\t\t\t<div class=\"elementor-testimonial elementor-repeater-item-d7a3552\">\n\t\t\t\t\t\t\t<div class=\"elementor-testimonial__header\">\n\t\t\t\t\t\t\t\t\t\t<cite class=\"elementor-testimonial__cite\"><span class=\"elementor-testimonial__name\">Daniel<\/span><div class=\"elementor-star-rating\"><i class=\"elementor-star-full\">&#xE934;<\/i><i class=\"elementor-star-full\">&#xE934;<\/i><i class=\"elementor-star-full\">&#xE934;<\/i><i class=\"elementor-star-full\">&#xE934;<\/i><i class=\"elementor-star-full\">&#xE934;<\/i><\/div><span class=\"elementor-testimonial__title\">CAL PARENT<\/span><\/cite>\t\t\t\t\t<div class=\"elementor-testimonial__icon elementor-icon elementor-icon-\" aria-label=\"Read More\"><\/div>\t\t\t\t<\/div>\n\t\t\t\t\t\t\t\t\t\t<div class=\"elementor-testimonial__content\">\n\t\t\t\t\t<div class=\"elementor-testimonial__text\">\n\t\t\t\t\t\tMagnifica casa para ir en familia todo muy bien cuidado nos ha encantado\t\t\t\t\t<\/div>\n\t\t\t\t<\/div>\n\t\t\t\t\t<\/div>\n\t\t\t\t\t\t\t\t<\/div>\n\t\t\t\t\t\t\t\t\t\t\t<div class=\"swiper-slide\" role=\"group\" aria-roledescription=\"slide\">\n\t\t\t\t\t\t\t\t\t<div class=\"elementor-testimonial elementor-repeater-item-3860f03\">\n\t\t\t\t\t\t\t<div class=\"elementor-testimonial__header\">\n\t\t\t\t\t\t\t\t\t\t<cite class=\"elementor-testimonial__cite\"><span class=\"elementor-testimonial__name\">Alyona<\/span><div class=\"elementor-star-rating\"><i class=\"elementor-star-full\">&#xE934;<\/i><i class=\"elementor-star-full\">&#xE934;<\/i><i class=\"elementor-star-full\">&#xE934;<\/i><i class=\"elementor-star-full\">&#xE934;<\/i><i class=\"elementor-star-full\">&#xE934;<\/i><\/div><span class=\"elementor-testimonial__title\">Apartament \u201cLA TINA\u201d<\/span><\/cite>\t\t\t\t\t<div class=\"elementor-testimonial__icon elementor-icon elementor-icon-\" aria-label=\"Read More\"><\/div>\t\t\t\t<\/div>\n\t\t\t\t\t\t\t\t\t\t<div class=\"elementor-testimonial__content\">\n\t\t\t\t\t<div class=\"elementor-testimonial__text\">\n\t\t\t\t\t\tUn alojamiento ideal para pasar un fin de semana de desconexi\u00f3n con tus amigos rodeado de\nun entorno natural tranquilo. Bastante espacioso en el interior y con aire acondicionado, as\u00ed que\nno pasar\u00e9is calor. Fuera tambi\u00e9n hay mucho espacio, adem\u00e1s del plus de tener la piscina\ncomunitaria justo en frente.\t\t\t\t\t<\/div>\n\t\t\t\t<\/div>\n\t\t\t\t\t<\/div>\n\t\t\t\t\t\t\t\t<\/div>\n\t\t\t\t\t\t\t\t\t\t\t<div class=\"swiper-slide\" role=\"group\" aria-roledescription=\"slide\">\n\t\t\t\t\t\t\t\t\t<div class=\"elementor-testimonial elementor-repeater-item-3ff7240\">\n\t\t\t\t\t\t\t<div class=\"elementor-testimonial__header\">\n\t\t\t\t\t\t\t\t\t\t<cite class=\"elementor-testimonial__cite\"><span class=\"elementor-testimonial__name\">Miguel<\/span><div class=\"elementor-star-rating\"><i class=\"elementor-star-full\">&#xE934;<\/i><i class=\"elementor-star-full\">&#xE934;<\/i><i class=\"elementor-star-full\">&#xE934;<\/i><i class=\"elementor-star-full\">&#xE934;<\/i><i class=\"elementor-star-full\">&#xE934;<\/i><\/div><span class=\"elementor-testimonial__title\">Apartamento \u201cEL REBOST\u201d<\/span><\/cite>\t\t\t\t\t<div class=\"elementor-testimonial__icon elementor-icon elementor-icon-\" aria-label=\"Read More\"><\/div>\t\t\t\t<\/div>\n\t\t\t\t\t\t\t\t\t\t<div class=\"elementor-testimonial__content\">\n\t\t\t\t\t<div class=\"elementor-testimonial__text\">\n\t\t\t\t\t\t\u00a1Estancia muy agradable y relajante - tanto el apartamento como las zonas comunes nos encantaron, el check-in fue f\u00e1cil y la localizaci\u00f3n cerca de Monells es perfecta!\t\t\t\t\t<\/div>\n\t\t\t\t<\/div>\n\t\t\t\t\t<\/div>\n\t\t\t\t\t\t\t\t<\/div>\n\t\t\t\t\t\t\t\t\t\t\t<div class=\"swiper-slide\" role=\"group\" aria-roledescription=\"slide\">\n\t\t\t\t\t\t\t\t\t<div class=\"elementor-testimonial elementor-repeater-item-e70a57b\">\n\t\t\t\t\t\t\t<div class=\"elementor-testimonial__header\">\n\t\t\t\t\t\t\t\t\t\t<cite class=\"elementor-testimonial__cite\"><span class=\"elementor-testimonial__name\">La\u00ebtitia<\/span><div class=\"elementor-star-rating\"><i class=\"elementor-star-full\">&#xE934;<\/i><i class=\"elementor-star-full\">&#xE934;<\/i><i class=\"elementor-star-full\">&#xE934;<\/i><i class=\"elementor-star-full\">&#xE934;<\/i><i class=\"elementor-star-full\">&#xE934;<\/i><\/div><span class=\"elementor-testimonial__title\">CASA N\u00daRIA<\/span><\/cite>\t\t\t\t\t<div class=\"elementor-testimonial__icon elementor-icon elementor-icon-\" aria-label=\"Read More\"><\/div>\t\t\t\t<\/div>\n\t\t\t\t\t\t\t\t\t\t<div class=\"elementor-testimonial__content\">\n\t\t\t\t\t<div class=\"elementor-testimonial__text\">\n\t\t\t\t\t\tNous recommandons ce logement, propre et conforme \u00e0 la description. Emplacement id\u00e9al\npour visiter Girona.\t\t\t\t\t<\/div>\n\t\t\t\t<\/div>\n\t\t\t\t\t<\/div>\n\t\t\t\t\t\t\t\t<\/div>\n\t\t\t\t\t\t\t\t\t\t\t<div class=\"swiper-slide\" role=\"group\" aria-roledescription=\"slide\">\n\t\t\t\t\t\t\t\t\t<div class=\"elementor-testimonial elementor-repeater-item-1e4bd7d\">\n\t\t\t\t\t\t\t<div class=\"elementor-testimonial__header\">\n\t\t\t\t\t\t\t\t\t\t<cite class=\"elementor-testimonial__cite\"><span class=\"elementor-testimonial__name\">Esther<\/span><div class=\"elementor-star-rating\"><i class=\"elementor-star-full\">&#xE934;<\/i><i class=\"elementor-star-full\">&#xE934;<\/i><i class=\"elementor-star-full\">&#xE934;<\/i><i class=\"elementor-star-full\">&#xE934;<\/i><i class=\"elementor-star-full\">&#xE934;<\/i><\/div><span class=\"elementor-testimonial__title\">MAS ROS<\/span><\/cite>\t\t\t\t\t<div class=\"elementor-testimonial__icon elementor-icon elementor-icon-\" aria-label=\"Read More\"><\/div>\t\t\t\t<\/div>\n\t\t\t\t\t\t\t\t\t\t<div class=\"elementor-testimonial__content\">\n\t\t\t\t\t<div class=\"elementor-testimonial__text\">\n\t\t\t\t\t\tNos ha encantado. Han sido 4 d\u00edas de ensue\u00f1o, ideal para familias y amigos con ni\u00f1os. La cocina industrial, las habitaciones con ba\u00f1o propio, el comedor enorme y el jard\u00edn.\n Es una estancia de 10.\t\t\t\t\t<\/div>\n\t\t\t\t<\/div>\n\t\t\t\t\t<\/div>\n\t\t\t\t\t\t\t\t<\/div>\n\t\t\t\t\t\t\t\t\t<\/div>\n\t\t\t\t\t\t\t\t\t\t\t\t\t\t\t<div class=\"elementor-swiper-button elementor-swiper-button-prev\" role=\"button\" tabindex=\"0\" aria-label=\"Previous\">\n\t\t\t\t\t\t\t<svg aria-hidden=\"true\" class=\"e-font-icon-svg e-eicon-chevron-left\" viewBox=\"0 0 1000 1000\" xmlns=\"http:\/\/www.w3.org\/2000\/svg\"><path d=\"M646 125C629 125 613 133 604 142L308 442C296 454 292 471 292 487 292 504 296 521 308 533L604 854C617 867 629 875 646 875 663 875 679 871 692 858 704 846 713 829 713 812 713 796 708 779 692 767L438 487 692 225C700 217 708 204 708 187 708 171 704 154 692 142 675 129 663 125 646 125Z\"><\/path><\/svg>\t\t\t\t\t\t<\/div>\n\t\t\t\t\t\t<div class=\"elementor-swiper-button elementor-swiper-button-next\" role=\"button\" tabindex=\"0\" aria-label=\"Next\">\n\t\t\t\t\t\t\t<svg aria-hidden=\"true\" class=\"e-font-icon-svg e-eicon-chevron-right\" viewBox=\"0 0 1000 1000\" xmlns=\"http:\/\/www.w3.org\/2000\/svg\"><path d=\"M696 533C708 521 713 504 713 487 713 471 708 454 696 446L400 146C388 133 375 125 354 125 338 125 325 129 313 142 300 154 292 171 292 187 292 204 296 221 308 233L563 492 304 771C292 783 288 800 288 817 288 833 296 850 308 863 321 871 338 875 354 875 371 875 388 867 400 854L696 533Z\"><\/path><\/svg>\t\t\t\t\t\t<\/div>\n\t\t\t\t\t\t\t\t\t\t\t\t\t\t\t\t<div class=\"swiper-pagination\"><\/div>\n\t\t\t\t\t\t\t\t\t\t\t\t<\/div>\n\t\t\t\t<\/div>\n\t\t\t\t\t\t\t\t<\/div>\n\t\t\t\t<\/div>\n\t\t\t\t\t<\/div>\n\t\t<\/div>\n\t\t\t\t\t<\/div>\n\t\t<\/section>\n\t\t\t\t<section class=\"elementor-section elementor-top-section elementor-element elementor-element-840b399 elementor-section-stretched elementor-section-boxed elementor-section-height-default elementor-section-height-default\" data-id=\"840b399\" data-element_type=\"section\" data-e-type=\"section\" data-settings=\"{&quot;stretch_section&quot;:&quot;section-stretched&quot;,&quot;background_background&quot;:&quot;gradient&quot;}\">\n\t\t\t\t\t\t<div class=\"elementor-container elementor-column-gap-default\">\n\t\t\t\t\t<div class=\"elementor-column elementor-col-25 elementor-top-column elementor-element elementor-element-cde9113\" data-id=\"cde9113\" data-element_type=\"column\" data-e-type=\"column\">\n\t\t\t<div class=\"elementor-widget-wrap elementor-element-populated\">\n\t\t\t\t\t\t<div class=\"elementor-element elementor-element-44f9c8e elementor-view-stacked elementor-position-inline-start elementor-shape-circle elementor-mobile-position-block-start elementor-widget elementor-widget-icon-box\" data-id=\"44f9c8e\" data-element_type=\"widget\" data-e-type=\"widget\" data-widget_type=\"icon-box.default\">\n\t\t\t\t<div class=\"elementor-widget-container\">\n\t\t\t\t\t\t\t<div class=\"elementor-icon-box-wrapper\">\n\n\t\t\t\t\t\t<div class=\"elementor-icon-box-icon\">\n\t\t\t\t<span  class=\"elementor-icon\">\n\t\t\t\t<svg xmlns=\"http:\/\/www.w3.org\/2000\/svg\" xmlns:xlink=\"http:\/\/www.w3.org\/1999\/xlink\" xmlns:svgjs=\"http:\/\/svgjs.com\/svgjs\" width=\"512\" height=\"512\" x=\"0\" y=\"0\" viewBox=\"0 0 480.48 480.48\" style=\"enable-background:new 0 0 512 512\" xml:space=\"preserve\" class=\"\"><g><g xmlns=\"http:\/\/www.w3.org\/2000\/svg\">\t<g>\t\t<g>\t\t\t<path d=\"M477.128,172.606l-53.68-139.568C413.276,6.654,383.641-6.488,357.257,3.684c-0.383,0.148-0.765,0.3-1.145,0.457     l-268.256,111.2c-25.543,10.478-38.097,39.391-28.312,65.208l7.376,19.688H50c-27.601,0.031-49.969,22.399-50,50v180     c0.031,27.601,22.399,49.969,50,50h340c27.601-0.031,49.969-22.399,50-50v-180c-0.016-2.714-0.257-5.422-0.72-8.096l9.288-3.76     C474.339,227.818,487.005,198.648,477.128,172.606z M50,216.238h340c17.956,0.051,32.768,14.074,33.8,32H16.2     C17.232,230.311,32.044,216.288,50,216.238z M130.408,168.046l53.472-26.744l10.992,27.496L141.4,195.534L130.408,168.046z      M424,430.238c-0.022,18.769-15.231,33.978-34,34H50c-18.769-0.022-33.978-15.231-34-34v-102h408V430.238z M424,312.238H16v-48     h408V312.238z M442.568,223.598l-8.36,3.384c-8.635-16.424-25.652-26.718-44.208-26.744H167.776l40.84-20.424     c3.724-1.859,5.401-6.263,3.856-10.128l-16.968-42.4c-1.641-4.102-6.296-6.098-10.398-4.458c-0.207,0.083-0.41,0.174-0.609,0.274     l-67.832,33.936c-3.721,1.862-5.394,6.265-3.848,10.128l13.232,33.072H84l-9.472-25.264c-6.715-17.738,1.91-37.598,19.456-44.8     l268.248-111.2c17.933-7.436,38.499,1.073,45.936,19.006c0.116,0.279,0.228,0.56,0.336,0.842l53.68,139.568     C468.975,196.285,460.276,216.333,442.568,223.598z\" fill=\"#ffffff\" data-original=\"#000000\" style=\"\" class=\"\"><\/path>\t\t\t<path d=\"M287.775,441.742c14.908,8.661,33.317,8.661,48.225,0c22.922,13.317,52.3,5.53,65.617-17.392s5.53-52.3-17.392-65.617     c-7.357-4.274-15.717-6.516-24.225-6.496c-8.434,0.004-16.716,2.245-24,6.496c-22.922-13.317-52.3-5.531-65.617,17.391     C257.066,399.047,264.853,428.424,287.775,441.742z M349.376,370.19c3.403-1.254,6.997-1.914,10.624-1.952     c17.673,0,32,14.327,32,32c0,17.673-14.327,32-32,32c-3.627-0.038-7.221-0.698-10.624-1.952     C363.54,412.757,363.54,387.718,349.376,370.19z M336,379.294c10.667,11.926,10.667,29.962,0,41.888     C325.333,409.256,325.333,391.219,336,379.294z M312,368.238c3.627,0.037,7.221,0.698,10.624,1.952     c-14.164,17.528-14.164,42.568,0,60.096c-3.403,1.254-6.997,1.914-10.624,1.952c-17.673,0-32-14.327-32-32     C280,382.564,294.327,368.238,312,368.238z\" fill=\"#ffffff\" data-original=\"#000000\" style=\"\" class=\"\"><\/path>\t\t\t\t\t\t\t<rect x=\"370.883\" y=\"113.937\" transform=\"matrix(-0.4062 -0.9138 0.9138 -0.4062 390.4948 565.1589)\" width=\"16\" height=\"83.52\" fill=\"#ffffff\" data-original=\"#000000\" style=\"\" class=\"\"><\/rect>\t\t\t\t\t\t\t<rect x=\"284.256\" y=\"122.262\" transform=\"matrix(0.908 -0.4191 0.4191 0.908 -22.8353 156.5479)\" width=\"121.408\" height=\"15.992\" fill=\"#ffffff\" data-original=\"#000000\" style=\"\" class=\"\"><\/rect>\t\t<\/g>\t<\/g><\/g><g xmlns=\"http:\/\/www.w3.org\/2000\/svg\"><\/g><g xmlns=\"http:\/\/www.w3.org\/2000\/svg\"><\/g><g xmlns=\"http:\/\/www.w3.org\/2000\/svg\"><\/g><g xmlns=\"http:\/\/www.w3.org\/2000\/svg\"><\/g><g xmlns=\"http:\/\/www.w3.org\/2000\/svg\"><\/g><g xmlns=\"http:\/\/www.w3.org\/2000\/svg\"><\/g><g xmlns=\"http:\/\/www.w3.org\/2000\/svg\"><\/g><g xmlns=\"http:\/\/www.w3.org\/2000\/svg\"><\/g><g xmlns=\"http:\/\/www.w3.org\/2000\/svg\"><\/g><g xmlns=\"http:\/\/www.w3.org\/2000\/svg\"><\/g><g xmlns=\"http:\/\/www.w3.org\/2000\/svg\"><\/g><g xmlns=\"http:\/\/www.w3.org\/2000\/svg\"><\/g><g xmlns=\"http:\/\/www.w3.org\/2000\/svg\"><\/g><g xmlns=\"http:\/\/www.w3.org\/2000\/svg\"><\/g><g xmlns=\"http:\/\/www.w3.org\/2000\/svg\"><\/g><\/g><\/svg>\t\t\t\t<\/span>\n\t\t\t<\/div>\n\t\t\t\n\t\t\t\t\t\t<div class=\"elementor-icon-box-content\">\n\n\t\t\t\t\t\t\t\t\t<h3 class=\"elementor-icon-box-title\">\n\t\t\t\t\t\t<span  >\n\t\t\t\t\t\t\tSecure payment platform\t\t\t\t\t\t<\/span>\n\t\t\t\t\t<\/h3>\n\t\t\t\t\n\t\t\t\t\n\t\t\t<\/div>\n\t\t\t\n\t\t<\/div>\n\t\t\t\t\t\t<\/div>\n\t\t\t\t<\/div>\n\t\t\t\t\t<\/div>\n\t\t<\/div>\n\t\t\t\t<div class=\"elementor-column elementor-col-25 elementor-top-column elementor-element elementor-element-90a628b\" data-id=\"90a628b\" data-element_type=\"column\" data-e-type=\"column\">\n\t\t\t<div class=\"elementor-widget-wrap elementor-element-populated\">\n\t\t\t\t\t\t<div class=\"elementor-element elementor-element-2fef3a4 elementor-view-stacked elementor-position-inline-start elementor-shape-circle elementor-mobile-position-block-start elementor-widget elementor-widget-icon-box\" data-id=\"2fef3a4\" data-element_type=\"widget\" data-e-type=\"widget\" data-widget_type=\"icon-box.default\">\n\t\t\t\t<div class=\"elementor-widget-container\">\n\t\t\t\t\t\t\t<div class=\"elementor-icon-box-wrapper\">\n\n\t\t\t\t\t\t<div class=\"elementor-icon-box-icon\">\n\t\t\t\t<span  class=\"elementor-icon\">\n\t\t\t\t<svg xmlns=\"http:\/\/www.w3.org\/2000\/svg\" xmlns:xlink=\"http:\/\/www.w3.org\/1999\/xlink\" xmlns:svgjs=\"http:\/\/svgjs.com\/svgjs\" width=\"512\" height=\"512\" x=\"0\" y=\"0\" viewBox=\"0 0 496 496.01461\" style=\"enable-background:new 0 0 512 512\" xml:space=\"preserve\" class=\"\"><g><path xmlns=\"http:\/\/www.w3.org\/2000\/svg\" d=\"m494.492188 243.308594-37.25-51.386719 6.601562-63.109375c.359375-3.449219-1.539062-6.734375-4.707031-8.144531l-57.980469-25.800781-25.800781-57.984376c-1.417969-3.160156-4.699219-5.054687-8.144531-4.710937l-63.121094 6.597656-51.382813-37.246093c-2.800781-2.03125-6.589843-2.03125-9.390625 0l-51.386718 37.246093-63.117188-6.597656c-3.441406-.328125-6.710938 1.5625-8.144531 4.703125l-25.800781 57.984375-57.984376 25.808594c-3.164062 1.40625-5.0625 4.691406-4.703124 8.136719l6.597656 63.117187-37.246094 51.386719c-2.03125 2.800781-2.03125 6.589844 0 9.390625l37.246094 51.382812-6.597656 63.121094c-.363282 3.445313 1.535156 6.734375 4.703124 8.144531l57.984376 25.800782 25.800781 57.984374c1.425781 3.148438 4.699219 5.042969 8.144531 4.710938l63.117188-6.601562 51.386718 37.25c2.800782 2.03125 6.589844 2.03125 9.390625 0l51.382813-37.25 63.121094 6.601562c3.445312.347656 6.722656-1.546875 8.144531-4.703125l25.800781-57.984375 57.980469-25.808594c3.164062-1.410156 5.0625-4.691406 4.707031-8.136718l-6.601562-63.121094 37.25-51.382813c2.035156-2.800781 2.035156-6.597656 0-9.398437zm-52 53.863281c-1.160157 1.597656-1.6875 3.566406-1.480469 5.527344l6.304687 60.382812-55.480468 24.699219c-1.8125.796875-3.265626 2.242188-4.066407 4.054688l-24.679687 55.480468-60.398438-6.3125c-1.960937-.203125-3.925781.328125-5.519531 1.488282l-49.160156 35.632812-49.167969-35.632812c-1.363281-.996094-3.003906-1.53125-4.6875-1.527344-.28125 0-.5625 0-.800781.039062l-60.402344 6.3125-24.679687-55.480468c-.804688-1.8125-2.25-3.261719-4.0625-4.066407l-55.511719-24.6875 6.304687-60.382812c.203125-1.960938-.324218-3.929688-1.480468-5.527344l-35.632813-49.167969 35.632813-49.167968c1.15625-1.597657 1.683593-3.566407 1.480468-5.527344l-6.304687-60.386719 55.480469-24.695313c1.8125-.796874 3.261718-2.242187 4.0625-4.054687l24.679687-55.480469 60.402344 6.3125c1.957031.195313 3.921875-.335937 5.519531-1.488281l49.167969-35.632813 49.167969 35.632813c1.59375 1.15625 3.558593 1.683594 5.519531 1.488281l60.398437-6.3125 24.679688 55.480469c.804687 1.8125 2.253906 3.257813 4.066406 4.0625l55.480469 24.6875-6.304688 60.386719c-.207031 1.960937.320313 3.929687 1.480469 5.527344l35.628906 49.167968zm0 0\" fill=\"#ffffff\" data-original=\"#000000\" style=\"\"><\/path><path xmlns=\"http:\/\/www.w3.org\/2000\/svg\" d=\"m341.425781 157.308594c-3.125-3.125-8.1875-3.125-11.3125 0l-130.101562 130.101562-39.625-39.550781c-3.121094-3.113281-8.175781-3.113281-11.296875 0l-22.679688 22.542969c-1.503906 1.5-2.351562 3.539062-2.351562 5.664062s.847656 4.164063 2.351562 5.664063l67.921875 67.921875c3.121094 3.121094 8.1875 3.121094 11.3125 0l158.398438-158.402344c3.121093-3.121094 3.121093-8.1875 0-11.3125zm-141.414062 175.382812-56.601563-56.601562 11.3125-11.285156 39.640625 39.558593c3.121094 3.117188 8.179688 3.117188 11.304688 0l130.101562-130.089843 11.328125 11.328124zm0 0\" fill=\"#ffffff\" data-original=\"#000000\" style=\"\"><\/path><\/g><\/svg>\t\t\t\t<\/span>\n\t\t\t<\/div>\n\t\t\t\n\t\t\t\t\t\t<div class=\"elementor-icon-box-content\">\n\n\t\t\t\t\t\t\t\t\t<h3 class=\"elementor-icon-box-title\">\n\t\t\t\t\t\t<span  >\n\t\t\t\t\t\t\tProperties checked\t\t\t\t\t\t<\/span>\n\t\t\t\t\t<\/h3>\n\t\t\t\t\n\t\t\t\t\n\t\t\t<\/div>\n\t\t\t\n\t\t<\/div>\n\t\t\t\t\t\t<\/div>\n\t\t\t\t<\/div>\n\t\t\t\t\t<\/div>\n\t\t<\/div>\n\t\t\t\t<div class=\"elementor-column elementor-col-25 elementor-top-column elementor-element elementor-element-9f9b2ff\" data-id=\"9f9b2ff\" data-element_type=\"column\" data-e-type=\"column\">\n\t\t\t<div class=\"elementor-widget-wrap elementor-element-populated\">\n\t\t\t\t\t\t<div class=\"elementor-element elementor-element-c67f8db elementor-view-stacked elementor-position-inline-start elementor-shape-circle elementor-mobile-position-block-start elementor-widget elementor-widget-icon-box\" data-id=\"c67f8db\" data-element_type=\"widget\" data-e-type=\"widget\" data-widget_type=\"icon-box.default\">\n\t\t\t\t<div class=\"elementor-widget-container\">\n\t\t\t\t\t\t\t<div class=\"elementor-icon-box-wrapper\">\n\n\t\t\t\t\t\t<div class=\"elementor-icon-box-icon\">\n\t\t\t\t<span  class=\"elementor-icon\">\n\t\t\t\t<svg xmlns=\"http:\/\/www.w3.org\/2000\/svg\" xmlns:xlink=\"http:\/\/www.w3.org\/1999\/xlink\" xmlns:svgjs=\"http:\/\/svgjs.com\/svgjs\" width=\"512\" height=\"512\" x=\"0\" y=\"0\" viewBox=\"0 0 496 496\" style=\"enable-background:new 0 0 512 512\" xml:space=\"preserve\"><g><g xmlns=\"http:\/\/www.w3.org\/2000\/svg\">\t<g>\t\t<path d=\"M402.524,432l-18.52-55.568c-6.472-19.4-22.984-33.72-43.112-37.384l-53.464-9.728v-4.144    c9.304-5.4,17.4-12.624,23.848-21.176h16.152c13.232,0,24-10.768,24-24v-96c0-57.344-46.656-104-104-104s-104,46.656-104,104v56    c0,15.424,10.968,28.328,25.512,31.336c4.488,22.992,18.856,42.448,38.488,53.84v4.144l-53.472,9.728    c-20.12,3.664-36.64,17.984-43.104,37.384l-3.2,9.608l-27.248-27.248c-3.12-3.12-3.12-8.2,0-11.32l31.6-31.592l-59.312-59.312    L16.98,292.28c-10.576,10.576-16.4,24.64-16.4,39.6s5.824,29.016,16.4,39.592l108.12,108.12C135.676,490.168,149.74,496,164.7,496    c14.96,0,29.016-5.832,39.344-16.168l38.968-35.704L230.86,432H402.524z M335.428,280c0,4.416-3.592,8-8,8H320.7    c2.32-5.288,4.08-10.864,5.216-16.664c3.424-0.712,6.576-2.072,9.512-3.784V280z M327.428,253.776v-27.552    c4.76,2.776,8,7.88,8,13.776S332.188,251,327.428,253.776z M167.428,253.776c-4.76-2.776-8-7.88-8-13.776s3.24-11,8-13.776    V253.776z M167.428,200v9.136c-2.848,0.744-5.52,1.864-8,3.312V184c0-48.52,39.48-88,88-88s88,39.48,88,88v28.448    c-2.48-1.448-5.152-2.576-8-3.312V200h-8c-23.656,0-45.896-9.216-62.632-25.944l-9.368-9.368l-9.368,9.368    C221.324,190.784,199.084,200,175.428,200H167.428z M183.428,256v-40.304c24.024-1.808,46.424-11.72,64-28.432    c17.576,16.712,39.976,26.632,64,28.432V256c0,11.664-3.184,22.576-8.656,32h-55.344v16h42.192c-11.28,9.928-26.024,16-42.192,16    C212.14,320,183.428,291.288,183.428,256z M271.428,332.312v0.376l-24,24l-24-24v-0.376c7.584,2.384,15.64,3.688,24,3.688    S263.844,334.696,271.428,332.312z M126.02,381.488c4.616-13.856,16.416-24.088,30.792-26.712l55.92-10.16l34.696,34.696    l34.688-34.688l55.912,10.16c14.376,2.624,26.176,12.848,30.792,26.712L380.332,416H214.86l-31.16-31.16l-34.624,31.32    c-3.016,3.032-8.288,3.032-11.312,0l-17.472-17.472L126.02,381.488z M52.684,279.192l36.688,36.688l-8.688,8.688L43.996,287.88    L52.684,279.192z M192.964,468.296c-7.552,7.536-17.6,11.704-28.28,11.704c-10.68,0-20.728-4.168-28.288-11.72L28.276,360.168    c-7.552-7.552-11.712-17.6-11.712-28.28c0-10.688,4.16-20.736,11.712-28.288l4.4-4.4l36.688,36.688l-0.288,0.288    c-9.352,9.36-9.352,24.584,0,33.944l57.368,57.368c4.536,4.528,10.56,7.032,16.976,7.032s12.44-2.496,16.68-6.752l0.6-0.536    l36.856,36.856L192.964,468.296z M209.364,453.256l-36.776-36.776l10.568-9.552l36.712,36.712L209.364,453.256z\" fill=\"#ffffff\" data-original=\"#000000\" style=\"\"><\/path>\t<\/g><\/g><g xmlns=\"http:\/\/www.w3.org\/2000\/svg\">\t<g>\t\t<path d=\"M471.428,0h-112c-13.232,0-24,10.768-24,24v64c0,13.232,10.768,24,24,24h21.368l-8.272,48.248l77.2-48.248h21.704    c13.232,0,24-10.768,24-24V24C495.428,10.768,484.66,0,471.428,0z M479.428,88c0,4.408-3.592,8-8,8h-26.296l-50.808,31.752    L399.772,96h-40.344c-4.408,0-8-3.592-8-8V24c0-4.408,3.592-8,8-8h112c4.408,0,8,3.592,8,8V88z\" fill=\"#ffffff\" data-original=\"#000000\" style=\"\"><\/path>\t<\/g><\/g><g xmlns=\"http:\/\/www.w3.org\/2000\/svg\">\t<g>\t\t<rect x=\"367.428\" y=\"32\" width=\"96\" height=\"16\" fill=\"#ffffff\" data-original=\"#000000\" style=\"\"><\/rect>\t<\/g><\/g><g xmlns=\"http:\/\/www.w3.org\/2000\/svg\">\t<g>\t\t<rect x=\"367.428\" y=\"64\" width=\"64\" height=\"16\" fill=\"#ffffff\" data-original=\"#000000\" style=\"\"><\/rect>\t<\/g><\/g><g xmlns=\"http:\/\/www.w3.org\/2000\/svg\">\t<g>\t\t<rect x=\"447.428\" y=\"64\" width=\"16\" height=\"16\" fill=\"#ffffff\" data-original=\"#000000\" style=\"\"><\/rect>\t<\/g><\/g><g xmlns=\"http:\/\/www.w3.org\/2000\/svg\">\t<g>\t\t<path d=\"M247.428,24C142.9,24,52.86,96.304,29.452,197.16l-15.16-25.272l-13.72,8.232l28.12,46.856l46.856-28.12l-8.232-13.72    l-21.68,13.008C68.308,105.88,151.276,40,247.428,40c21.016,0,41.752,3.12,61.632,9.28L313.796,34    C292.38,27.36,270.052,24,247.428,24z\" fill=\"#ffffff\" data-original=\"#000000\" style=\"\"><\/path>\t<\/g><\/g><g xmlns=\"http:\/\/www.w3.org\/2000\/svg\">\t<g>\t\t<path d=\"M491.54,177.136l-46.856-28.12l-28.112,46.864l13.72,8.232l14-23.336c7.368,21.56,11.136,44.112,11.136,67.224    c0,47.576-16.48,94.088-46.392,130.96l12.424,10.08c32.224-39.712,49.968-89.808,49.968-141.04    c0-24.472-3.944-48.368-11.632-71.248l23.512,14.104L491.54,177.136z\" fill=\"#ffffff\" data-original=\"#000000\" style=\"\"><\/path>\t<\/g><\/g><g xmlns=\"http:\/\/www.w3.org\/2000\/svg\"><\/g><g xmlns=\"http:\/\/www.w3.org\/2000\/svg\"><\/g><g xmlns=\"http:\/\/www.w3.org\/2000\/svg\"><\/g><g xmlns=\"http:\/\/www.w3.org\/2000\/svg\"><\/g><g xmlns=\"http:\/\/www.w3.org\/2000\/svg\"><\/g><g xmlns=\"http:\/\/www.w3.org\/2000\/svg\"><\/g><g xmlns=\"http:\/\/www.w3.org\/2000\/svg\"><\/g><g xmlns=\"http:\/\/www.w3.org\/2000\/svg\"><\/g><g xmlns=\"http:\/\/www.w3.org\/2000\/svg\"><\/g><g xmlns=\"http:\/\/www.w3.org\/2000\/svg\"><\/g><g xmlns=\"http:\/\/www.w3.org\/2000\/svg\"><\/g><g xmlns=\"http:\/\/www.w3.org\/2000\/svg\"><\/g><g xmlns=\"http:\/\/www.w3.org\/2000\/svg\"><\/g><g xmlns=\"http:\/\/www.w3.org\/2000\/svg\"><\/g><g xmlns=\"http:\/\/www.w3.org\/2000\/svg\"><\/g><\/g><\/svg>\t\t\t\t<\/span>\n\t\t\t<\/div>\n\t\t\t\n\t\t\t\t\t\t<div class=\"elementor-icon-box-content\">\n\n\t\t\t\t\t\t\t\t\t<h3 class=\"elementor-icon-box-title\">\n\t\t\t\t\t\t<span  >\n\t\t\t\t\t\t\tPersonalized service\t\t\t\t\t\t<\/span>\n\t\t\t\t\t<\/h3>\n\t\t\t\t\n\t\t\t\t\n\t\t\t<\/div>\n\t\t\t\n\t\t<\/div>\n\t\t\t\t\t\t<\/div>\n\t\t\t\t<\/div>\n\t\t\t\t\t<\/div>\n\t\t<\/div>\n\t\t\t\t<div class=\"elementor-column elementor-col-25 elementor-top-column elementor-element elementor-element-3bda426\" data-id=\"3bda426\" data-element_type=\"column\" data-e-type=\"column\">\n\t\t\t<div class=\"elementor-widget-wrap elementor-element-populated\">\n\t\t\t\t\t\t<div class=\"elementor-element elementor-element-bacfb30 elementor-view-stacked elementor-position-inline-start elementor-shape-circle elementor-mobile-position-block-start elementor-widget elementor-widget-icon-box\" data-id=\"bacfb30\" data-element_type=\"widget\" data-e-type=\"widget\" data-widget_type=\"icon-box.default\">\n\t\t\t\t<div class=\"elementor-widget-container\">\n\t\t\t\t\t\t\t<div class=\"elementor-icon-box-wrapper\">\n\n\t\t\t\t\t\t<div class=\"elementor-icon-box-icon\">\n\t\t\t\t<span  class=\"elementor-icon\">\n\t\t\t\t<svg xmlns=\"http:\/\/www.w3.org\/2000\/svg\" xmlns:xlink=\"http:\/\/www.w3.org\/1999\/xlink\" xmlns:svgjs=\"http:\/\/svgjs.com\/svgjs\" width=\"512\" height=\"512\" x=\"0\" y=\"0\" viewBox=\"0 0 512 512\" style=\"enable-background:new 0 0 512 512\" xml:space=\"preserve\"><g><g xmlns=\"http:\/\/www.w3.org\/2000\/svg\">\t<g>\t\t<path d=\"M250.956,382.77c-4.086-0.848-23.251,2.453-41.515-7.39c-3.649-1.967-8.197-0.602-10.163,3.044    c-1.965,3.647-0.602,8.196,3.044,10.163c1.556,0.838,3.116,1.6,4.679,2.293c-15.304,6.722-27.668,18.856-34.891,36.791    c-6.853-16.778-18.598-29.534-34.906-36.811c16.632-7.422,28.203-20.402,34.906-36.808c1.436,3.544,2.746,6.006,2.796,6.108    c1.882,3.689,6.402,5.153,10.092,3.271c3.69-1.883,5.154-6.401,3.271-10.092c-0.022-0.1-9.103-16.674-8.03-38.733    c0.613-4.135-2.285-8.245-6.704-9.058c-4.022-0.792-8.478,1.759-9.514,6.277c-0.536,2.341,3.344,42.848-26.052,61.642    c-19.137,12.208-40.863,8.414-44.911,9.332c-8.557,1.948-8.55,14.176,0,16.123c3.998,0.901,26.15-2.883,45.293,9.578    c28.428,18.522,25.291,57.953,25.481,59.719c0,9.249,13.217,11.331,16.134,2.307c0.987-3.073-3.164-42.18,24.905-61.4    c18.493-12.672,41.411-9.616,45.399-10.065C259.396,398.036,260.212,384.728,250.956,382.77z\" fill=\"#ffffff\" data-original=\"#000000\" style=\"\"><\/path>\t<\/g><\/g><g xmlns=\"http:\/\/www.w3.org\/2000\/svg\">\t<g>\t\t<path d=\"M503.965,236.428c-13.713-1.523-111.464,12.208-154.185-77.488c-22.458-47.18-16.698-89.951-17.922-95.317    c-1.102-4.824-5.663-7.714-10.024-7.157c-4.973,0.563-8.272,4.681-8.272,8.827v19.464    c-3.389,66.912-33.839,123.872-97.781,143.921c-36.925,11.583-68.981,6.58-74.966,7.889c-9.598,2.178-9.67,15.963,0.102,18.134    c8.368,1.766,71.326-8.434,120.217,32.169c3.188,2.646,7.917,2.207,10.564-0.978c2.646-3.188,2.209-7.916-0.978-10.564    c-16.776-13.932-36.883-23.888-59.891-29.672c60.573-15.257,97.752-58.495,111.983-119.061    c14.112,60.195,50.984,103.816,112.208,118.997c-60.613,15.167-98.306,58.369-112.295,118.769    c-5.208-22.138-13.896-43.327-26.956-61.831c-2.389-3.385-7.069-4.192-10.454-1.804c-3.386,2.389-4.192,7.069-1.804,10.454    c4.604,6.522,8.747,13.629,12.319,21.124c21.189,44.516,17.445,89.806,17.752,94.175c0.791,11.16,18.999,11.722,18.429-2.077    c-1.029-24.872,0.9-109.129,68.956-149.111c45.923-26.952,97.009-19.079,103.828-20.613    C515.073,252.345,513.961,237.55,503.965,236.428z\" fill=\"#ffffff\" data-original=\"#000000\" style=\"\"><\/path>\t<\/g><\/g><g xmlns=\"http:\/\/www.w3.org\/2000\/svg\">\t<g>\t\t<path d=\"M164.308,113.042c-5.079-1.053-45.121,6.036-63.009-30.052c-8.409-16.93-7.825-35.754-7.71-38.114    c0.602-4.085-2.234-8.238-6.711-9.055c-3.997-0.791-8.474,1.745-9.509,6.29c-0.534,2.33,3.343,42.837-26.05,61.631    c-18.466,11.78-40.018,8.737-44.08,9.19c-9.127,1.038-9.865,14.207-0.832,16.264c4.362,0.982,26.045-2.952,45.293,9.578    c20.514,13.364,24.777,37.908,25.482,51.479c0.097,7.756-0.246,8.658,0.363,10.548c1.121,3.469,4.29,5.798,7.884,5.798    c4.126,0.002,7.469-3.049,8.131-6.788c0.458-2.564-1.544-22.068,7.956-40.945c1.862-3.701,0.372-8.21-3.328-10.073    c-3.701-1.864-8.21-0.372-10.073,3.328c-0.948,1.885-1.829,3.84-2.642,5.856c-6.849-16.789-18.595-29.555-34.917-36.841    c16.631-7.425,28.201-20.402,34.904-36.809c6.699,16.527,18.176,29.448,34.878,36.835c-1.637,0.723-3.274,1.52-4.899,2.398    c-3.645,1.971-5,6.522-3.028,10.167c1.971,3.644,6.521,4.999,10.167,3.029c17.704-9.578,37.046-6.973,41.043-7.418    C172.796,128.286,173.492,114.985,164.308,113.042z\" fill=\"#ffffff\" data-original=\"#000000\" style=\"\"><\/path>\t<\/g><\/g><g xmlns=\"http:\/\/www.w3.org\/2000\/svg\"><\/g><g xmlns=\"http:\/\/www.w3.org\/2000\/svg\"><\/g><g xmlns=\"http:\/\/www.w3.org\/2000\/svg\"><\/g><g xmlns=\"http:\/\/www.w3.org\/2000\/svg\"><\/g><g xmlns=\"http:\/\/www.w3.org\/2000\/svg\"><\/g><g xmlns=\"http:\/\/www.w3.org\/2000\/svg\"><\/g><g xmlns=\"http:\/\/www.w3.org\/2000\/svg\"><\/g><g xmlns=\"http:\/\/www.w3.org\/2000\/svg\"><\/g><g xmlns=\"http:\/\/www.w3.org\/2000\/svg\"><\/g><g xmlns=\"http:\/\/www.w3.org\/2000\/svg\"><\/g><g xmlns=\"http:\/\/www.w3.org\/2000\/svg\"><\/g><g xmlns=\"http:\/\/www.w3.org\/2000\/svg\"><\/g><g xmlns=\"http:\/\/www.w3.org\/2000\/svg\"><\/g><g xmlns=\"http:\/\/www.w3.org\/2000\/svg\"><\/g><g xmlns=\"http:\/\/www.w3.org\/2000\/svg\"><\/g><\/g><\/svg>\t\t\t\t<\/span>\n\t\t\t<\/div>\n\t\t\t\n\t\t\t\t\t\t<div class=\"elementor-icon-box-content\">\n\n\t\t\t\t\t\t\t\t\t<h3 class=\"elementor-icon-box-title\">\n\t\t\t\t\t\t<span  >\n\t\t\t\t\t\t\tUnique <br>experiences\t\t\t\t\t\t<\/span>\n\t\t\t\t\t<\/h3>\n\t\t\t\t\n\t\t\t\t\n\t\t\t<\/div>\n\t\t\t\n\t\t<\/div>\n\t\t\t\t\t\t<\/div>\n\t\t\t\t<\/div>\n\t\t\t\t\t<\/div>\n\t\t<\/div>\n\t\t\t\t\t<\/div>\n\t\t<\/section>\n\t\t\t\t<section class=\"elementor-section elementor-top-section elementor-element elementor-element-5e34c4a6 elementor-section-boxed elementor-section-height-default elementor-section-height-default\" data-id=\"5e34c4a6\" data-element_type=\"section\" data-e-type=\"section\">\n\t\t\t\t\t\t<div class=\"elementor-container elementor-column-gap-default\">\n\t\t\t\t\t<div class=\"elementor-column elementor-col-100 elementor-top-column elementor-element elementor-element-15ad6f95\" data-id=\"15ad6f95\" data-element_type=\"column\" data-e-type=\"column\">\n\t\t\t<div class=\"elementor-widget-wrap elementor-element-populated\">\n\t\t\t\t\t\t<div class=\"elementor-element elementor-element-236936d7 elementor-widget elementor-widget-heading\" data-id=\"236936d7\" data-element_type=\"widget\" data-e-type=\"widget\" data-widget_type=\"heading.default\">\n\t\t\t\t<div class=\"elementor-widget-container\">\n\t\t\t\t\t<h2 class=\"elementor-heading-title elementor-size-default\">The More Holiday Guide\n<\/h2>\t\t\t\t<\/div>\n\t\t\t\t<\/div>\n\t\t\t\t<div class=\"elementor-element elementor-element-7b558e21 elementor-widget elementor-widget-heading\" data-id=\"7b558e21\" data-element_type=\"widget\" data-e-type=\"widget\" data-widget_type=\"heading.default\">\n\t\t\t\t<div class=\"elementor-widget-container\">\n\t\t\t\t\t<p class=\"elementor-heading-title elementor-size-default\">Let us show you the secrets of the Costa Brava and Pyrenees\n<\/p>\t\t\t\t<\/div>\n\t\t\t\t<\/div>\n\t\t\t\t\t<\/div>\n\t\t<\/div>\n\t\t\t\t\t<\/div>\n\t\t<\/section>\n\t\t\t\t<section class=\"elementor-section elementor-top-section elementor-element elementor-element-779bee55 elementor-section-boxed elementor-section-height-default elementor-section-height-default\" data-id=\"779bee55\" data-element_type=\"section\" data-e-type=\"section\">\n\t\t\t\t\t\t<div class=\"elementor-container elementor-column-gap-default\">\n\t\t\t\t\t<div class=\"elementor-column elementor-col-100 elementor-top-column elementor-element elementor-element-3215d04c\" data-id=\"3215d04c\" data-element_type=\"column\" data-e-type=\"column\">\n\t\t\t<div class=\"elementor-widget-wrap elementor-element-populated\">\n\t\t\t\t\t\t<div class=\"elementor-element elementor-element-36b671c4 elementor-widget elementor-widget-Wprentals_Recent_Items\" data-id=\"36b671c4\" data-element_type=\"widget\" data-e-type=\"widget\" data-widget_type=\"Wprentals_Recent_Items.default\">\n\t\t\t\t<div class=\"elementor-widget-container\">\n\t\t\t\t\t<div class=\" bottom-post nobutton \" ><div class=\"items_shortcode_wrapper  \"><div class=\"col-md-6 blog_unit_wrapper \">\n    <div class=\"blog_unit_back blog-unit-2\" data-link=\"https:\/\/moreholiday.es\/en\/5-pobles-medievals-de-girona\/\">\n        <div class=\"listing-unit-img-wrapper\"> <img decoding=\"async\" src=\"https:\/\/moreholiday.es\/wp-content\/uploads\/2023\/06\/manuel-torres-garcia-yc5uvH-6yfQ-unsplash-min-400x242.jpg\" class=\" b-lazy img-responsive\" alt=\"Medieval villages in Girona\" ><\/div>          \n        <div class=\"wprentals-blog-unit-content-wrapper\">\n\n            <a itemprop=\"url\"  href=\"https:\/\/moreholiday.es\/en\/5-pobles-medievals-de-girona\/\" class=\"blog-title-link\">\n        <span itemprop=\"name\">Medieval villages in Girona<\/span><\/a>    \n            \n            <div class=\"blog-unit-content\">\n                The Costa Brava and the Pyrenees of Girona offer a great historical and cultural richness, and their charming medieval villages are proof of that. These ...            <\/div>\n            \n            <div class=\"category_tagline\">\n                <span class=\"span_widemeta\"> June 28, 2023<\/span> , \n                <span class=\"span_widemeta span_comments\"><i class=\"far fa-comment\"><\/i> 0<\/span>\n            <\/div>           \n        <\/div>\n    <\/div>    \n<\/div><div class=\"col-md-6 blog_unit_wrapper \">\n    <div class=\"blog_unit_back blog-unit-2\" data-link=\"https:\/\/moreholiday.es\/en\/descubriendo-los-volcanes-de-la-garrotxa\/\">\n        <div class=\"listing-unit-img-wrapper\"> <img decoding=\"async\" src=\"https:\/\/moreholiday.es\/wp-content\/uploads\/2023\/06\/DSC_0263-1280x735-min-min-400x242.jpg\" class=\" b-lazy img-responsive\" alt=\"Discover the Volcanoes of Garrotxa\" ><\/div>          \n        <div class=\"wprentals-blog-unit-content-wrapper\">\n\n            <a itemprop=\"url\"  href=\"https:\/\/moreholiday.es\/en\/descubriendo-los-volcanes-de-la-garrotxa\/\" class=\"blog-title-link\">\n        <span itemprop=\"name\">Discover the Volcanoes of Garrotxa<\/span><\/a>    \n            \n            <div class=\"blog-unit-content\">\n                Are you thinking of taking a getaway to the Natural Park of the Garrotxa Volcanic Zone? If so, this article will serve as a guide ...            <\/div>\n            \n            <div class=\"category_tagline\">\n                <span class=\"span_widemeta\"> June 19, 2023<\/span> , \n                <span class=\"span_widemeta span_comments\"><i class=\"far fa-comment\"><\/i> 0<\/span>\n            <\/div>           \n        <\/div>\n    <\/div>    \n<\/div><div class=\"col-md-6 blog_unit_wrapper \">\n    <div class=\"blog_unit_back blog-unit-2\" data-link=\"https:\/\/moreholiday.es\/en\/flexible-booking\/\">\n        <div class=\"listing-unit-img-wrapper\"> <img decoding=\"async\" src=\"https:\/\/moreholiday.es\/wp-content\/uploads\/2021\/03\/the-family-at-sunset-looking-to-the-future-1-400x242.jpg\" class=\" b-lazy img-responsive\" alt=\"MORE HOLIDAY takes care of you &#8211; flexible booking\" ><\/div>          \n        <div class=\"wprentals-blog-unit-content-wrapper\">\n\n            <a itemprop=\"url\"  href=\"https:\/\/moreholiday.es\/en\/flexible-booking\/\" class=\"blog-title-link\">\n        <span itemprop=\"name\">MORE HOLIDAY takes care of you \u2013 flexible booking<\/span><\/a>    \n            \n            <div class=\"blog-unit-content\">\n                Gaudeix d'estades segures i condicions de reserva flexibles amb More Holiday. ...            <\/div>\n            \n            <div class=\"category_tagline\">\n                <span class=\"span_widemeta\"> February 22, 2021<\/span> , \n                <span class=\"span_widemeta span_comments\"><i class=\"far fa-comment\"><\/i> 0<\/span>\n            <\/div>           \n        <\/div>\n    <\/div>    \n<\/div><\/div><\/div>\t\t\t\t<\/div>\n\t\t\t\t<\/div>\n\t\t\t\t\t<\/div>\n\t\t<\/div>\n\t\t\t\t\t<\/div>\n\t\t<\/section>\n\t\t\t\t<section class=\"elementor-section elementor-top-section elementor-element elementor-element-feb9740 elementor-section-boxed elementor-section-height-default elementor-section-height-default\" data-id=\"feb9740\" data-element_type=\"section\" data-e-type=\"section\">\n\t\t\t\t\t\t<div class=\"elementor-container elementor-column-gap-default\">\n\t\t\t\t\t<div class=\"elementor-column elementor-col-100 elementor-top-column elementor-element elementor-element-d213978\" data-id=\"d213978\" data-element_type=\"column\" data-e-type=\"column\">\n\t\t\t<div class=\"elementor-widget-wrap\">\n\t\t\t\t\t\t\t<\/div>\n\t\t<\/div>\n\t\t\t\t\t<\/div>\n\t\t<\/section>\n\t\t\t\t<section class=\"elementor-section elementor-top-section elementor-element elementor-element-cec09bc elementor-hidden-phone elementor-section-boxed elementor-section-height-default elementor-section-height-default\" data-id=\"cec09bc\" data-element_type=\"section\" data-e-type=\"section\" data-settings=\"{&quot;background_background&quot;:&quot;classic&quot;}\">\n\t\t\t\t\t\t<div class=\"elementor-container elementor-column-gap-default\">\n\t\t\t\t\t<div class=\"elementor-column elementor-col-33 elementor-top-column elementor-element elementor-element-7e5e59c\" data-id=\"7e5e59c\" data-element_type=\"column\" data-e-type=\"column\">\n\t\t\t<div class=\"elementor-widget-wrap\">\n\t\t\t\t\t\t\t<\/div>\n\t\t<\/div>\n\t\t\t\t<div class=\"elementor-column elementor-col-33 elementor-top-column elementor-element elementor-element-c81b930\" data-id=\"c81b930\" data-element_type=\"column\" data-e-type=\"column\">\n\t\t\t<div class=\"elementor-widget-wrap elementor-element-populated\">\n\t\t\t\t\t\t<div class=\"elementor-element elementor-element-52ab462 elementor-widget elementor-widget-spacer\" data-id=\"52ab462\" data-element_type=\"widget\" data-e-type=\"widget\" data-widget_type=\"spacer.default\">\n\t\t\t\t<div class=\"elementor-widget-container\">\n\t\t\t\t\t\t\t<div class=\"elementor-spacer\">\n\t\t\t<div class=\"elementor-spacer-inner\"><\/div>\n\t\t<\/div>\n\t\t\t\t\t\t<\/div>\n\t\t\t\t<\/div>\n\t\t\t\t<div class=\"elementor-element elementor-element-0afb8c5 elementor-widget elementor-widget-heading\" data-id=\"0afb8c5\" data-element_type=\"widget\" data-e-type=\"widget\" data-widget_type=\"heading.default\">\n\t\t\t\t<div class=\"elementor-widget-container\">\n\t\t\t\t\t<h2 class=\"elementor-heading-title elementor-size-default\">Subscribe to the MH newsletter<\/h2>\t\t\t\t<\/div>\n\t\t\t\t<\/div>\n\t\t\t\t<div class=\"elementor-element elementor-element-cae482c elementor-widget elementor-widget-text-editor\" data-id=\"cae482c\" data-element_type=\"widget\" data-e-type=\"widget\" data-widget_type=\"text-editor.default\">\n\t\t\t\t<div class=\"elementor-widget-container\">\n\t\t\t\t\t\t\t\t\t<p>We will discover unique plans, getaway proposals and special promotions for MH subscribers.<\/p>\t\t\t\t\t\t\t\t<\/div>\n\t\t\t\t<\/div>\n\t\t\t\t<div class=\"elementor-element elementor-element-2bd574e elementor-widget elementor-widget-shortcode\" data-id=\"2bd574e\" data-element_type=\"widget\" data-e-type=\"widget\" data-widget_type=\"shortcode.default\">\n\t\t\t\t<div class=\"elementor-widget-container\">\n\t\t\t\t\t\t\t<div class=\"elementor-shortcode\">\n<div class=\"wpcf7 no-js\" id=\"wpcf7-f48243-o1\" lang=\"ca\" dir=\"ltr\" data-wpcf7-id=\"48243\">\n<div class=\"screen-reader-response\"><p role=\"status\" aria-live=\"polite\" aria-atomic=\"true\"><\/p> <ul><\/ul><\/div>\n<form action=\"\/en\/wp-json\/wp\/v2\/pages\/41313#wpcf7-f48243-o1\" method=\"post\" class=\"wpcf7-form init\" aria-label=\"Formulari de contacte\" novalidate=\"novalidate\" data-status=\"init\">\n<fieldset class=\"hidden-fields-container\"><input type=\"hidden\" name=\"_wpcf7\" value=\"48243\" \/><input type=\"hidden\" name=\"_wpcf7_version\" value=\"6.1.5\" \/><input type=\"hidden\" name=\"_wpcf7_locale\" value=\"ca\" \/><input type=\"hidden\" name=\"_wpcf7_unit_tag\" value=\"wpcf7-f48243-o1\" \/><input type=\"hidden\" name=\"_wpcf7_container_post\" value=\"0\" \/><input type=\"hidden\" name=\"_wpcf7_posted_data_hash\" value=\"\" \/><input type=\"hidden\" name=\"_wpcf7_recaptcha_response\" value=\"\" \/>\n<\/fieldset>\n<p><label> First Name<br \/>\n<span class=\"wpcf7-form-control-wrap\" data-name=\"your-name\"><input size=\"40\" maxlength=\"400\" class=\"wpcf7-form-control wpcf7-text wpcf7-validates-as-required\" aria-required=\"true\" aria-invalid=\"false\" value=\"\" type=\"text\" name=\"your-name\" \/><\/span> <\/label>\n<\/p>\n<p><label> Email<br \/>\n<span class=\"wpcf7-form-control-wrap\" data-name=\"your-email\"><input size=\"40\" maxlength=\"400\" class=\"wpcf7-form-control wpcf7-email wpcf7-validates-as-required wpcf7-text wpcf7-validates-as-email\" aria-required=\"true\" aria-invalid=\"false\" value=\"\" type=\"email\" name=\"your-email\" \/><\/span> <\/label>\n<\/p>\n<div class=\"field field-grpd\">\n\t<p><span class=\"wpcf7-form-control-wrap\" data-name=\"field-grpd\"><span class=\"wpcf7-form-control wpcf7-acceptance\"><span class=\"wpcf7-list-item\"><label><input type=\"checkbox\" name=\"field-grpd\" value=\"1\" aria-invalid=\"false\" \/><span class=\"wpcf7-list-item-label\">I accept <a href=\"\/politica-privacitat\/\" target=\"_blank\">the privacy policy<\/a>.<\/span><\/label><\/span><\/span><\/span>\n\t<\/p>\n<\/div>\n<p><input class=\"wpcf7-form-control wpcf7-submit has-spinner\" type=\"submit\" value=\"Send\" \/>\n<\/p><div class=\"wpcf7-response-output\" aria-hidden=\"true\"><\/div>\n<\/form>\n<\/div>\n<\/div>\n\t\t\t\t\t\t<\/div>\n\t\t\t\t<\/div>\n\t\t\t\t<div class=\"elementor-element elementor-element-ca822bc elementor-widget elementor-widget-spacer\" data-id=\"ca822bc\" data-element_type=\"widget\" data-e-type=\"widget\" data-widget_type=\"spacer.default\">\n\t\t\t\t<div class=\"elementor-widget-container\">\n\t\t\t\t\t\t\t<div class=\"elementor-spacer\">\n\t\t\t<div class=\"elementor-spacer-inner\"><\/div>\n\t\t<\/div>\n\t\t\t\t\t\t<\/div>\n\t\t\t\t<\/div>\n\t\t\t\t\t<\/div>\n\t\t<\/div>\n\t\t\t\t<div class=\"elementor-column elementor-col-33 elementor-top-column elementor-element elementor-element-4b0b8f5\" data-id=\"4b0b8f5\" data-element_type=\"column\" data-e-type=\"column\">\n\t\t\t<div class=\"elementor-widget-wrap\">\n\t\t\t\t\t\t\t<\/div>\n\t\t<\/div>\n\t\t\t\t\t<\/div>\n\t\t<\/section>\n\t\t\t\t<section class=\"elementor-section elementor-top-section elementor-element elementor-element-03327ad elementor-section-boxed elementor-section-height-default elementor-section-height-default\" data-id=\"03327ad\" data-element_type=\"section\" data-e-type=\"section\">\n\t\t\t\t\t\t<div class=\"elementor-container elementor-column-gap-default\">\n\t\t\t\t\t<div class=\"elementor-column elementor-col-100 elementor-top-column elementor-element elementor-element-9e66689\" data-id=\"9e66689\" data-element_type=\"column\" data-e-type=\"column\">\n\t\t\t<div class=\"elementor-widget-wrap elementor-element-populated\">\n\t\t\t\t\t\t<div class=\"elementor-element elementor-element-2cfd840 elementor-widget elementor-widget-spacer\" data-id=\"2cfd840\" data-element_type=\"widget\" data-e-type=\"widget\" data-widget_type=\"spacer.default\">\n\t\t\t\t<div class=\"elementor-widget-container\">\n\t\t\t\t\t\t\t<div class=\"elementor-spacer\">\n\t\t\t<div class=\"elementor-spacer-inner\"><\/div>\n\t\t<\/div>\n\t\t\t\t\t\t<\/div>\n\t\t\t\t<\/div>\n\t\t\t\t\t<\/div>\n\t\t<\/div>\n\t\t\t\t\t<\/div>\n\t\t<\/section>\n\t\t\t\t<\/div>\n\t\t","protected":false},"excerpt":{"rendered":"<p>Discover our holiday homes Our story begins in the Pla de l\u2019Estany region. Today, we have holiday homes all over the Province of Girona. Each place has its own identity and at More Holiday we do our best to make sure you have a truly enjoyable stay. Villas Rural houses &#038; apartments Rural bedrooms Tourist &#8230;<\/p>\n","protected":false},"author":2,"featured_media":0,"parent":0,"menu_order":0,"comment_status":"closed","ping_status":"closed","template":"","meta":{"_acf_changed":false,"footnotes":""},"class_list":["post-41313","page","type-page","status-publish","hentry"],"acf":[],"yoast_head":"<!-- This site is optimized with the Yoast SEO plugin v27.3 - https:\/\/yoast.com\/product\/yoast-seo-wordpress\/ -->\n<title>Holiday homes with character I Costa Brava &amp; Pyrenees I More Holiday<\/title>\n<meta name=\"description\" content=\"Holiday homes with character in Girona, Costa Brava and Pyrenees I Escape with More Holiday and have a great stay. Are you going to miss it?\" \/>\n<meta name=\"robots\" content=\"index, follow, max-snippet:-1, max-image-preview:large, max-video-preview:-1\" \/>\n<link rel=\"canonical\" href=\"https:\/\/moreholiday.es\/en\/more-holiday\/\" \/>\n<meta property=\"og:locale\" content=\"en_US\" \/>\n<meta property=\"og:type\" content=\"article\" \/>\n<meta property=\"og:title\" content=\"Holiday homes with character I Costa Brava &amp; Pyrenees I More Holiday\" \/>\n<meta property=\"og:description\" content=\"Holiday homes with character in Girona, Costa Brava and Pyrenees I Escape with More Holiday and have a great stay. Are you going to miss it?\" \/>\n<meta property=\"og:url\" content=\"https:\/\/moreholiday.es\/en\/more-holiday\/\" \/>\n<meta property=\"og:site_name\" content=\"More Holiday\" \/>\n<meta property=\"article:modified_time\" content=\"2023-05-02T13:38:07+00:00\" \/>\n<meta property=\"og:image\" content=\"http:\/\/moreholiday.es\/wp-content\/uploads\/2022\/09\/01-Sep22-MasGoyFornells-5-400x314.jpg\" \/>\n<meta name=\"twitter:card\" content=\"summary_large_image\" \/>\n<meta name=\"twitter:label1\" content=\"Est. reading time\" \/>\n\t<meta name=\"twitter:data1\" content=\"46 minutes\" \/>\n<script type=\"application\/ld+json\" class=\"yoast-schema-graph\">{\"@context\":\"https:\\\/\\\/schema.org\",\"@graph\":[{\"@type\":\"WebPage\",\"@id\":\"https:\\\/\\\/moreholiday.es\\\/en\\\/more-holiday\\\/\",\"url\":\"https:\\\/\\\/moreholiday.es\\\/en\\\/more-holiday\\\/\",\"name\":\"Holiday homes with character I Costa Brava & Pyrenees I More Holiday\",\"isPartOf\":{\"@id\":\"https:\\\/\\\/moreholiday.es\\\/#website\"},\"primaryImageOfPage\":{\"@id\":\"https:\\\/\\\/moreholiday.es\\\/en\\\/more-holiday\\\/#primaryimage\"},\"image\":{\"@id\":\"https:\\\/\\\/moreholiday.es\\\/en\\\/more-holiday\\\/#primaryimage\"},\"thumbnailUrl\":\"http:\\\/\\\/moreholiday.es\\\/wp-content\\\/uploads\\\/2022\\\/09\\\/01-Sep22-MasGoyFornells-5-400x314.jpg\",\"datePublished\":\"2019-08-07T09:58:39+00:00\",\"dateModified\":\"2023-05-02T13:38:07+00:00\",\"description\":\"Holiday homes with character in Girona, Costa Brava and Pyrenees I Escape with More Holiday and have a great stay. Are you going to miss it?\",\"breadcrumb\":{\"@id\":\"https:\\\/\\\/moreholiday.es\\\/en\\\/more-holiday\\\/#breadcrumb\"},\"inLanguage\":\"en-US\",\"potentialAction\":[{\"@type\":\"ReadAction\",\"target\":[\"https:\\\/\\\/moreholiday.es\\\/en\\\/more-holiday\\\/\"]}]},{\"@type\":\"ImageObject\",\"inLanguage\":\"en-US\",\"@id\":\"https:\\\/\\\/moreholiday.es\\\/en\\\/more-holiday\\\/#primaryimage\",\"url\":\"http:\\\/\\\/moreholiday.es\\\/wp-content\\\/uploads\\\/2022\\\/09\\\/01-Sep22-MasGoyFornells-5-400x314.jpg\",\"contentUrl\":\"http:\\\/\\\/moreholiday.es\\\/wp-content\\\/uploads\\\/2022\\\/09\\\/01-Sep22-MasGoyFornells-5-400x314.jpg\"},{\"@type\":\"BreadcrumbList\",\"@id\":\"https:\\\/\\\/moreholiday.es\\\/en\\\/more-holiday\\\/#breadcrumb\",\"itemListElement\":[{\"@type\":\"ListItem\",\"position\":1,\"name\":\"Home\",\"item\":\"https:\\\/\\\/moreholiday.es\\\/en\\\/\"},{\"@type\":\"ListItem\",\"position\":2,\"name\":\"MoreHoliday\"}]},{\"@type\":\"WebSite\",\"@id\":\"https:\\\/\\\/moreholiday.es\\\/#website\",\"url\":\"https:\\\/\\\/moreholiday.es\\\/\",\"name\":\"More Holiday\",\"description\":\"Allotjaments per a les eves vacances\",\"publisher\":{\"@id\":\"https:\\\/\\\/moreholiday.es\\\/#organization\"},\"potentialAction\":[{\"@type\":\"SearchAction\",\"target\":{\"@type\":\"EntryPoint\",\"urlTemplate\":\"https:\\\/\\\/moreholiday.es\\\/?s={search_term_string}\"},\"query-input\":{\"@type\":\"PropertyValueSpecification\",\"valueRequired\":true,\"valueName\":\"search_term_string\"}}],\"inLanguage\":\"en-US\"},{\"@type\":\"Organization\",\"@id\":\"https:\\\/\\\/moreholiday.es\\\/#organization\",\"name\":\"More Holiday\",\"url\":\"https:\\\/\\\/moreholiday.es\\\/\",\"logo\":{\"@type\":\"ImageObject\",\"inLanguage\":\"en-US\",\"@id\":\"https:\\\/\\\/moreholiday.es\\\/#\\\/schema\\\/logo\\\/image\\\/\",\"url\":\"https:\\\/\\\/moreholiday.es\\\/wp-content\\\/uploads\\\/2021\\\/03\\\/MH-logo-2-linies_Mesa-de-trabajo-1-1.png\",\"contentUrl\":\"https:\\\/\\\/moreholiday.es\\\/wp-content\\\/uploads\\\/2021\\\/03\\\/MH-logo-2-linies_Mesa-de-trabajo-1-1.png\",\"width\":1576,\"height\":626,\"caption\":\"More Holiday\"},\"image\":{\"@id\":\"https:\\\/\\\/moreholiday.es\\\/#\\\/schema\\\/logo\\\/image\\\/\"}}]}<\/script>\n<!-- \/ Yoast SEO plugin. -->","yoast_head_json":{"title":"Holiday homes with character I Costa Brava & Pyrenees I More Holiday","description":"Holiday homes with character in Girona, Costa Brava and Pyrenees I Escape with More Holiday and have a great stay. Are you going to miss it?","robots":{"index":"index","follow":"follow","max-snippet":"max-snippet:-1","max-image-preview":"max-image-preview:large","max-video-preview":"max-video-preview:-1"},"canonical":"https:\/\/moreholiday.es\/en\/more-holiday\/","og_locale":"en_US","og_type":"article","og_title":"Holiday homes with character I Costa Brava & Pyrenees I More Holiday","og_description":"Holiday homes with character in Girona, Costa Brava and Pyrenees I Escape with More Holiday and have a great stay. Are you going to miss it?","og_url":"https:\/\/moreholiday.es\/en\/more-holiday\/","og_site_name":"More Holiday","article_modified_time":"2023-05-02T13:38:07+00:00","og_image":[{"url":"http:\/\/moreholiday.es\/wp-content\/uploads\/2022\/09\/01-Sep22-MasGoyFornells-5-400x314.jpg","type":"","width":"","height":""}],"twitter_card":"summary_large_image","twitter_misc":{"Est. reading time":"46 minutes"},"schema":{"@context":"https:\/\/schema.org","@graph":[{"@type":"WebPage","@id":"https:\/\/moreholiday.es\/en\/more-holiday\/","url":"https:\/\/moreholiday.es\/en\/more-holiday\/","name":"Holiday homes with character I Costa Brava & Pyrenees I More Holiday","isPartOf":{"@id":"https:\/\/moreholiday.es\/#website"},"primaryImageOfPage":{"@id":"https:\/\/moreholiday.es\/en\/more-holiday\/#primaryimage"},"image":{"@id":"https:\/\/moreholiday.es\/en\/more-holiday\/#primaryimage"},"thumbnailUrl":"http:\/\/moreholiday.es\/wp-content\/uploads\/2022\/09\/01-Sep22-MasGoyFornells-5-400x314.jpg","datePublished":"2019-08-07T09:58:39+00:00","dateModified":"2023-05-02T13:38:07+00:00","description":"Holiday homes with character in Girona, Costa Brava and Pyrenees I Escape with More Holiday and have a great stay. Are you going to miss it?","breadcrumb":{"@id":"https:\/\/moreholiday.es\/en\/more-holiday\/#breadcrumb"},"inLanguage":"en-US","potentialAction":[{"@type":"ReadAction","target":["https:\/\/moreholiday.es\/en\/more-holiday\/"]}]},{"@type":"ImageObject","inLanguage":"en-US","@id":"https:\/\/moreholiday.es\/en\/more-holiday\/#primaryimage","url":"http:\/\/moreholiday.es\/wp-content\/uploads\/2022\/09\/01-Sep22-MasGoyFornells-5-400x314.jpg","contentUrl":"http:\/\/moreholiday.es\/wp-content\/uploads\/2022\/09\/01-Sep22-MasGoyFornells-5-400x314.jpg"},{"@type":"BreadcrumbList","@id":"https:\/\/moreholiday.es\/en\/more-holiday\/#breadcrumb","itemListElement":[{"@type":"ListItem","position":1,"name":"Home","item":"https:\/\/moreholiday.es\/en\/"},{"@type":"ListItem","position":2,"name":"MoreHoliday"}]},{"@type":"WebSite","@id":"https:\/\/moreholiday.es\/#website","url":"https:\/\/moreholiday.es\/","name":"More Holiday","description":"Allotjaments per a les eves vacances","publisher":{"@id":"https:\/\/moreholiday.es\/#organization"},"potentialAction":[{"@type":"SearchAction","target":{"@type":"EntryPoint","urlTemplate":"https:\/\/moreholiday.es\/?s={search_term_string}"},"query-input":{"@type":"PropertyValueSpecification","valueRequired":true,"valueName":"search_term_string"}}],"inLanguage":"en-US"},{"@type":"Organization","@id":"https:\/\/moreholiday.es\/#organization","name":"More Holiday","url":"https:\/\/moreholiday.es\/","logo":{"@type":"ImageObject","inLanguage":"en-US","@id":"https:\/\/moreholiday.es\/#\/schema\/logo\/image\/","url":"https:\/\/moreholiday.es\/wp-content\/uploads\/2021\/03\/MH-logo-2-linies_Mesa-de-trabajo-1-1.png","contentUrl":"https:\/\/moreholiday.es\/wp-content\/uploads\/2021\/03\/MH-logo-2-linies_Mesa-de-trabajo-1-1.png","width":1576,"height":626,"caption":"More Holiday"},"image":{"@id":"https:\/\/moreholiday.es\/#\/schema\/logo\/image\/"}}]}},"_links":{"self":[{"href":"https:\/\/moreholiday.es\/en\/wp-json\/wp\/v2\/pages\/41313","targetHints":{"allow":["GET"]}}],"collection":[{"href":"https:\/\/moreholiday.es\/en\/wp-json\/wp\/v2\/pages"}],"about":[{"href":"https:\/\/moreholiday.es\/en\/wp-json\/wp\/v2\/types\/page"}],"author":[{"embeddable":true,"href":"https:\/\/moreholiday.es\/en\/wp-json\/wp\/v2\/users\/2"}],"replies":[{"embeddable":true,"href":"https:\/\/moreholiday.es\/en\/wp-json\/wp\/v2\/comments?post=41313"}],"version-history":[{"count":55,"href":"https:\/\/moreholiday.es\/en\/wp-json\/wp\/v2\/pages\/41313\/revisions"}],"predecessor-version":[{"id":57097,"href":"https:\/\/moreholiday.es\/en\/wp-json\/wp\/v2\/pages\/41313\/revisions\/57097"}],"wp:attachment":[{"href":"https:\/\/moreholiday.es\/en\/wp-json\/wp\/v2\/media?parent=41313"}],"curies":[{"name":"wp","href":"https:\/\/api.w.org\/{rel}","templated":true}]}}